{"id":930,"date":"2022-11-03T12:55:29","date_gmt":"2022-11-03T11:55:29","guid":{"rendered":"https:\/\/www.laurent-cuniot.com\/?page_id=930"},"modified":"2023-01-25T15:16:51","modified_gmt":"2023-01-25T14:16:51","slug":"projects-discography","status":"publish","type":"page","link":"https:\/\/www.laurent-cuniot.com\/en\/projects-discography\/","title":{"rendered":"Projects &#038; discography"},"content":{"rendered":"<p>[et_pb_section fb_built=&#8221;1&#8243; _builder_version=&#8221;4.18.0&#8243; _module_preset=&#8221;default&#8221; custom_padding=&#8221;20px||||false|false&#8221; animation_style=&#8221;fade&#8221; global_colors_info=&#8221;{}&#8221;][et_pb_row _builder_version=&#8221;4.18.0&#8243; _module_preset=&#8221;default&#8221; global_colors_info=&#8221;{}&#8221;][et_pb_column type=&#8221;4_4&#8243; _builder_version=&#8221;4.18.0&#8243; _module_preset=&#8221;default&#8221; global_colors_info=&#8221;{}&#8221;][et_pb_text _builder_version=&#8221;4.18.0&#8243; _module_preset=&#8221;default&#8221; global_colors_info=&#8221;{}&#8221;]<\/p>\n<h1>Projects<\/h1>\n<p>[\/et_pb_text][\/et_pb_column][\/et_pb_row][et_pb_row _builder_version=&#8221;4.18.0&#8243; _module_preset=&#8221;default&#8221; global_colors_info=&#8221;{}&#8221;][et_pb_column type=&#8221;4_4&#8243; _builder_version=&#8221;4.18.0&#8243; _module_preset=&#8221;default&#8221; global_colors_info=&#8221;{}&#8221;][et_pb_text _builder_version=&#8221;4.18.0&#8243; _module_preset=&#8221;default&#8221; custom_padding=&#8221;||0px|||&#8221; global_colors_info=&#8221;{}&#8221;]<\/p>\n<h4><em>Le chant de la terre<\/em> for mezzo-soprano, tenor and 16 instruments.<\/h4>\n<p>World Premiere on march 29th2024\u00a0 Monte-Carlo Printemps des arts festival.<br \/>Commissioned by the Festival and the Mahler Foundation.<\/p>\n<p>&nbsp;<\/p>\n<h4><em>S\u00e9r\u00e9nade \u00e9clat\u00e9e<\/em> for 2 clarinets, mandolin, guitar, harp and string trio. In memoriam Arnold Schoenberg.<\/h4>\n<p>World Premiere on november 2024 in Nanterre, Maison de la musique.<\/p>\n<p>[\/et_pb_text][\/et_pb_column][\/et_pb_row][et_pb_row _builder_version=&#8221;4.18.0&#8243; _module_preset=&#8221;default&#8221; global_colors_info=&#8221;{}&#8221;][et_pb_column type=&#8221;4_4&#8243; _builder_version=&#8221;4.18.0&#8243; _module_preset=&#8221;default&#8221; global_colors_info=&#8221;{}&#8221;][et_pb_divider _builder_version=&#8221;4.18.0&#8243; _module_preset=&#8221;default&#8221; global_colors_info=&#8221;{}&#8221;][\/et_pb_divider][\/et_pb_column][\/et_pb_row][et_pb_row _builder_version=&#8221;4.18.0&#8243; _module_preset=&#8221;default&#8221; global_colors_info=&#8221;{}&#8221;][et_pb_column type=&#8221;4_4&#8243; _builder_version=&#8221;4.18.0&#8243; _module_preset=&#8221;default&#8221; global_colors_info=&#8221;{}&#8221;][et_pb_text _builder_version=&#8221;4.18.0&#8243; _module_preset=&#8221;default&#8221; global_colors_info=&#8221;{}&#8221;]<\/p>\n<h1>Discography<\/h1>\n<p>[\/et_pb_text][\/et_pb_column][\/et_pb_row][et_pb_row column_structure=&#8221;2_5,3_5&#8243; _builder_version=&#8221;4.18.0&#8243; _module_preset=&#8221;default&#8221; custom_margin=&#8221;30px||||false|false&#8221; custom_padding=&#8221;0px||||false|false&#8221; global_colors_info=&#8221;{}&#8221;][et_pb_column type=&#8221;2_5&#8243; _builder_version=&#8221;4.18.0&#8243; _module_preset=&#8221;default&#8221; global_colors_info=&#8221;{}&#8221;][et_pb_text _builder_version=&#8221;4.18.0&#8243; _module_preset=&#8221;default&#8221; global_colors_info=&#8221;{}&#8221;]<\/p>\n<h4><strong>Composer<\/strong><\/h4>\n<p>[\/et_pb_text][et_pb_image src=&#8221;https:\/\/www.laurent-cuniot.com\/wp-content\/uploads\/2022\/12\/Image1.jpg&#8221; title_text=&#8221;Image1&#8243; _builder_version=&#8221;4.18.0&#8243; _module_preset=&#8221;default&#8221; width=&#8221;70%&#8221; border_radii=&#8221;on|1px|1px|1px|1px&#8221; border_width_all=&#8221;1px&#8221; global_colors_info=&#8221;{}&#8221;][\/et_pb_image][\/et_pb_column][et_pb_column type=&#8221;3_5&#8243; _builder_version=&#8221;4.18.0&#8243; _module_preset=&#8221;default&#8221; global_colors_info=&#8221;{}&#8221;][et_pb_text _builder_version=&#8221;4.18.0&#8243; _module_preset=&#8221;default&#8221; global_colors_info=&#8221;{}&#8221;][\/et_pb_text][et_pb_text _builder_version=&#8221;4.18.0&#8243; _module_preset=&#8221;default&#8221; custom_margin=&#8221;50px||||false|false&#8221; global_colors_info=&#8221;{}&#8221;]- UNE\u00a0 Pour vibraphone, percussion et onze instrument<br \/>\n&#8211; EFJI\u00a0 Pour percussion solo<br \/>\n&#8211; REVERSE FLOWS:Pour alto, treize instruments et \u00e9lectronique<\/p>\n<p><strong>Florent Jodelet<\/strong> : percussion solo<br \/>\n<strong>Genevieve Strosser<\/strong> : alto solo<\/p>\n<p><strong>Ensemble TM+<\/strong><\/p>\n<p><strong>Laurent Cuniot<\/strong> : direction<br \/>\n<strong>Marc Desmons<\/strong> : direction<\/p>\n<p><em>Merci pour les sons, 2021<\/em><br \/>\n[\/et_pb_text][\/et_pb_column][\/et_pb_row][et_pb_row _builder_version=&#8221;4.18.0&#8243; _module_preset=&#8221;default&#8221; global_colors_info=&#8221;{}&#8221;][et_pb_column type=&#8221;4_4&#8243; _builder_version=&#8221;4.18.0&#8243; _module_preset=&#8221;default&#8221; global_colors_info=&#8221;{}&#8221;][et_pb_divider _builder_version=&#8221;4.18.0&#8243; _module_preset=&#8221;default&#8221; global_colors_info=&#8221;{}&#8221;][\/et_pb_divider][\/et_pb_column][\/et_pb_row][et_pb_row column_structure=&#8221;2_5,3_5&#8243; _builder_version=&#8221;4.18.0&#8243; _module_preset=&#8221;default&#8221; custom_padding=&#8221;0px||||false|false&#8221; global_colors_info=&#8221;{}&#8221;][et_pb_column type=&#8221;2_5&#8243; _builder_version=&#8221;4.18.0&#8243; _module_preset=&#8221;default&#8221; global_colors_info=&#8221;{}&#8221;][et_pb_image src=&#8221;https:\/\/www.laurent-cuniot.com\/wp-content\/uploads\/2022\/12\/Image2.jpg&#8221; title_text=&#8221;Image2&#8243; _builder_version=&#8221;4.18.0&#8243; _module_preset=&#8221;default&#8221; width=&#8221;70%&#8221; global_colors_info=&#8221;{}&#8221;][\/et_pb_image][\/et_pb_column][et_pb_column type=&#8221;3_5&#8243; _builder_version=&#8221;4.18.0&#8243; _module_preset=&#8221;default&#8221; global_colors_info=&#8221;{}&#8221;][et_pb_text _builder_version=&#8221;4.18.0&#8243; _module_preset=&#8221;default&#8221; custom_margin=&#8221;20px||||false|false&#8221; global_colors_info=&#8221;{}&#8221;]1. CINQ PIECES POUR HAMLET pour 7 voix et ensemble<br \/>\n2. LA LICE DES NUITS pour grand orchestre<br \/>\n3. L\u2019EXIL AU MIROIR pour 6 voix et bande magn\u00e9tique<\/p>\n<p><strong>Liliane Mazeron<\/strong> soprano<\/p>\n<p><strong>TM+ \/ Orchestre philharmonique de Radio-France \/Ensemble vocal A Sei Voci<\/strong><\/p>\n<p><strong>Laurent Cuniot<\/strong> et <strong>Michel Tabachnik<\/strong> Direction<\/p>\n<p><em>Salabert, MFA Radio-France 1992<\/em><br \/>\n[\/et_pb_text][\/et_pb_column][\/et_pb_row][et_pb_row _builder_version=&#8221;4.18.0&#8243; _module_preset=&#8221;default&#8221; global_colors_info=&#8221;{}&#8221;][et_pb_column type=&#8221;4_4&#8243; _builder_version=&#8221;4.18.0&#8243; _module_preset=&#8221;default&#8221; global_colors_info=&#8221;{}&#8221;][et_pb_divider _builder_version=&#8221;4.18.0&#8243; _module_preset=&#8221;default&#8221; global_colors_info=&#8221;{}&#8221;][\/et_pb_divider][\/et_pb_column][\/et_pb_row][et_pb_row column_structure=&#8221;2_5,3_5&#8243; _builder_version=&#8221;4.18.0&#8243; _module_preset=&#8221;default&#8221; custom_margin=&#8221;||||false|false&#8221; custom_padding=&#8221;0px||||false|false&#8221; global_colors_info=&#8221;{}&#8221;][et_pb_column type=&#8221;2_5&#8243; _builder_version=&#8221;4.18.0&#8243; _module_preset=&#8221;default&#8221; global_colors_info=&#8221;{}&#8221;][et_pb_text _builder_version=&#8221;4.18.0&#8243; _module_preset=&#8221;default&#8221; global_colors_info=&#8221;{}&#8221;]<\/p>\n<h4><strong>Conductor<\/strong><\/h4>\n<p>[\/et_pb_text][et_pb_image src=&#8221;https:\/\/www.laurent-cuniot.com\/wp-content\/uploads\/2022\/12\/Image3.png&#8221; title_text=&#8221;Image3&#8243; _builder_version=&#8221;4.18.0&#8243; _module_preset=&#8221;default&#8221; width=&#8221;70%&#8221; border_radii=&#8221;on|1px|1px|1px|1px&#8221; border_width_all=&#8221;1px&#8221; global_colors_info=&#8221;{}&#8221;][\/et_pb_image][\/et_pb_column][et_pb_column type=&#8221;3_5&#8243; _builder_version=&#8221;4.18.0&#8243; _module_preset=&#8221;default&#8221; global_colors_info=&#8221;{}&#8221;][et_pb_text _builder_version=&#8221;4.18.0&#8243; _module_preset=&#8221;default&#8221; global_colors_info=&#8221;{}&#8221;][\/et_pb_text][et_pb_text _builder_version=&#8221;4.18.0&#8243; _module_preset=&#8221;default&#8221; custom_padding=&#8221;0px|||||&#8221; global_colors_info=&#8221;{}&#8221;]<\/p>\n<h5><strong>R\u00e9gis Campo &#8211; Street-Art<\/strong><\/h5>\n<p>&#8211; Street-Art<br \/>\n&#8211; Sometimes with the Heart<br \/>\n&#8211; Oh Sweet Kisses !!<br \/>\n&#8211; Mysterium simplicatis : Rivi simplicitate<br \/>\n&#8211; Steamy Punk<br \/>\n&#8211; Pop-Art<br \/>\n&#8211; Morgenstern Lieder &#8211; Gruselett<br \/>\n&#8211; Morgenstern Lieder &#8211; Schmetterling<br \/>\n&#8211; Morgenstern Lieder &#8211; Himmel und Erde<br \/>\n&#8211; Erotique Rotative<br \/>\n&#8211; Une solitude de l&#8217;espace<\/p>\n<p><strong>Sylvia Vadimova<\/strong> Voix<\/p>\n<p><strong>Ensemble TM+<\/strong><\/p>\n<p><strong>Laurent Cuniot<\/strong> Direction<\/p>\n<p><em>Signature \/ Radio France, 2018<\/em><br \/>\n[\/et_pb_text][\/et_pb_column][\/et_pb_row][et_pb_row _builder_version=&#8221;4.18.0&#8243; _module_preset=&#8221;default&#8221; global_colors_info=&#8221;{}&#8221;][et_pb_column type=&#8221;4_4&#8243; _builder_version=&#8221;4.18.0&#8243; _module_preset=&#8221;default&#8221; global_colors_info=&#8221;{}&#8221;][et_pb_divider _builder_version=&#8221;4.18.0&#8243; _module_preset=&#8221;default&#8221; global_colors_info=&#8221;{}&#8221;][\/et_pb_divider][\/et_pb_column][\/et_pb_row][et_pb_row column_structure=&#8221;2_5,3_5&#8243; _builder_version=&#8221;4.18.0&#8243; _module_preset=&#8221;default&#8221; custom_padding=&#8221;0px||||false|false&#8221; global_colors_info=&#8221;{}&#8221;][et_pb_column type=&#8221;2_5&#8243; _builder_version=&#8221;4.18.0&#8243; _module_preset=&#8221;default&#8221; global_colors_info=&#8221;{}&#8221;][et_pb_image src=&#8221;https:\/\/www.laurent-cuniot.com\/wp-content\/uploads\/2022\/12\/Image4.jpg&#8221; title_text=&#8221;Image4&#8243; _builder_version=&#8221;4.18.0&#8243; _module_preset=&#8221;default&#8221; width=&#8221;70%&#8221; global_colors_info=&#8221;{}&#8221;][\/et_pb_image][\/et_pb_column][et_pb_column type=&#8221;3_5&#8243; _builder_version=&#8221;4.18.0&#8243; _module_preset=&#8221;default&#8221; global_colors_info=&#8221;{}&#8221;][et_pb_text _builder_version=&#8221;4.18.0&#8243; _module_preset=&#8221;default&#8221; custom_margin=&#8221;20px||||false|false&#8221; global_colors_info=&#8221;{}&#8221;]<\/p>\n<h5><strong>Javier Alvarez &#8211; Progresion<\/strong><\/h5>\n<p>&#8211; Metal de Corazones<\/p>\n<p><strong>Ensemble TM+<\/strong><br \/>\n<strong>Ensemble Tambuco<\/strong><\/p>\n<p><strong>Laurent Cuniot<\/strong> Direction<\/p>\n<p><em>Casete, 2014<\/em><br \/>\n[\/et_pb_text][\/et_pb_column][\/et_pb_row][et_pb_row _builder_version=&#8221;4.18.0&#8243; _module_preset=&#8221;default&#8221; global_colors_info=&#8221;{}&#8221;][et_pb_column type=&#8221;4_4&#8243; _builder_version=&#8221;4.18.0&#8243; _module_preset=&#8221;default&#8221; global_colors_info=&#8221;{}&#8221;][et_pb_divider _builder_version=&#8221;4.18.0&#8243; _module_preset=&#8221;default&#8221; global_colors_info=&#8221;{}&#8221;][\/et_pb_divider][\/et_pb_column][\/et_pb_row][et_pb_row column_structure=&#8221;2_5,3_5&#8243; _builder_version=&#8221;4.18.0&#8243; _module_preset=&#8221;default&#8221; custom_padding=&#8221;0px||||false|false&#8221; global_colors_info=&#8221;{}&#8221;][et_pb_column type=&#8221;2_5&#8243; _builder_version=&#8221;4.18.0&#8243; _module_preset=&#8221;default&#8221; global_colors_info=&#8221;{}&#8221;][et_pb_image src=&#8221;https:\/\/www.laurent-cuniot.com\/wp-content\/uploads\/2022\/12\/Image5.jpg&#8221; title_text=&#8221;Image5&#8243; _builder_version=&#8221;4.18.0&#8243; _module_preset=&#8221;default&#8221; width=&#8221;70%&#8221; global_colors_info=&#8221;{}&#8221;][\/et_pb_image][\/et_pb_column][et_pb_column type=&#8221;3_5&#8243; _builder_version=&#8221;4.18.0&#8243; _module_preset=&#8221;default&#8221; global_colors_info=&#8221;{}&#8221;][et_pb_text _builder_version=&#8221;4.18.0&#8243; _module_preset=&#8221;default&#8221; custom_margin=&#8221;20px||||false|false&#8221; global_colors_info=&#8221;{}&#8221;]<\/p>\n<h5><strong>Niels Rosing-Schow &#8211; Peinture du temps<\/strong><\/h5>\n<p>1. I giardini dietro la citt\u00e0<br \/>\n2. Vocabulary II<br \/>\n3. Spectre du temps<br \/>\n4. Empreintes du temps<br \/>\n5. Peinture du temps<\/p>\n<p><strong>Rapha\u00e8le Kennedy<\/strong> Soprano<\/p>\n<p><strong>Rolf-Erik Nystr\u00f6m<\/strong> Saxophone<\/p>\n<p><strong>Laurent Cuniot<\/strong> Direction<\/p>\n<p><em>\u00a0Dacapo, 2013<\/em><br \/>\n[\/et_pb_text][\/et_pb_column][\/et_pb_row][et_pb_row _builder_version=&#8221;4.18.0&#8243; _module_preset=&#8221;default&#8221; global_colors_info=&#8221;{}&#8221;][et_pb_column type=&#8221;4_4&#8243; _builder_version=&#8221;4.18.0&#8243; _module_preset=&#8221;default&#8221; global_colors_info=&#8221;{}&#8221;][et_pb_divider _builder_version=&#8221;4.18.0&#8243; _module_preset=&#8221;default&#8221; global_colors_info=&#8221;{}&#8221;][\/et_pb_divider][\/et_pb_column][\/et_pb_row][et_pb_row column_structure=&#8221;2_5,3_5&#8243; _builder_version=&#8221;4.18.0&#8243; _module_preset=&#8221;default&#8221; custom_padding=&#8221;0px||||false|false&#8221; global_colors_info=&#8221;{}&#8221;][et_pb_column type=&#8221;2_5&#8243; _builder_version=&#8221;4.18.0&#8243; _module_preset=&#8221;default&#8221; global_colors_info=&#8221;{}&#8221;][et_pb_image src=&#8221;https:\/\/www.laurent-cuniot.com\/wp-content\/uploads\/2022\/12\/Image6.jpg&#8221; title_text=&#8221;Image6&#8243; _builder_version=&#8221;4.18.0&#8243; _module_preset=&#8221;default&#8221; global_colors_info=&#8221;{}&#8221;][\/et_pb_image][\/et_pb_column][et_pb_column type=&#8221;3_5&#8243; _builder_version=&#8221;4.18.0&#8243; _module_preset=&#8221;default&#8221; global_colors_info=&#8221;{}&#8221;][et_pb_text _builder_version=&#8221;4.18.0&#8243; _module_preset=&#8221;default&#8221; custom_margin=&#8221;18px||||false|false&#8221; global_colors_info=&#8221;{}&#8221;]<\/p>\n<h5><strong>Bruno Mantovani &#8211; Troisi\u00e8me Round<\/strong><\/h5>\n<p>1. Troisi\u00e8me Round<br \/>\n2. La Morte Meditata<br \/>\n3. Turbulences<\/p>\n<p><strong>Ensemble TM+<\/strong><\/p>\n<p><strong>Sylvia Vadimova<\/strong> Mezzo-soprano<br \/>\n<strong>Vincent David<\/strong> Saxophone<\/p>\n<p><strong> Laurent Cuniot<\/strong> Direction<\/p>\n<p><em>Aeon, 2003<\/em><br \/>\n[\/et_pb_text][\/et_pb_column][\/et_pb_row][et_pb_row _builder_version=&#8221;4.18.0&#8243; _module_preset=&#8221;default&#8221; global_colors_info=&#8221;{}&#8221;][et_pb_column type=&#8221;4_4&#8243; _builder_version=&#8221;4.18.0&#8243; _module_preset=&#8221;default&#8221; global_colors_info=&#8221;{}&#8221;][et_pb_divider _builder_version=&#8221;4.18.0&#8243; _module_preset=&#8221;default&#8221; global_colors_info=&#8221;{}&#8221;][\/et_pb_divider][\/et_pb_column][\/et_pb_row][et_pb_row column_structure=&#8221;2_5,3_5&#8243; _builder_version=&#8221;4.18.0&#8243; _module_preset=&#8221;default&#8221; custom_padding=&#8221;0px||||false|false&#8221; global_colors_info=&#8221;{}&#8221;][et_pb_column type=&#8221;2_5&#8243; _builder_version=&#8221;4.18.0&#8243; _module_preset=&#8221;default&#8221; global_colors_info=&#8221;{}&#8221;][et_pb_image src=&#8221;https:\/\/www.laurent-cuniot.com\/wp-content\/uploads\/2022\/12\/Image7.jpg&#8221; title_text=&#8221;Image7&#8243; _builder_version=&#8221;4.18.0&#8243; _module_preset=&#8221;default&#8221; width=&#8221;70%&#8221; global_colors_info=&#8221;{}&#8221;][\/et_pb_image][\/et_pb_column][et_pb_column type=&#8221;3_5&#8243; _builder_version=&#8221;4.18.0&#8243; _module_preset=&#8221;default&#8221; global_colors_info=&#8221;{}&#8221;][et_pb_text _builder_version=&#8221;4.18.0&#8243; _module_preset=&#8221;default&#8221; custom_margin=&#8221;20px||||false|false&#8221; global_colors_info=&#8221;{}&#8221;]<\/p>\n<h5><strong>\u00a0Suzanne Giraud- To onein Paradise<\/strong><\/h5>\n<p>&#8211; To one in Paradise<br \/>\n&#8211; Envo\u00fbtements II,III &amp; IV<\/p>\n<p><strong>Sylvie Sull\u00e9<\/strong> Mezzo-soprano<\/p>\n<p><strong>Orchestre Philharmonique de Radio-France<\/strong><\/p>\n<p><strong>Laurent Cuniot<\/strong> Direction<\/p>\n<p><em>MFA Radio-France 2001<\/em><br \/>\n[\/et_pb_text][\/et_pb_column][\/et_pb_row][et_pb_row _builder_version=&#8221;4.18.0&#8243; _module_preset=&#8221;default&#8221; global_colors_info=&#8221;{}&#8221;][et_pb_column type=&#8221;4_4&#8243; _builder_version=&#8221;4.18.0&#8243; _module_preset=&#8221;default&#8221; global_colors_info=&#8221;{}&#8221;][et_pb_divider _builder_version=&#8221;4.18.0&#8243; _module_preset=&#8221;default&#8221; global_colors_info=&#8221;{}&#8221;][\/et_pb_divider][\/et_pb_column][\/et_pb_row][et_pb_row column_structure=&#8221;2_5,3_5&#8243; _builder_version=&#8221;4.18.0&#8243; _module_preset=&#8221;default&#8221; custom_padding=&#8221;0px||||false|false&#8221; global_colors_info=&#8221;{}&#8221;][et_pb_column type=&#8221;2_5&#8243; _builder_version=&#8221;4.18.0&#8243; _module_preset=&#8221;default&#8221; global_colors_info=&#8221;{}&#8221;][et_pb_image src=&#8221;https:\/\/www.laurent-cuniot.com\/wp-content\/uploads\/2022\/12\/Image8.jpg&#8221; title_text=&#8221;Image8&#8243; _builder_version=&#8221;4.18.0&#8243; _module_preset=&#8221;default&#8221; global_colors_info=&#8221;{}&#8221;][\/et_pb_image][\/et_pb_column][et_pb_column type=&#8221;3_5&#8243; _builder_version=&#8221;4.18.0&#8243; _module_preset=&#8221;default&#8221; global_colors_info=&#8221;{}&#8221;][et_pb_text _builder_version=&#8221;4.18.0&#8243; _module_preset=&#8221;default&#8221; custom_margin=&#8221;5px||||false|false&#8221; global_colors_info=&#8221;{}&#8221;]<\/p>\n<h5><strong>Jos\u00e9-Luis Campana &#8211; Noctal<\/strong><\/h5>\n<p>1. Dholak<br \/>\n4. Noctal 2<br \/>\n5. Noctal 3<\/p>\n<p><strong>Ensemble TM+<\/strong><\/p>\n<p><strong>Laurent Cuniot<\/strong> Direction<\/p>\n<p><em>Skarbo, MFA-Radio-France, 1996<\/em><\/p>\n<p>&nbsp;<br \/>\n[\/et_pb_text][\/et_pb_column][\/et_pb_row][et_pb_row _builder_version=&#8221;4.18.0&#8243; _module_preset=&#8221;default&#8221; global_colors_info=&#8221;{}&#8221;][et_pb_column type=&#8221;4_4&#8243; _builder_version=&#8221;4.18.0&#8243; _module_preset=&#8221;default&#8221; global_colors_info=&#8221;{}&#8221;][et_pb_divider _builder_version=&#8221;4.18.0&#8243; _module_preset=&#8221;default&#8221; global_colors_info=&#8221;{}&#8221;][\/et_pb_divider][\/et_pb_column][\/et_pb_row][et_pb_row column_structure=&#8221;2_5,3_5&#8243; _builder_version=&#8221;4.18.0&#8243; _module_preset=&#8221;default&#8221; custom_padding=&#8221;0px||||false|false&#8221; global_colors_info=&#8221;{}&#8221;][et_pb_column type=&#8221;2_5&#8243; _builder_version=&#8221;4.18.0&#8243; _module_preset=&#8221;default&#8221; global_colors_info=&#8221;{}&#8221;][et_pb_image src=&#8221;https:\/\/www.laurent-cuniot.com\/wp-content\/uploads\/2022\/12\/Image9.jpg&#8221; title_text=&#8221;Image9&#8243; _builder_version=&#8221;4.18.0&#8243; _module_preset=&#8221;default&#8221; width=&#8221;70%&#8221; global_colors_info=&#8221;{}&#8221;][\/et_pb_image][\/et_pb_column][et_pb_column type=&#8221;3_5&#8243; _builder_version=&#8221;4.18.0&#8243; _module_preset=&#8221;default&#8221; global_colors_info=&#8221;{}&#8221;][et_pb_text _builder_version=&#8221;4.18.0&#8243; _module_preset=&#8221;default&#8221; global_colors_info=&#8221;{}&#8221;]<\/p>\n<h5><strong>Fran\u00e7ois Paris &#8211; Sur la nuque de la mer \u00e9toil\u00e9e et autres pi\u00e8ces<\/strong><\/h5>\n<p>1. Sur la nuque de la mer \u00e9toil\u00e9e<br \/>\n2. L\u2019octobre seul<br \/>\n3. Les cinq chants de l\u2019ombre blanche<br \/>\n4. Roque<\/p>\n<p><strong>Donatienne Michel-Dansac<\/strong> Soprano<br \/>\n<strong>C\u00e9cile Daroux<\/strong> Fl\u00fbtes<br \/>\n<strong>Florian Lauridon<\/strong> Violoncelle<\/p>\n<p><strong>Ensemble TM+<\/strong><\/p>\n<p><strong>Laurent Cuniot<\/strong> Direction<\/p>\n<p>Ensemble Itin\u00e9raire<\/p>\n<p><strong>Pascal Roph\u00e9<\/strong> Direction<\/p>\n<p><em>MFA \u2013 Radio France, 1995<\/em><\/p>\n<p>&nbsp;<br \/>\n[\/et_pb_text][\/et_pb_column][\/et_pb_row][et_pb_row _builder_version=&#8221;4.18.0&#8243; _module_preset=&#8221;default&#8221; global_colors_info=&#8221;{}&#8221;][et_pb_column type=&#8221;4_4&#8243; _builder_version=&#8221;4.18.0&#8243; _module_preset=&#8221;default&#8221; global_colors_info=&#8221;{}&#8221;][et_pb_divider _builder_version=&#8221;4.18.0&#8243; _module_preset=&#8221;default&#8221; global_colors_info=&#8221;{}&#8221;][\/et_pb_divider][\/et_pb_column][\/et_pb_row][et_pb_row column_structure=&#8221;2_5,3_5&#8243; _builder_version=&#8221;4.18.0&#8243; _module_preset=&#8221;default&#8221; custom_padding=&#8221;0px||||false|false&#8221; global_colors_info=&#8221;{}&#8221;][et_pb_column type=&#8221;2_5&#8243; _builder_version=&#8221;4.18.0&#8243; _module_preset=&#8221;default&#8221; global_colors_info=&#8221;{}&#8221;][et_pb_text _builder_version=&#8221;4.18.0&#8243; _module_preset=&#8221;default&#8221; global_colors_info=&#8221;{}&#8221;]<\/p>\n<h4><strong>Collector<\/strong><\/h4>\n<p>[\/et_pb_text][et_pb_image src=&#8221;https:\/\/www.laurent-cuniot.com\/wp-content\/uploads\/2022\/12\/Image10.jpg&#8221; title_text=&#8221;Image10&#8243; _builder_version=&#8221;4.18.0&#8243; _module_preset=&#8221;default&#8221; width=&#8221;70%&#8221; global_colors_info=&#8221;{}&#8221;][\/et_pb_image][\/et_pb_column][et_pb_column type=&#8221;3_5&#8243; _builder_version=&#8221;4.18.0&#8243; _module_preset=&#8221;default&#8221; global_colors_info=&#8221;{}&#8221;][et_pb_text _builder_version=&#8221;4.18.0&#8243; _module_preset=&#8221;default&#8221; global_colors_info=&#8221;{}&#8221;][\/et_pb_text][et_pb_text _builder_version=&#8221;4.18.0&#8243; _module_preset=&#8221;default&#8221; custom_margin=&#8221;50px||||false|false&#8221; global_colors_info=&#8221;{}&#8221;]<\/p>\n<h5><strong>R\u00e9pertoire Trio instrumental \u00e9letroacoustique TM+<\/strong><\/h5>\n<p>&#8211; <strong>Denis Dufour<\/strong> R\u00eave lisse<br \/>\n&#8211; <strong>Yann Geslin<\/strong> Volum\u00e9triques<br \/>\n&#8211; <strong>Laurent Cuniot<\/strong> Quatuor pour violon, violoncelle et 2 synth\u00e9tiseurs<br \/>\n&#8211; <strong>Philippe Mion<\/strong> Trois esquisses ouvertes<br \/>\n&#8211; <strong>Bernard Parmegiani<\/strong> Stries<\/p>\n<p><strong>Denis Dufour et Yann Geslin<\/strong> synth\u00e9tiseurs<\/p>\n<p><strong>Laurent Cuniot<\/strong> violon et synth\u00e9tiseurs<\/p>\n<p><strong>Pierre Champagne<\/strong> violoncelle<\/p>\n<p><em>INA-GRM 1984<\/em><br \/>\n[\/et_pb_text][\/et_pb_column][\/et_pb_row][et_pb_row _builder_version=&#8221;4.18.0&#8243; _module_preset=&#8221;default&#8221; global_colors_info=&#8221;{}&#8221;][et_pb_column type=&#8221;4_4&#8243; _builder_version=&#8221;4.18.0&#8243; _module_preset=&#8221;default&#8221; global_colors_info=&#8221;{}&#8221;][et_pb_divider _builder_version=&#8221;4.18.0&#8243; _module_preset=&#8221;default&#8221; global_colors_info=&#8221;{}&#8221;][\/et_pb_divider][\/et_pb_column][\/et_pb_row][et_pb_row column_structure=&#8221;2_5,3_5&#8243; _builder_version=&#8221;4.18.0&#8243; _module_preset=&#8221;default&#8221; custom_padding=&#8221;0px||||false|false&#8221; global_colors_info=&#8221;{}&#8221;][et_pb_column type=&#8221;2_5&#8243; _builder_version=&#8221;4.18.0&#8243; _module_preset=&#8221;default&#8221; global_colors_info=&#8221;{}&#8221;][et_pb_image src=&#8221;https:\/\/www.laurent-cuniot.com\/wp-content\/uploads\/2022\/12\/Image11.jpg&#8221; title_text=&#8221;Image11&#8243; _builder_version=&#8221;4.18.0&#8243; _module_preset=&#8221;default&#8221; width=&#8221;70%&#8221; global_colors_info=&#8221;{}&#8221;][\/et_pb_image][\/et_pb_column][et_pb_column type=&#8221;3_5&#8243; _builder_version=&#8221;4.18.0&#8243; _module_preset=&#8221;default&#8221; global_colors_info=&#8221;{}&#8221;][et_pb_text _builder_version=&#8221;4.18.0&#8243; _module_preset=&#8221;default&#8221; custom_margin=&#8221;20px||||false|false&#8221; global_colors_info=&#8221;{}&#8221;]<\/p>\n<h5><strong>Guy Reibel &#8211; Douze inventions en six modes de jeu<\/strong><\/h5>\n<p>Pour trio d&#8217;instruments \u00e9lectroacoustiques et bande magn\u00e9tique<\/p>\n<p><strong>Trio Instrumental \u00c9lectroacoustique<\/strong><\/p>\n<p><strong>Laurent Cuniot, Denis Dufour et Yann Geslin<\/strong> synth\u00e9tiseurs et corps sonores<\/p>\n<p>Enregistrement au Grand Auditorium, Maison de la Radio, Paris, 7 mai 1979<\/p>\n<p><em>Karlrecords, 2015 (version 1979)<\/em><br \/>\n[\/et_pb_text][\/et_pb_column][\/et_pb_row][\/et_pb_section]<\/p>\n","protected":false},"excerpt":{"rendered":"<p>ProjectsLe chant de la terre for mezzo-soprano, tenor and 16 instruments. World Premiere on march 29th2024\u00a0 Monte-Carlo Printemps des arts festival.Commissioned by the Festival and the Mahler Foundation. &nbsp; S\u00e9r\u00e9nade \u00e9clat\u00e9e for 2 clarinets, mandolin, guitar, harp and string trio. In memoriam Arnold Schoenberg. World Premiere on november 2024 in Nanterre, Maison de la musique.DiscographyComposer- [&hellip;]<\/p>\n","protected":false},"author":1,"featured_media":0,"parent":0,"menu_order":0,"comment_status":"closed","ping_status":"closed","template":"","meta":{"_et_pb_use_builder":"on","_et_pb_old_content":"<p>[et_pb_section fb_built=\"1\" _builder_version=\"4.18.0\" _module_preset=\"default\" custom_padding=\"20px||||false|false\" animation_style=\"fade\" global_colors_info=\"{}\"][et_pb_row _builder_version=\"4.18.0\" _module_preset=\"default\" global_colors_info=\"{}\"][et_pb_column type=\"4_4\" _builder_version=\"4.18.0\" _module_preset=\"default\" global_colors_info=\"{}\"][et_pb_text _builder_version=\"4.18.0\" _module_preset=\"default\" global_colors_info=\"{}\"]<\/p><h1>Projets<\/h1><p>[\/et_pb_text][\/et_pb_column][\/et_pb_row][et_pb_row _builder_version=\"4.18.0\" _module_preset=\"default\" global_colors_info=\"{}\"][et_pb_column type=\"4_4\" _builder_version=\"4.18.0\" _module_preset=\"default\" global_colors_info=\"{}\"][et_pb_text _builder_version=\"4.18.0\" _module_preset=\"default\" custom_padding=\"||0px|||\" global_colors_info=\"{}\"]<\/p><p>Futurs contenus rubrique projets<\/p><p>[\/et_pb_text][\/et_pb_column][\/et_pb_row][et_pb_row _builder_version=\"4.18.0\" _module_preset=\"default\" global_colors_info=\"{}\"][et_pb_column type=\"4_4\" _builder_version=\"4.18.0\" _module_preset=\"default\" global_colors_info=\"{}\"][et_pb_divider _builder_version=\"4.18.0\" _module_preset=\"default\" global_colors_info=\"{}\"][\/et_pb_divider][\/et_pb_column][\/et_pb_row][et_pb_row _builder_version=\"4.18.0\" _module_preset=\"default\" global_colors_info=\"{}\"][et_pb_column type=\"4_4\" _builder_version=\"4.18.0\" _module_preset=\"default\" global_colors_info=\"{}\"][et_pb_text _builder_version=\"4.18.0\" _module_preset=\"default\" global_colors_info=\"{}\"]<\/p><h1>Discographie<\/h1><p>[\/et_pb_text][\/et_pb_column][\/et_pb_row][et_pb_row column_structure=\"2_5,3_5\" _builder_version=\"4.18.0\" _module_preset=\"default\" custom_margin=\"30px||||false|false\" custom_padding=\"0px||||false|false\" global_colors_info=\"{}\"][et_pb_column type=\"2_5\" _builder_version=\"4.18.0\" _module_preset=\"default\" global_colors_info=\"{}\"][et_pb_text _builder_version=\"4.18.0\" _module_preset=\"default\" global_colors_info=\"{}\"]<\/p><h4><strong>Compositeur<\/strong><\/h4><p>[\/et_pb_text][et_pb_image src=\"https:\/\/www.laurent-cuniot.com\/wp-content\/uploads\/2022\/12\/Image1.jpg\" title_text=\"Image1\" _builder_version=\"4.18.0\" _module_preset=\"default\" width=\"70%\" hover_enabled=\"0\" border_radii=\"on|1px|1px|1px|1px\" border_width_all=\"1px\" global_colors_info=\"{}\" sticky_enabled=\"0\"][\/et_pb_image][\/et_pb_column][et_pb_column type=\"3_5\" _builder_version=\"4.18.0\" _module_preset=\"default\" global_colors_info=\"{}\"][et_pb_text _builder_version=\"4.18.0\" _module_preset=\"default\" global_colors_info=\"{}\"][\/et_pb_text][et_pb_text _builder_version=\"4.18.0\" _module_preset=\"default\" hover_enabled=\"0\" global_colors_info=\"{}\" custom_margin=\"50px||||false|false\" sticky_enabled=\"0\"]<\/p><p>- UNE\u00a0 Pour vibraphone, percussion et onze instrument<br \/>- EFJI\u00a0 Pour percussion solo<br \/>- REVERSE FLOWS:Pour alto, treize instruments et \u00e9lectronique<\/p><p><strong>Florent Jodelet<\/strong> : percussion solo<br \/><strong>Genevieve Strosser<\/strong> : alto solo<\/p><p><strong>Ensemble TM+<\/strong><\/p><p><strong>Laurent Cuniot<\/strong> : direction<br \/><strong>Marc Desmons<\/strong> : direction<\/p><p><em>Merci pour les sons, 2021<\/em><\/p><p>[\/et_pb_text][\/et_pb_column][\/et_pb_row][et_pb_row _builder_version=\"4.18.0\" _module_preset=\"default\" global_colors_info=\"{}\"][et_pb_column type=\"4_4\" _builder_version=\"4.18.0\" _module_preset=\"default\" global_colors_info=\"{}\"][et_pb_divider _builder_version=\"4.18.0\" _module_preset=\"default\" global_colors_info=\"{}\"][\/et_pb_divider][\/et_pb_column][\/et_pb_row][et_pb_row column_structure=\"2_5,3_5\" _builder_version=\"4.18.0\" _module_preset=\"default\" custom_padding=\"0px||||false|false\" global_colors_info=\"{}\"][et_pb_column type=\"2_5\" _builder_version=\"4.18.0\" _module_preset=\"default\" global_colors_info=\"{}\"][et_pb_image src=\"https:\/\/www.laurent-cuniot.com\/wp-content\/uploads\/2022\/12\/Image2.jpg\" title_text=\"Image2\" _builder_version=\"4.18.0\" _module_preset=\"default\" hover_enabled=\"0\" global_colors_info=\"{}\" width=\"70%\" sticky_enabled=\"0\"][\/et_pb_image][\/et_pb_column][et_pb_column type=\"3_5\" _builder_version=\"4.18.0\" _module_preset=\"default\" global_colors_info=\"{}\"][et_pb_text _builder_version=\"4.18.0\" _module_preset=\"default\" hover_enabled=\"0\" global_colors_info=\"{}\" custom_margin=\"20px||||false|false\" sticky_enabled=\"0\"]<\/p><p>1. CINQ PIECES POUR HAMLET pour 7 voix et ensemble<br \/>2. LA LICE DES NUITS pour grand orchestre<br \/>3. L\u2019EXIL AU MIROIR pour 6 voix et bande magn\u00e9tique<\/p><p><strong>Liliane Mazeron<\/strong> soprano<\/p><p><strong>TM+ \/ Orchestre philharmonique de Radio-France \/Ensemble vocal A Sei Voci<\/strong><\/p><p><strong>Laurent Cuniot<\/strong> et <strong>Michel Tabachnik<\/strong> Direction<\/p><p><em>Salabert, MFA Radio-France 1992<\/em><\/p><p>[\/et_pb_text][\/et_pb_column][\/et_pb_row][et_pb_row _builder_version=\"4.18.0\" _module_preset=\"default\" global_colors_info=\"{}\"][et_pb_column type=\"4_4\" _builder_version=\"4.18.0\" _module_preset=\"default\" global_colors_info=\"{}\"][et_pb_divider _builder_version=\"4.18.0\" _module_preset=\"default\" global_colors_info=\"{}\"][\/et_pb_divider][\/et_pb_column][\/et_pb_row][et_pb_row column_structure=\"2_5,3_5\" _builder_version=\"4.18.0\" _module_preset=\"default\" custom_margin=\"||||false|false\" custom_padding=\"0px||||false|false\" global_colors_info=\"{}\"][et_pb_column type=\"2_5\" _builder_version=\"4.18.0\" _module_preset=\"default\" global_colors_info=\"{}\"][et_pb_text _builder_version=\"4.18.0\" _module_preset=\"default\" global_colors_info=\"{}\"]<\/p><h4><strong>Interpr\u00e8te<\/strong><\/h4><p>[\/et_pb_text][et_pb_image src=\"https:\/\/www.laurent-cuniot.com\/wp-content\/uploads\/2022\/12\/Image3.png\" title_text=\"Image3\" _builder_version=\"4.18.0\" _module_preset=\"default\" hover_enabled=\"0\" border_radii=\"on|1px|1px|1px|1px\" border_width_all=\"1px\" global_colors_info=\"{}\" width=\"70%\" sticky_enabled=\"0\"][\/et_pb_image][\/et_pb_column][et_pb_column type=\"3_5\" _builder_version=\"4.18.0\" _module_preset=\"default\" global_colors_info=\"{}\"][et_pb_text _builder_version=\"4.18.0\" _module_preset=\"default\" global_colors_info=\"{}\"][\/et_pb_text][et_pb_text _builder_version=\"4.18.0\" _module_preset=\"default\" custom_padding=\"0px|||||\" hover_enabled=\"0\" global_colors_info=\"{}\" sticky_enabled=\"0\"]<\/p><h5><strong>R\u00e9gis Campo - Street-Art<\/strong><\/h5><p>- Street-Art<br \/>- Sometimes with the Heart<br \/>- Oh Sweet Kisses !!<br \/>- Mysterium simplicatis : Rivi simplicitate<br \/>- Steamy Punk<br \/>- Pop-Art<br \/>- Morgenstern Lieder - Gruselett<br \/>- Morgenstern Lieder - Schmetterling<br \/>- Morgenstern Lieder - Himmel und Erde<br \/>- Erotique Rotative<br \/>- Une solitude de l'espace<\/p><p><strong>Sylvia Vadimova<\/strong> Voix<\/p><p><strong>Ensemble TM+<\/strong><\/p><p><strong>Laurent Cuniot<\/strong> Direction<\/p><p><em>Signature \/ Radio France, 2018<\/em><\/p><p>[\/et_pb_text][\/et_pb_column][\/et_pb_row][et_pb_row _builder_version=\"4.18.0\" _module_preset=\"default\" global_colors_info=\"{}\"][et_pb_column type=\"4_4\" _builder_version=\"4.18.0\" _module_preset=\"default\" global_colors_info=\"{}\"][et_pb_divider _builder_version=\"4.18.0\" _module_preset=\"default\" global_colors_info=\"{}\"][\/et_pb_divider][\/et_pb_column][\/et_pb_row][et_pb_row column_structure=\"2_5,3_5\" _builder_version=\"4.18.0\" _module_preset=\"default\" custom_padding=\"0px||||false|false\" global_colors_info=\"{}\"][et_pb_column type=\"2_5\" _builder_version=\"4.18.0\" _module_preset=\"default\" global_colors_info=\"{}\"][et_pb_image src=\"https:\/\/www.laurent-cuniot.com\/wp-content\/uploads\/2022\/12\/Image4.jpg\" title_text=\"Image4\" _builder_version=\"4.18.0\" _module_preset=\"default\" hover_enabled=\"0\" global_colors_info=\"{}\" width=\"70%\" sticky_enabled=\"0\"][\/et_pb_image][\/et_pb_column][et_pb_column type=\"3_5\" _builder_version=\"4.18.0\" _module_preset=\"default\" global_colors_info=\"{}\"][et_pb_text _builder_version=\"4.18.0\" _module_preset=\"default\" hover_enabled=\"0\" global_colors_info=\"{}\" custom_margin=\"20px||||false|false\" sticky_enabled=\"0\"]<\/p><h5><strong>Javier Alvarez - Progresion<\/strong><\/h5><p>- Metal de Corazones<\/p><p><strong>Ensemble TM+<\/strong><br \/><strong>Ensemble Tambuco<\/strong><\/p><p><strong>Laurent Cuniot<\/strong> Direction<\/p><p><em>Casete, 2014<\/em><\/p><p>[\/et_pb_text][\/et_pb_column][\/et_pb_row][et_pb_row _builder_version=\"4.18.0\" _module_preset=\"default\" global_colors_info=\"{}\"][et_pb_column type=\"4_4\" _builder_version=\"4.18.0\" _module_preset=\"default\" global_colors_info=\"{}\"][et_pb_divider _builder_version=\"4.18.0\" _module_preset=\"default\" global_colors_info=\"{}\"][\/et_pb_divider][\/et_pb_column][\/et_pb_row][et_pb_row column_structure=\"2_5,3_5\" _builder_version=\"4.18.0\" _module_preset=\"default\" custom_padding=\"0px||||false|false\" global_colors_info=\"{}\"][et_pb_column type=\"2_5\" _builder_version=\"4.18.0\" _module_preset=\"default\" global_colors_info=\"{}\"][et_pb_image src=\"https:\/\/www.laurent-cuniot.com\/wp-content\/uploads\/2022\/12\/Image5.jpg\" title_text=\"Image5\" _builder_version=\"4.18.0\" _module_preset=\"default\" hover_enabled=\"0\" global_colors_info=\"{}\" width=\"70%\" sticky_enabled=\"0\"][\/et_pb_image][\/et_pb_column][et_pb_column type=\"3_5\" _builder_version=\"4.18.0\" _module_preset=\"default\" global_colors_info=\"{}\"][et_pb_text _builder_version=\"4.18.0\" _module_preset=\"default\" hover_enabled=\"0\" global_colors_info=\"{}\" custom_margin=\"20px||||false|false\" sticky_enabled=\"0\"]<\/p><h5><strong>Niels Rosing-Schow - Peinture du temps<\/strong><\/h5><p>1. I giardini dietro la citt\u00e0<br \/>2. Vocabulary II<br \/>3. Spectre du temps<br \/>4. Empreintes du temps<br \/>5. Peinture du temps<\/p><p><strong>Rapha\u00e8le Kennedy<\/strong> Soprano<\/p><p><strong>Rolf-Erik Nystr\u00f6m<\/strong> Saxophone<\/p><p><strong>Laurent Cuniot<\/strong> Direction<\/p><p><em>\u00a0Dacapo, 2013<\/em><\/p><p>[\/et_pb_text][\/et_pb_column][\/et_pb_row][et_pb_row _builder_version=\"4.18.0\" _module_preset=\"default\" global_colors_info=\"{}\"][et_pb_column type=\"4_4\" _builder_version=\"4.18.0\" _module_preset=\"default\" global_colors_info=\"{}\"][et_pb_divider _builder_version=\"4.18.0\" _module_preset=\"default\" global_colors_info=\"{}\"][\/et_pb_divider][\/et_pb_column][\/et_pb_row][et_pb_row column_structure=\"2_5,3_5\" _builder_version=\"4.18.0\" _module_preset=\"default\" custom_padding=\"0px||||false|false\" global_colors_info=\"{}\"][et_pb_column type=\"2_5\" _builder_version=\"4.18.0\" _module_preset=\"default\" global_colors_info=\"{}\"][et_pb_image src=\"https:\/\/www.laurent-cuniot.com\/wp-content\/uploads\/2022\/12\/Image6.jpg\" title_text=\"Image6\" _builder_version=\"4.18.0\" _module_preset=\"default\" global_colors_info=\"{}\"][\/et_pb_image][\/et_pb_column][et_pb_column type=\"3_5\" _builder_version=\"4.18.0\" _module_preset=\"default\" global_colors_info=\"{}\"][et_pb_text _builder_version=\"4.18.0\" _module_preset=\"default\" hover_enabled=\"0\" global_colors_info=\"{}\" custom_margin=\"18px||||false|false\" sticky_enabled=\"0\"]<\/p><h5><strong>Bruno Mantovani - Troisi\u00e8me Round<\/strong><\/h5><p>1. Troisi\u00e8me Round<br \/>2. La Morte Meditata<br \/>3. Turbulences<\/p><p><strong>Ensemble TM+<\/strong><\/p><p><strong>Sylvia Vadimova<\/strong> Mezzo-soprano<br \/><strong>Vincent David<\/strong> Saxophone<\/p><p><strong> Laurent Cuniot<\/strong> Direction<\/p><p><em>Aeon, 2003<\/em><\/p><p>[\/et_pb_text][\/et_pb_column][\/et_pb_row][et_pb_row _builder_version=\"4.18.0\" _module_preset=\"default\" global_colors_info=\"{}\"][et_pb_column type=\"4_4\" _builder_version=\"4.18.0\" _module_preset=\"default\" global_colors_info=\"{}\"][et_pb_divider _builder_version=\"4.18.0\" _module_preset=\"default\" global_colors_info=\"{}\"][\/et_pb_divider][\/et_pb_column][\/et_pb_row][et_pb_row column_structure=\"2_5,3_5\" _builder_version=\"4.18.0\" _module_preset=\"default\" custom_padding=\"0px||||false|false\" global_colors_info=\"{}\"][et_pb_column type=\"2_5\" _builder_version=\"4.18.0\" _module_preset=\"default\" global_colors_info=\"{}\"][et_pb_image src=\"https:\/\/www.laurent-cuniot.com\/wp-content\/uploads\/2022\/12\/Image7.jpg\" title_text=\"Image7\" _builder_version=\"4.18.0\" _module_preset=\"default\" hover_enabled=\"0\" global_colors_info=\"{}\" width=\"70%\" sticky_enabled=\"0\"][\/et_pb_image][\/et_pb_column][et_pb_column type=\"3_5\" _builder_version=\"4.18.0\" _module_preset=\"default\" global_colors_info=\"{}\"][et_pb_text _builder_version=\"4.18.0\" _module_preset=\"default\" hover_enabled=\"0\" global_colors_info=\"{}\" custom_margin=\"20px||||false|false\" sticky_enabled=\"0\"]<\/p><h5><strong>\u00a0Suzanne Giraud- To onein Paradise<\/strong><\/h5><p>- To one in Paradise<br \/>- Envo\u00fbtements II,III & IV<\/p><p><strong>Sylvie Sull\u00e9<\/strong> Mezzo-soprano<\/p><p><strong>Orchestre Philharmonique de Radio-France<\/strong><\/p><p><strong>Laurent Cuniot<\/strong> Direction<\/p><p><em>MFA Radio-France 2001<\/em><\/p><p>[\/et_pb_text][\/et_pb_column][\/et_pb_row][et_pb_row _builder_version=\"4.18.0\" _module_preset=\"default\" global_colors_info=\"{}\"][et_pb_column type=\"4_4\" _builder_version=\"4.18.0\" _module_preset=\"default\" global_colors_info=\"{}\"][et_pb_divider _builder_version=\"4.18.0\" _module_preset=\"default\" global_colors_info=\"{}\"][\/et_pb_divider][\/et_pb_column][\/et_pb_row][et_pb_row column_structure=\"2_5,3_5\" _builder_version=\"4.18.0\" _module_preset=\"default\" custom_padding=\"0px||||false|false\" global_colors_info=\"{}\"][et_pb_column type=\"2_5\" _builder_version=\"4.18.0\" _module_preset=\"default\" global_colors_info=\"{}\"][et_pb_image src=\"https:\/\/www.laurent-cuniot.com\/wp-content\/uploads\/2022\/12\/Image8.jpg\" title_text=\"Image8\" _builder_version=\"4.18.0\" _module_preset=\"default\" global_colors_info=\"{}\"][\/et_pb_image][\/et_pb_column][et_pb_column type=\"3_5\" _builder_version=\"4.18.0\" _module_preset=\"default\" global_colors_info=\"{}\"][et_pb_text _builder_version=\"4.18.0\" _module_preset=\"default\" hover_enabled=\"0\" global_colors_info=\"{}\" custom_margin=\"5px||||false|false\" sticky_enabled=\"0\"]<\/p><h5><strong>Jos\u00e9-Luis Campana - Noctal<\/strong><\/h5><p>1. Dholak<br \/>4. Noctal 2<br \/>5. Noctal 3<\/p><p><strong>Ensemble TM+<\/strong><\/p><p><strong>Laurent Cuniot<\/strong> Direction<\/p><p><em>Skarbo, MFA-Radio-France, 1996<\/em><\/p><p>\u00a0<\/p><p>[\/et_pb_text][\/et_pb_column][\/et_pb_row][et_pb_row _builder_version=\"4.18.0\" _module_preset=\"default\" global_colors_info=\"{}\"][et_pb_column type=\"4_4\" _builder_version=\"4.18.0\" _module_preset=\"default\" global_colors_info=\"{}\"][et_pb_divider _builder_version=\"4.18.0\" _module_preset=\"default\" global_colors_info=\"{}\"][\/et_pb_divider][\/et_pb_column][\/et_pb_row][et_pb_row column_structure=\"2_5,3_5\" _builder_version=\"4.18.0\" _module_preset=\"default\" custom_padding=\"0px||||false|false\" global_colors_info=\"{}\"][et_pb_column type=\"2_5\" _builder_version=\"4.18.0\" _module_preset=\"default\" global_colors_info=\"{}\"][et_pb_image src=\"https:\/\/www.laurent-cuniot.com\/wp-content\/uploads\/2022\/12\/Image9.jpg\" title_text=\"Image9\" _builder_version=\"4.18.0\" _module_preset=\"default\" hover_enabled=\"0\" global_colors_info=\"{}\" width=\"70%\" sticky_enabled=\"0\"][\/et_pb_image][\/et_pb_column][et_pb_column type=\"3_5\" _builder_version=\"4.18.0\" _module_preset=\"default\" global_colors_info=\"{}\"][et_pb_text _builder_version=\"4.18.0\" _module_preset=\"default\" hover_enabled=\"0\" global_colors_info=\"{}\" sticky_enabled=\"0\"]<\/p><h5><strong>Fran\u00e7ois Paris - Sur la nuque de la mer \u00e9toil\u00e9e et autres pi\u00e8ces<\/strong><\/h5><p>1. Sur la nuque de la mer \u00e9toil\u00e9e<br \/>2. L\u2019octobre seul<br \/>3. Les cinq chants de l\u2019ombre blanche<br \/>4. Roque<\/p><p><strong>Donatienne Michel-Dansac<\/strong> Soprano<br \/><strong>C\u00e9cile Daroux<\/strong> Fl\u00fbtes<br \/><strong>Florian Lauridon<\/strong> Violoncelle<\/p><p><strong>Ensemble TM+<\/strong><\/p><p><strong>Laurent Cuniot<\/strong> Direction<\/p><p>Ensemble Itin\u00e9raire<\/p><p><strong>Pascal Roph\u00e9<\/strong> Direction<\/p><p><em>MFA \u2013 Radio France, 1995<\/em><\/p><p>\u00a0<\/p><p>[\/et_pb_text][\/et_pb_column][\/et_pb_row][et_pb_row _builder_version=\"4.18.0\" _module_preset=\"default\" global_colors_info=\"{}\"][et_pb_column type=\"4_4\" _builder_version=\"4.18.0\" _module_preset=\"default\" global_colors_info=\"{}\"][et_pb_divider _builder_version=\"4.18.0\" _module_preset=\"default\" global_colors_info=\"{}\"][\/et_pb_divider][\/et_pb_column][\/et_pb_row][et_pb_row column_structure=\"2_5,3_5\" _builder_version=\"4.18.0\" _module_preset=\"default\" custom_padding=\"0px||||false|false\" global_colors_info=\"{}\"][et_pb_column type=\"2_5\" _builder_version=\"4.18.0\" _module_preset=\"default\" global_colors_info=\"{}\"][et_pb_text _builder_version=\"4.18.0\" _module_preset=\"default\" global_colors_info=\"{}\"]<\/p><h4><strong>Collector<\/strong><\/h4><p>[\/et_pb_text][et_pb_image src=\"https:\/\/www.laurent-cuniot.com\/wp-content\/uploads\/2022\/12\/Image10.jpg\" title_text=\"Image10\" _builder_version=\"4.18.0\" _module_preset=\"default\" hover_enabled=\"0\" global_colors_info=\"{}\" width=\"70%\" sticky_enabled=\"0\"][\/et_pb_image][\/et_pb_column][et_pb_column type=\"3_5\" _builder_version=\"4.18.0\" _module_preset=\"default\" global_colors_info=\"{}\"][et_pb_text _builder_version=\"4.18.0\" _module_preset=\"default\" global_colors_info=\"{}\"][\/et_pb_text][et_pb_text _builder_version=\"4.18.0\" _module_preset=\"default\" hover_enabled=\"0\" global_colors_info=\"{}\" custom_margin=\"50px||||false|false\" sticky_enabled=\"0\"]<\/p><h5><strong>R\u00e9pertoire Trio instrumental \u00e9letroacoustique TM+<\/strong><\/h5><p>- <strong>Denis Dufour<\/strong> R\u00eave lisse<br \/>- <strong>Yann Geslin<\/strong> Volum\u00e9triques<br \/>- <strong>Laurent Cuniot<\/strong> Quatuor pour violon, violoncelle et 2 synth\u00e9tiseurs<br \/>- <strong>Philippe Mion<\/strong> Trois esquisses ouvertes<br \/>- <strong>Bernard Parmegiani<\/strong> Stries<\/p><p><strong>Denis Dufour et Yann Geslin<\/strong> synth\u00e9tiseurs<\/p><p><strong>Laurent Cuniot<\/strong> violon et synth\u00e9tiseurs<\/p><p><strong>Pierre Champagne<\/strong> violoncelle<\/p><p><em>INA-GRM 1984<\/em><\/p><p>[\/et_pb_text][\/et_pb_column][\/et_pb_row][et_pb_row _builder_version=\"4.18.0\" _module_preset=\"default\" global_colors_info=\"{}\"][et_pb_column type=\"4_4\" _builder_version=\"4.18.0\" _module_preset=\"default\" global_colors_info=\"{}\"][et_pb_divider _builder_version=\"4.18.0\" _module_preset=\"default\" global_colors_info=\"{}\"][\/et_pb_divider][\/et_pb_column][\/et_pb_row][et_pb_row column_structure=\"2_5,3_5\" _builder_version=\"4.18.0\" _module_preset=\"default\" custom_padding=\"0px||||false|false\" global_colors_info=\"{}\"][et_pb_column type=\"2_5\" _builder_version=\"4.18.0\" _module_preset=\"default\" global_colors_info=\"{}\"][et_pb_image src=\"https:\/\/www.laurent-cuniot.com\/wp-content\/uploads\/2022\/12\/Image11.jpg\" title_text=\"Image11\" _builder_version=\"4.18.0\" _module_preset=\"default\" hover_enabled=\"0\" global_colors_info=\"{}\" width=\"70%\" sticky_enabled=\"0\"][\/et_pb_image][\/et_pb_column][et_pb_column type=\"3_5\" _builder_version=\"4.18.0\" _module_preset=\"default\" global_colors_info=\"{}\"][et_pb_text _builder_version=\"4.18.0\" _module_preset=\"default\" hover_enabled=\"0\" global_colors_info=\"{}\" custom_margin=\"20px||||false|false\" sticky_enabled=\"0\"]<\/p><h5><strong>Guy Reibel - Douze inventions en six modes de jeu<\/strong><\/h5><p>Pour trio d'instruments \u00e9lectroacoustiques et bande magn\u00e9tique<\/p><p><strong>Trio Instrumental \u00c9lectroacoustique<\/strong><\/p><p><strong>Laurent Cuniot, Denis Dufour et Yann Geslin<\/strong> synth\u00e9tiseurs et corps sonores<\/p><p>Enregistrement au Grand Auditorium, Maison de la Radio, Paris, 7 mai 1979<\/p><p><em>Karlrecords, 2015 (version 1979)<\/em><\/p><p>[\/et_pb_text][\/et_pb_column][\/et_pb_row][\/et_pb_section]<\/p>","_et_gb_content_width":"","footnotes":""},"class_list":["post-930","page","type-page","status-publish","hentry"],"yoast_head":"<!-- This site is optimized with the Yoast SEO plugin v27.5 - https:\/\/yoast.com\/product\/yoast-seo-wordpress\/ -->\n<title>Projects &amp; discography - Laurent Cuniot - Compositeur Chef d&#039;orchestre<\/title>\n<meta name=\"robots\" content=\"index, follow, max-snippet:-1, max-image-preview:large, max-video-preview:-1\" \/>\n<link rel=\"canonical\" href=\"https:\/\/www.laurent-cuniot.com\/en\/projects-discography\/\" \/>\n<meta property=\"og:locale\" content=\"en_US\" \/>\n<meta property=\"og:type\" content=\"article\" \/>\n<meta property=\"og:title\" content=\"Projects &amp; discography - Laurent Cuniot - Compositeur Chef d&#039;orchestre\" \/>\n<meta property=\"og:description\" content=\"ProjectsLe chant de la terre for mezzo-soprano, tenor and 16 instruments. World Premiere on march 29th2024\u00a0 Monte-Carlo Printemps des arts festival.Commissioned by the Festival and the Mahler Foundation. &nbsp; S\u00e9r\u00e9nade \u00e9clat\u00e9e for 2 clarinets, mandolin, guitar, harp and string trio. In memoriam Arnold Schoenberg. World Premiere on november 2024 in Nanterre, Maison de la musique.DiscographyComposer- [&hellip;]\" \/>\n<meta property=\"og:url\" content=\"https:\/\/www.laurent-cuniot.com\/en\/projects-discography\/\" \/>\n<meta property=\"og:site_name\" content=\"Laurent Cuniot - Compositeur Chef d&#039;orchestre\" \/>\n<meta property=\"article:modified_time\" content=\"2023-01-25T14:16:51+00:00\" \/>\n<meta name=\"twitter:card\" content=\"summary_large_image\" \/>\n<meta name=\"twitter:label1\" content=\"Est. reading time\" \/>\n\t<meta name=\"twitter:data1\" content=\"5 minutes\" \/>\n<script type=\"application\/ld+json\" class=\"yoast-schema-graph\">{\"@context\":\"https:\\\/\\\/schema.org\",\"@graph\":[{\"@type\":\"WebPage\",\"@id\":\"https:\\\/\\\/www.laurent-cuniot.com\\\/en\\\/projects-discography\\\/\",\"url\":\"https:\\\/\\\/www.laurent-cuniot.com\\\/en\\\/projects-discography\\\/\",\"name\":\"Projects & discography - Laurent Cuniot - Compositeur Chef d&#039;orchestre\",\"isPartOf\":{\"@id\":\"https:\\\/\\\/www.laurent-cuniot.com\\\/en\\\/#website\"},\"datePublished\":\"2022-11-03T11:55:29+00:00\",\"dateModified\":\"2023-01-25T14:16:51+00:00\",\"breadcrumb\":{\"@id\":\"https:\\\/\\\/www.laurent-cuniot.com\\\/en\\\/projects-discography\\\/#breadcrumb\"},\"inLanguage\":\"en-US\",\"potentialAction\":[{\"@type\":\"ReadAction\",\"target\":[\"https:\\\/\\\/www.laurent-cuniot.com\\\/en\\\/projects-discography\\\/\"]}]},{\"@type\":\"BreadcrumbList\",\"@id\":\"https:\\\/\\\/www.laurent-cuniot.com\\\/en\\\/projects-discography\\\/#breadcrumb\",\"itemListElement\":[{\"@type\":\"ListItem\",\"position\":1,\"name\":\"Accueil\",\"item\":\"https:\\\/\\\/www.laurent-cuniot.com\\\/en\\\/\"},{\"@type\":\"ListItem\",\"position\":2,\"name\":\"Projects &#038; discography\"}]},{\"@type\":\"WebSite\",\"@id\":\"https:\\\/\\\/www.laurent-cuniot.com\\\/en\\\/#website\",\"url\":\"https:\\\/\\\/www.laurent-cuniot.com\\\/en\\\/\",\"name\":\"Laurent Cuniot - Compositeur Chef d&#039;orchestre\",\"description\":\"\",\"publisher\":{\"@id\":\"https:\\\/\\\/www.laurent-cuniot.com\\\/en\\\/#organization\"},\"potentialAction\":[{\"@type\":\"SearchAction\",\"target\":{\"@type\":\"EntryPoint\",\"urlTemplate\":\"https:\\\/\\\/www.laurent-cuniot.com\\\/en\\\/?s={search_term_string}\"},\"query-input\":{\"@type\":\"PropertyValueSpecification\",\"valueRequired\":true,\"valueName\":\"search_term_string\"}}],\"inLanguage\":\"en-US\"},{\"@type\":\"Organization\",\"@id\":\"https:\\\/\\\/www.laurent-cuniot.com\\\/en\\\/#organization\",\"name\":\"Laurent Cuniot - Compositeur Chef d&#039;orchestre\",\"url\":\"https:\\\/\\\/www.laurent-cuniot.com\\\/en\\\/\",\"logo\":{\"@type\":\"ImageObject\",\"inLanguage\":\"en-US\",\"@id\":\"https:\\\/\\\/www.laurent-cuniot.com\\\/en\\\/#\\\/schema\\\/logo\\\/image\\\/\",\"url\":\"https:\\\/\\\/www.laurent-cuniot.com\\\/wp-content\\\/uploads\\\/2022\\\/12\\\/Home2022-partition.jpg\",\"contentUrl\":\"https:\\\/\\\/www.laurent-cuniot.com\\\/wp-content\\\/uploads\\\/2022\\\/12\\\/Home2022-partition.jpg\",\"width\":1600,\"height\":900,\"caption\":\"Laurent Cuniot - Compositeur Chef d&#039;orchestre\"},\"image\":{\"@id\":\"https:\\\/\\\/www.laurent-cuniot.com\\\/en\\\/#\\\/schema\\\/logo\\\/image\\\/\"},\"sameAs\":[\"https:\\\/\\\/soundcloud.com\\\/laurent-cuniot\"]}]}<\/script>\n<!-- \/ Yoast SEO plugin. -->","yoast_head_json":{"title":"Projects & discography - Laurent Cuniot - Compositeur Chef d&#039;orchestre","robots":{"index":"index","follow":"follow","max-snippet":"max-snippet:-1","max-image-preview":"max-image-preview:large","max-video-preview":"max-video-preview:-1"},"canonical":"https:\/\/www.laurent-cuniot.com\/en\/projects-discography\/","og_locale":"en_US","og_type":"article","og_title":"Projects & discography - Laurent Cuniot - Compositeur Chef d&#039;orchestre","og_description":"ProjectsLe chant de la terre for mezzo-soprano, tenor and 16 instruments. World Premiere on march 29th2024\u00a0 Monte-Carlo Printemps des arts festival.Commissioned by the Festival and the Mahler Foundation. &nbsp; S\u00e9r\u00e9nade \u00e9clat\u00e9e for 2 clarinets, mandolin, guitar, harp and string trio. In memoriam Arnold Schoenberg. World Premiere on november 2024 in Nanterre, Maison de la musique.DiscographyComposer- [&hellip;]","og_url":"https:\/\/www.laurent-cuniot.com\/en\/projects-discography\/","og_site_name":"Laurent Cuniot - Compositeur Chef d&#039;orchestre","article_modified_time":"2023-01-25T14:16:51+00:00","twitter_card":"summary_large_image","twitter_misc":{"Est. reading time":"5 minutes"},"schema":{"@context":"https:\/\/schema.org","@graph":[{"@type":"WebPage","@id":"https:\/\/www.laurent-cuniot.com\/en\/projects-discography\/","url":"https:\/\/www.laurent-cuniot.com\/en\/projects-discography\/","name":"Projects & discography - Laurent Cuniot - Compositeur Chef d&#039;orchestre","isPartOf":{"@id":"https:\/\/www.laurent-cuniot.com\/en\/#website"},"datePublished":"2022-11-03T11:55:29+00:00","dateModified":"2023-01-25T14:16:51+00:00","breadcrumb":{"@id":"https:\/\/www.laurent-cuniot.com\/en\/projects-discography\/#breadcrumb"},"inLanguage":"en-US","potentialAction":[{"@type":"ReadAction","target":["https:\/\/www.laurent-cuniot.com\/en\/projects-discography\/"]}]},{"@type":"BreadcrumbList","@id":"https:\/\/www.laurent-cuniot.com\/en\/projects-discography\/#breadcrumb","itemListElement":[{"@type":"ListItem","position":1,"name":"Accueil","item":"https:\/\/www.laurent-cuniot.com\/en\/"},{"@type":"ListItem","position":2,"name":"Projects &#038; discography"}]},{"@type":"WebSite","@id":"https:\/\/www.laurent-cuniot.com\/en\/#website","url":"https:\/\/www.laurent-cuniot.com\/en\/","name":"Laurent Cuniot - Compositeur Chef d&#039;orchestre","description":"","publisher":{"@id":"https:\/\/www.laurent-cuniot.com\/en\/#organization"},"potentialAction":[{"@type":"SearchAction","target":{"@type":"EntryPoint","urlTemplate":"https:\/\/www.laurent-cuniot.com\/en\/?s={search_term_string}"},"query-input":{"@type":"PropertyValueSpecification","valueRequired":true,"valueName":"search_term_string"}}],"inLanguage":"en-US"},{"@type":"Organization","@id":"https:\/\/www.laurent-cuniot.com\/en\/#organization","name":"Laurent Cuniot - Compositeur Chef d&#039;orchestre","url":"https:\/\/www.laurent-cuniot.com\/en\/","logo":{"@type":"ImageObject","inLanguage":"en-US","@id":"https:\/\/www.laurent-cuniot.com\/en\/#\/schema\/logo\/image\/","url":"https:\/\/www.laurent-cuniot.com\/wp-content\/uploads\/2022\/12\/Home2022-partition.jpg","contentUrl":"https:\/\/www.laurent-cuniot.com\/wp-content\/uploads\/2022\/12\/Home2022-partition.jpg","width":1600,"height":900,"caption":"Laurent Cuniot - Compositeur Chef d&#039;orchestre"},"image":{"@id":"https:\/\/www.laurent-cuniot.com\/en\/#\/schema\/logo\/image\/"},"sameAs":["https:\/\/soundcloud.com\/laurent-cuniot"]}]}},"_links":{"self":[{"href":"https:\/\/www.laurent-cuniot.com\/en\/wp-json\/wp\/v2\/pages\/930","targetHints":{"allow":["GET"]}}],"collection":[{"href":"https:\/\/www.laurent-cuniot.com\/en\/wp-json\/wp\/v2\/pages"}],"about":[{"href":"https:\/\/www.laurent-cuniot.com\/en\/wp-json\/wp\/v2\/types\/page"}],"author":[{"embeddable":true,"href":"https:\/\/www.laurent-cuniot.com\/en\/wp-json\/wp\/v2\/users\/1"}],"replies":[{"embeddable":true,"href":"https:\/\/www.laurent-cuniot.com\/en\/wp-json\/wp\/v2\/comments?post=930"}],"version-history":[{"count":7,"href":"https:\/\/www.laurent-cuniot.com\/en\/wp-json\/wp\/v2\/pages\/930\/revisions"}],"predecessor-version":[{"id":1197,"href":"https:\/\/www.laurent-cuniot.com\/en\/wp-json\/wp\/v2\/pages\/930\/revisions\/1197"}],"wp:attachment":[{"href":"https:\/\/www.laurent-cuniot.com\/en\/wp-json\/wp\/v2\/media?parent=930"}],"curies":[{"name":"wp","href":"https:\/\/api.w.org\/{rel}","templated":true}]}}