{"id":917,"date":"2022-10-26T15:40:43","date_gmt":"2022-10-26T13:40:43","guid":{"rendered":"https:\/\/www.laurent-cuniot.com\/?page_id=917"},"modified":"2025-12-21T16:35:18","modified_gmt":"2025-12-21T15:35:18","slug":"artistic-director","status":"publish","type":"page","link":"https:\/\/www.laurent-cuniot.com\/en\/artistic-director\/","title":{"rendered":"Conductor &#038; Artistic Director"},"content":{"rendered":"<p>[et_pb_section fb_built=&#8221;1&#8243; _builder_version=&#8221;4.18.0&#8243; _module_preset=&#8221;default&#8221; custom_padding=&#8221;20px||||false|false&#8221; animation_style=&#8221;fade&#8221; global_colors_info=&#8221;{}&#8221;][et_pb_row _builder_version=&#8221;4.18.0&#8243; _module_preset=&#8221;default&#8221; global_colors_info=&#8221;{}&#8221;][et_pb_column type=&#8221;4_4&#8243; _builder_version=&#8221;4.18.0&#8243; _module_preset=&#8221;default&#8221; global_colors_info=&#8221;{}&#8221;][et_pb_text _builder_version=&#8221;4.18.0&#8243; _module_preset=&#8221;default&#8221; global_colors_info=&#8221;{}&#8221;]<\/p>\n<div id=\"g1-content-area\">\n<div id=\"primary\">\n<div id=\"content\" role=\"main\">\n<article id=\"post-1310\" class=\"post-1310 page type-page status-publish hentry\">\n<header class=\"entry-header\">\n<hgroup>\n<h1 class=\"entry-title\">Conductor and Artistic Director<\/h1>\n<\/hgroup>\n<\/header>\n<\/article>\n<\/div>\n<\/div>\n<\/div>\n<p>[\/et_pb_text][\/et_pb_column][\/et_pb_row][et_pb_row column_structure=&#8221;3_5,2_5&#8243; _builder_version=&#8221;4.18.0&#8243; _module_preset=&#8221;default&#8221; custom_padding=&#8221;0px||||false|false&#8221; global_colors_info=&#8221;{}&#8221;][et_pb_column type=&#8221;3_5&#8243; _builder_version=&#8221;4.18.0&#8243; _module_preset=&#8221;default&#8221; global_colors_info=&#8221;{}&#8221;][et_pb_text _builder_version=&#8221;4.27.5&#8243; _module_preset=&#8221;default&#8221; hover_enabled=&#8221;0&#8243; global_colors_info=&#8221;{}&#8221; sticky_enabled=&#8221;0&#8243;]<\/p>\n<p style=\"text-align: justify;\">Since 1986, together with the <a href=\"http:\/\/www.tmplus.org\" target=\"_blank\" rel=\"noopener\">TM+<\/a>\u00a0Ensemble, Laurent Cuniot has been leading a project which goal is to renew the links between creation and repertoire. He puts into place new concert forms, works on interlacing different art disciplines together with stage directors, choreographs and plastic artists, figures out new artistic propositions and cultural actions that move towards audiences of all origins and all generations.<\/p>\n<p style=\"text-align: justify;\">In parallel with this project, which is the guideline of his social and political artistic commitment, Laurent Cuniot regularly conducts contemporary ensembles and symphonic orchestras. He works with ensembles such as Court-Circuit (F), the Ensemble Orchestral Contemporain (F), Recherche Ensemble (G), Alter-ego (IT) or Sond\u2019Arte electric ensemble (PORT).<\/p>\n<p style=\"text-align: justify;\">From 1993 to 2003 he is invited by the Orchestre Philharmonique de Radio-France, with which he created works by Marco Stroppa, Oscar Stranoy, Misato Mochizuki, Fran\u00e7ois Paris, Ramon Lazkano\u2026 and recorded <em>To One In Paradise<\/em> by Suzanne Giraud for the MFA Radio-France label.<\/p>\n<p style=\"text-align: justify;\">He interpreted works from the romantic repertoire with the Ensemble Instrumental de Grenoble and pianist Fran\u00e7ois-Ren\u00e9 Duch\u00e2ble, or with the Orchestre National de Lille with Dimitri Vassilkis at the piano. Yet, his favorite repertoire is the 20<sup>th<\/sup> century\u2019s classics (Schoenberg, Berg, Varese, Stravinsky, Janacek \u2026) as well as contemporary works, which he interpreted with orchestras such as Radio Belgrade Orchestra, Durban\u2019s KZN Philharmonic Orchestra, Radio Tirana Orchestra or the Orchestre Symphonique de Mulhouse.<\/p>\n<p style=\"text-align: justify;\">His true passion for the performing arts prompted him to create several contemporary operas such as Philippe Mion\u2019s <em>Leone<\/em>, <em>Les Sacrifi\u00e9es<\/em> (The Sacrificed) by Thierry P\u00e9cou,<em> Les Quatre Jumelles<\/em> ( Four Twins) by R\u00e9gis Campo and his own 2010 composition <em>Des P\u00e9tales dans la bouche<\/em> (Petals in the mouth).<\/p>\n<p style=\"text-align: justify;\">From 2011 to 2015 he was both conductor and actor, in the role of the Devil, in the unique staging by Jean-Christophe Sa\u00efs of Stravinsky\u2019s <em>Histoire du soldat<\/em>. The show met enthusiastic and exceptional approval from critics and audiences alike.<\/p>\n<p style=\"text-align: justify;\">During the 2015-2016 season Laurent Cuniot conducted stage director\u2019s Louise Moaty <em>The Cunning Little Vixen<\/em> ARCAL production, as well as <em>Counterphrases<\/em>, a show conceived by Thierry de Mey which integrates films of choreograph Anne-Teresa de Keersmaeker\u2019s works and Kora player Ballak\u00e9 Sissoko\u2019s live music in opposition to compositions by R.de Raaf, J.Harvey, L.Francesconi, T.de Mey, S.Reich and F.Romitelli.<\/p>\n<p style=\"text-align: justify;\">Next season, besides the Parisian revival of<em> The Cunning Little Vixen<\/em> production at the Ath\u00e9n\u00e9e Theater, he shall conduct the French premiere of the mythical <em>Votre Faust<\/em> by Henri Pousseur and Michel Butor, the first and unique participatory opera.<\/p>\n<p style=\"text-align: justify;\">He took up again the opera <em>The Cunning Little Vixen<\/em> at the Ath\u00e9n\u00e9e Theater in Paris during the 2016\/2017 season, and conducted the French creation of the legendary opera <em>Votre Faust<\/em> by Henry Pousseur and Michel Butor staged by Al\u00e9nior Dauchez, a first and only participatory opera.<\/p>\n<p style=\"text-align: justify;\">After the creation of <em>The Other (In)Side<\/em> by Benjamin de la Fuente and the multimedia concert Bal pass\u00e9 by Januibe Tejera and Claudio Cavallari during the season 2018\/2019, he conducted <em>La Vall\u00e9e de l\u2019Etonnement<\/em> in the fall of 2021 by Alexandros Markeas and staged by Sylvain Maurice.<\/p>\n<p>During the 2022\/2023 season Laurent Cuniot notably proposed an Augmented Concert 3.0 based on Maurice Ravel\u2019s\u00a0<em>Three Poems by Stephane Mallarm\u00e9<\/em>\u00a0and Jonathan Harvey\u2019s\u00a0<em>Song Offerings<\/em>\u00a0in collaboration with stage director Liza Guez, Madeleine Fournier choreograph, Clio Simon videographer and Christophe Schaeffer lighting engineer.<\/p>\n<p>In 2024 he created the Monodrama <em>Und<\/em> by Daniel D\u2019Adamo with stage director Julie Delille, and also created his own <em>Chant de la Terre<\/em> (<em>The Song of the Earth) which was <\/em>awarded the critics&#8217; prize<strong><em>.<\/em><\/strong><\/p>\n<p>For his last season as the TM+ musical director, in 2025 Laurent Cuniot conducted the mirror program <span><a href=\"https:\/\/www.tmplus.org\/projet\/dune-serenade-lautre\/\"><em>D\u2019une s\u00e9r\u00e9nade l\u2019autre<\/em><\/a><\/span>, a <em>mise en abyme<\/em> of Schoenberg\u2019s Serenade Opus 24 inserted into his own work <span><a href=\"https:\/\/www.laurent-cuniot.com\/?page_id=1322&amp;preview=true\"><em>S\u00e9r\u00e9nade amorphose<\/em><\/a><\/span> in dialogue with videographer Christophe Schaeffer\u2019s creation about a Nicolas de Sta\u00ebl painting: Le concert.<\/p>\n<p><a href=\"https:\/\/www.tmplus.org\/projet\/daujourdhui-a-demain\/\"><u>Find out more<\/u><\/a><\/p>\n<p>&nbsp;<\/p>\n<p>[\/et_pb_text][\/et_pb_column][et_pb_column type=&#8221;2_5&#8243; _builder_version=&#8221;4.18.0&#8243; _module_preset=&#8221;default&#8221; global_colors_info=&#8221;{}&#8221;][et_pb_image src=&#8221;https:\/\/www.laurent-cuniot.com\/wp-content\/uploads\/2022\/10\/Direct-mus.jpg&#8221; title_text=&#8221;Direct-mus&#8221; _builder_version=&#8221;4.18.0&#8243; _module_preset=&#8221;default&#8221; global_colors_info=&#8221;{}&#8221;][\/et_pb_image][et_pb_image src=&#8221;https:\/\/www.laurent-cuniot.com\/wp-content\/uploads\/2022\/10\/orchestre.jpg&#8221; title_text=&#8221;orchestre&#8221; force_fullwidth=&#8221;on&#8221; _builder_version=&#8221;4.18.0&#8243; _module_preset=&#8221;default&#8221; global_colors_info=&#8221;{}&#8221;][\/et_pb_image][\/et_pb_column][\/et_pb_row][\/et_pb_section]<\/p>\n","protected":false},"excerpt":{"rendered":"<p>Conductor and Artistic Director Since 1986, together with the TM+\u00a0Ensemble, Laurent Cuniot has been leading a project which goal is to renew the links between creation and repertoire. He puts into place new concert forms, works on interlacing different art disciplines together with stage directors, choreographs and plastic artists, figures out new artistic propositions and [&hellip;]<\/p>\n","protected":false},"author":1,"featured_media":0,"parent":0,"menu_order":0,"comment_status":"closed","ping_status":"closed","template":"","meta":{"_et_pb_use_builder":"on","_et_pb_old_content":"<p>[et_pb_section fb_built=\"1\" _builder_version=\"4.18.0\" _module_preset=\"default\" custom_padding=\"20px||||false|false\" animation_style=\"fade\" global_colors_info=\"{}\"][et_pb_row _builder_version=\"4.18.0\" _module_preset=\"default\" global_colors_info=\"{}\"][et_pb_column type=\"4_4\" _builder_version=\"4.18.0\" _module_preset=\"default\" global_colors_info=\"{}\"][et_pb_text _builder_version=\"4.18.0\" _module_preset=\"default\" global_colors_info=\"{}\"]<\/p><h1>Direction musicale et artistique<\/h1><p>[\/et_pb_text][\/et_pb_column][\/et_pb_row][et_pb_row column_structure=\"3_5,2_5\" _builder_version=\"4.18.0\" _module_preset=\"default\" custom_padding=\"0px||||false|false\" global_colors_info=\"{}\"][et_pb_column type=\"3_5\" _builder_version=\"4.18.0\" _module_preset=\"default\" global_colors_info=\"{}\"][et_pb_text _builder_version=\"4.18.0\" _module_preset=\"default\" hover_enabled=\"0\" global_colors_info=\"{}\" sticky_enabled=\"0\"]<\/p><p style=\"text-align: justify;\">Avec TM+, ensemble orchestral de musique d\u2019aujourd\u2019hui, Laurent Cuniot conduit depuis 1986 un projet qui renouvelle les liens entre cr\u00e9ation et r\u00e9pertoire, repense la forme du concert, travaille la transdisciplinarit\u00e9 avec des metteurs en sc\u00e8ne, des chor\u00e9graphes, des plasticiens, invente sur un territoire des propositions artistiques et des actions culturelles en direction de publics de toutes origines, de toutes g\u00e9n\u00e9rations.<\/p><p style=\"text-align: justify;\">En parall\u00e8le de ce projet, qui est le fil conducteur de son engagement artistique, social et politique, Laurent Cuniot dirige r\u00e9guli\u00e8rement des ensembles sp\u00e9cialis\u00e9s ou des formations symphoniques. Il collabore avec des groupes comme Court-Circuit, l\u2019Ensemble Orchestral Contemporain, l\u2019Ensemble Recherche (All), Alter-ego (It) ou Sond\u2019Arte electric ensemble (Port).<\/p><p style=\"text-align: justify;\">De 1993 \u00e0 2003 il est invit\u00e9 par l\u2019Orchestre Philharmonique de Radio-France avec lequel il cr\u00e9\u00e9 les \u0153uvres de compositeurs comme Marco Stroppa, Oscar Stranoy, Misato Mochizuki, Fran\u00e7ois Paris, Ramon Lazkano et enregistre pour le label MFA Radio-France To one in paradise de Suzanne Giraud.<\/p><p style=\"text-align: justify;\">Il aborde le r\u00e9pertoire romantique avec l\u2019Ensemble Instrumental de Grenoble et le pianiste Fran\u00e7ois-Ren\u00e9 Duch\u00e2ble ou l\u2019Orchestre National de Lille et le pianiste Dimitri Vassilakis, mais son r\u00e9pertoire de pr\u00e9dilection reste les classiques du XX\u00b0 si\u00e8cle (Schoenberg, Berg, Var\u00e8se, Stravinsky, Jan\u00e1\u010dek, \u2026) et les \u0153uvres contemporaines qu\u2019il interpr\u00e8te avec des orchestres comme l\u2019Orchestre de la Radio de Belgrade, le KZN Philharmonic Orchestra de Durban, l\u2019Orchestre de la Radio de Tirana, l\u2019Orchestre Symphonique de Mulhouse.<\/p><p style=\"text-align: justify;\">Passionn\u00e9 par la sc\u00e8ne, il cr\u00e9e de nombreuses \u0153uvres lyriques dont Leone de Philippe Mion, Ubu Roi de Vincent Bouchot, Les Sacrifi\u00e9es de Thierry P\u00e9cou, Les Quatre Jumelles de R\u00e9gis Campo ou Des P\u00e9tales dans la bouche qu\u2019il compose en 2010.<\/p><p style=\"text-align: justify;\">De 2011 \u00e0 2015, il est \u00e0 la fois le diable et le chef d\u2019orchestre dans la rare mise en sc\u00e8ne de Jean-Christophe Sa\u00efs de l\u2019Histoire du soldat de Stravinsky qui re\u00e7oit un accueil public et critique exceptionnel.<\/p><p style=\"text-align: justify;\">En 2015\/2016, il dirige la production de l\u2019ARCAL de La petite renarde rus\u00e9e de Jan\u00e1\u010dek dans la mise en sc\u00e8ne de Louise Moaty et Counterphrases, spectacle construit par Thierry de Mey autour de films des chor\u00e9graphies d\u2019Anne-Teresa de Keersmaeker, avec des musiques du joueur de Kora Ballak\u00e9 Sissoko confront\u00e9es aux \u0153uvres de R.de Raaf, J.Harvey, L.Francesconi, T.de Mey, S.Reich et F.Romitelli.<\/p><p style=\"text-align: justify;\">Il reprend au cours de la saison 2016\/2017 La petite renarde rus\u00e9e au Th\u00e9\u00e2tre de l\u2019Ath\u00e9n\u00e9e et assure la cr\u00e9ation fran\u00e7aise, dans la mise en sc\u00e8ne d\u2019Ali\u00e9nor Dauchez, du mythique Votre Faust de Henri Pousseur et Michel Butor, premier et unique op\u00e9ra participatif.<\/p><p style=\"text-align: justify;\">Apr\u00e8s la cr\u00e9ation au cours de la saison 2018\/2019 de The other (in)side de Benjamin de la Fuente et Bal Pass\u00e9, concert multim\u00e9dia\u00a0de Januibe Tejera et Claudio Cavallari,\u00a0 il dirige \u00e0 l\u2019automne 2021 La vall\u00e9e de l\u2019\u00e9tonnement, op\u00e9ra d\u2019Alexandros Markeas mis en sc\u00e8ne par Sylvain Maurice .<br \/>Lors de la saison 2022\/2023 il proposera notamment un \u00ab\u00a0concert augment\u00e9 3.0\u2033 autour des 3 po\u00e8mes de St\u00e9phane Mallarm\u00e9 de Maurice Ravel et de Song offerings de Jonathan Harvey avec la complicit\u00e9 de la metteuse en sc\u00e8ne Lisa Guez, de la chor\u00e9graphe Madeleine Fournier, de la vid\u00e9aste Clio Simon et de l\u2019\u00e9clairagiste Christophe Schaeffer.<\/p><p>[\/et_pb_text][et_pb_text _builder_version=\"4.18.0\" _module_preset=\"default\" global_colors_info=\"{}\"]<\/p><h1 style=\"text-align: center;\">Actualit\u00e9 22\/23<\/h1><p>[\/et_pb_text][et_pb_text _builder_version=\"4.18.0\" _module_preset=\"default\" global_colors_info=\"{}\"]<\/p><p><em>Icare Sampati<\/em> Cantate \u00e9pique et utopique d\u2019Alexandros Markeas<\/p><p><strong>Tourn\u00e9e au Bangladesh<\/strong><br \/><strong>Du 15 au 26\/09\/22<\/strong><\/p><p>EN SAVOIR PLUS sur la saison compl\u00e8te de TM+<\/p><p>[\/et_pb_text][\/et_pb_column][et_pb_column type=\"2_5\" _builder_version=\"4.18.0\" _module_preset=\"default\" global_colors_info=\"{}\"][et_pb_image src=\"https:\/\/www.laurent-cuniot.com\/wp-content\/uploads\/2022\/10\/Direct-mus.jpg\" title_text=\"Direct-mus\" _builder_version=\"4.18.0\" _module_preset=\"default\" global_colors_info=\"{}\"][\/et_pb_image][et_pb_image src=\"https:\/\/www.laurent-cuniot.com\/wp-content\/uploads\/2022\/10\/orchestre.jpg\" title_text=\"orchestre\" force_fullwidth=\"on\" _builder_version=\"4.18.0\" _module_preset=\"default\" global_colors_info=\"{}\"][\/et_pb_image][et_pb_image src=\"https:\/\/www.laurent-cuniot.com\/wp-content\/uploads\/2022\/10\/direction.jpg\" title_text=\"direction\" force_fullwidth=\"on\" _builder_version=\"4.18.0\" _module_preset=\"default\" global_colors_info=\"{}\"][\/et_pb_image][\/et_pb_column][\/et_pb_row][\/et_pb_section]<\/p>","_et_gb_content_width":"","footnotes":""},"class_list":["post-917","page","type-page","status-publish","hentry"],"yoast_head":"<!-- This site is optimized with the Yoast SEO plugin v27.5 - https:\/\/yoast.com\/product\/yoast-seo-wordpress\/ -->\n<title>Conductor &amp; Artistic Director - Laurent Cuniot - Compositeur Chef d&#039;orchestre<\/title>\n<meta name=\"robots\" content=\"index, follow, max-snippet:-1, max-image-preview:large, max-video-preview:-1\" \/>\n<link rel=\"canonical\" href=\"https:\/\/www.laurent-cuniot.com\/en\/artistic-director\/\" \/>\n<meta property=\"og:locale\" content=\"en_US\" \/>\n<meta property=\"og:type\" content=\"article\" \/>\n<meta property=\"og:title\" content=\"Conductor &amp; Artistic Director - Laurent Cuniot - Compositeur Chef d&#039;orchestre\" \/>\n<meta property=\"og:description\" content=\"Conductor and Artistic Director Since 1986, together with the TM+\u00a0Ensemble, Laurent Cuniot has been leading a project which goal is to renew the links between creation and repertoire. He puts into place new concert forms, works on interlacing different art disciplines together with stage directors, choreographs and plastic artists, figures out new artistic propositions and [&hellip;]\" \/>\n<meta property=\"og:url\" content=\"https:\/\/www.laurent-cuniot.com\/en\/artistic-director\/\" \/>\n<meta property=\"og:site_name\" content=\"Laurent Cuniot - Compositeur Chef d&#039;orchestre\" \/>\n<meta property=\"article:modified_time\" content=\"2025-12-21T15:35:18+00:00\" \/>\n<meta name=\"twitter:card\" content=\"summary_large_image\" \/>\n<meta name=\"twitter:label1\" content=\"Est. reading time\" \/>\n\t<meta name=\"twitter:data1\" content=\"3 minutes\" \/>\n<script type=\"application\/ld+json\" class=\"yoast-schema-graph\">{\"@context\":\"https:\\\/\\\/schema.org\",\"@graph\":[{\"@type\":\"WebPage\",\"@id\":\"https:\\\/\\\/www.laurent-cuniot.com\\\/en\\\/artistic-director\\\/\",\"url\":\"https:\\\/\\\/www.laurent-cuniot.com\\\/en\\\/artistic-director\\\/\",\"name\":\"Conductor & Artistic Director - Laurent Cuniot - Compositeur Chef d&#039;orchestre\",\"isPartOf\":{\"@id\":\"https:\\\/\\\/www.laurent-cuniot.com\\\/en\\\/#website\"},\"datePublished\":\"2022-10-26T13:40:43+00:00\",\"dateModified\":\"2025-12-21T15:35:18+00:00\",\"breadcrumb\":{\"@id\":\"https:\\\/\\\/www.laurent-cuniot.com\\\/en\\\/artistic-director\\\/#breadcrumb\"},\"inLanguage\":\"en-US\",\"potentialAction\":[{\"@type\":\"ReadAction\",\"target\":[\"https:\\\/\\\/www.laurent-cuniot.com\\\/en\\\/artistic-director\\\/\"]}]},{\"@type\":\"BreadcrumbList\",\"@id\":\"https:\\\/\\\/www.laurent-cuniot.com\\\/en\\\/artistic-director\\\/#breadcrumb\",\"itemListElement\":[{\"@type\":\"ListItem\",\"position\":1,\"name\":\"Accueil\",\"item\":\"https:\\\/\\\/www.laurent-cuniot.com\\\/en\\\/\"},{\"@type\":\"ListItem\",\"position\":2,\"name\":\"Conductor &#038; Artistic Director\"}]},{\"@type\":\"WebSite\",\"@id\":\"https:\\\/\\\/www.laurent-cuniot.com\\\/en\\\/#website\",\"url\":\"https:\\\/\\\/www.laurent-cuniot.com\\\/en\\\/\",\"name\":\"Laurent Cuniot - Compositeur Chef d&#039;orchestre\",\"description\":\"\",\"publisher\":{\"@id\":\"https:\\\/\\\/www.laurent-cuniot.com\\\/en\\\/#organization\"},\"potentialAction\":[{\"@type\":\"SearchAction\",\"target\":{\"@type\":\"EntryPoint\",\"urlTemplate\":\"https:\\\/\\\/www.laurent-cuniot.com\\\/en\\\/?s={search_term_string}\"},\"query-input\":{\"@type\":\"PropertyValueSpecification\",\"valueRequired\":true,\"valueName\":\"search_term_string\"}}],\"inLanguage\":\"en-US\"},{\"@type\":\"Organization\",\"@id\":\"https:\\\/\\\/www.laurent-cuniot.com\\\/en\\\/#organization\",\"name\":\"Laurent Cuniot - Compositeur Chef d&#039;orchestre\",\"url\":\"https:\\\/\\\/www.laurent-cuniot.com\\\/en\\\/\",\"logo\":{\"@type\":\"ImageObject\",\"inLanguage\":\"en-US\",\"@id\":\"https:\\\/\\\/www.laurent-cuniot.com\\\/en\\\/#\\\/schema\\\/logo\\\/image\\\/\",\"url\":\"https:\\\/\\\/www.laurent-cuniot.com\\\/wp-content\\\/uploads\\\/2022\\\/12\\\/Home2022-partition.jpg\",\"contentUrl\":\"https:\\\/\\\/www.laurent-cuniot.com\\\/wp-content\\\/uploads\\\/2022\\\/12\\\/Home2022-partition.jpg\",\"width\":1600,\"height\":900,\"caption\":\"Laurent Cuniot - Compositeur Chef d&#039;orchestre\"},\"image\":{\"@id\":\"https:\\\/\\\/www.laurent-cuniot.com\\\/en\\\/#\\\/schema\\\/logo\\\/image\\\/\"},\"sameAs\":[\"https:\\\/\\\/soundcloud.com\\\/laurent-cuniot\"]}]}<\/script>\n<!-- \/ Yoast SEO plugin. -->","yoast_head_json":{"title":"Conductor & Artistic Director - Laurent Cuniot - Compositeur Chef d&#039;orchestre","robots":{"index":"index","follow":"follow","max-snippet":"max-snippet:-1","max-image-preview":"max-image-preview:large","max-video-preview":"max-video-preview:-1"},"canonical":"https:\/\/www.laurent-cuniot.com\/en\/artistic-director\/","og_locale":"en_US","og_type":"article","og_title":"Conductor & Artistic Director - Laurent Cuniot - Compositeur Chef d&#039;orchestre","og_description":"Conductor and Artistic Director Since 1986, together with the TM+\u00a0Ensemble, Laurent Cuniot has been leading a project which goal is to renew the links between creation and repertoire. He puts into place new concert forms, works on interlacing different art disciplines together with stage directors, choreographs and plastic artists, figures out new artistic propositions and [&hellip;]","og_url":"https:\/\/www.laurent-cuniot.com\/en\/artistic-director\/","og_site_name":"Laurent Cuniot - Compositeur Chef d&#039;orchestre","article_modified_time":"2025-12-21T15:35:18+00:00","twitter_card":"summary_large_image","twitter_misc":{"Est. reading time":"3 minutes"},"schema":{"@context":"https:\/\/schema.org","@graph":[{"@type":"WebPage","@id":"https:\/\/www.laurent-cuniot.com\/en\/artistic-director\/","url":"https:\/\/www.laurent-cuniot.com\/en\/artistic-director\/","name":"Conductor & Artistic Director - Laurent Cuniot - Compositeur Chef d&#039;orchestre","isPartOf":{"@id":"https:\/\/www.laurent-cuniot.com\/en\/#website"},"datePublished":"2022-10-26T13:40:43+00:00","dateModified":"2025-12-21T15:35:18+00:00","breadcrumb":{"@id":"https:\/\/www.laurent-cuniot.com\/en\/artistic-director\/#breadcrumb"},"inLanguage":"en-US","potentialAction":[{"@type":"ReadAction","target":["https:\/\/www.laurent-cuniot.com\/en\/artistic-director\/"]}]},{"@type":"BreadcrumbList","@id":"https:\/\/www.laurent-cuniot.com\/en\/artistic-director\/#breadcrumb","itemListElement":[{"@type":"ListItem","position":1,"name":"Accueil","item":"https:\/\/www.laurent-cuniot.com\/en\/"},{"@type":"ListItem","position":2,"name":"Conductor &#038; Artistic Director"}]},{"@type":"WebSite","@id":"https:\/\/www.laurent-cuniot.com\/en\/#website","url":"https:\/\/www.laurent-cuniot.com\/en\/","name":"Laurent Cuniot - Compositeur Chef d&#039;orchestre","description":"","publisher":{"@id":"https:\/\/www.laurent-cuniot.com\/en\/#organization"},"potentialAction":[{"@type":"SearchAction","target":{"@type":"EntryPoint","urlTemplate":"https:\/\/www.laurent-cuniot.com\/en\/?s={search_term_string}"},"query-input":{"@type":"PropertyValueSpecification","valueRequired":true,"valueName":"search_term_string"}}],"inLanguage":"en-US"},{"@type":"Organization","@id":"https:\/\/www.laurent-cuniot.com\/en\/#organization","name":"Laurent Cuniot - Compositeur Chef d&#039;orchestre","url":"https:\/\/www.laurent-cuniot.com\/en\/","logo":{"@type":"ImageObject","inLanguage":"en-US","@id":"https:\/\/www.laurent-cuniot.com\/en\/#\/schema\/logo\/image\/","url":"https:\/\/www.laurent-cuniot.com\/wp-content\/uploads\/2022\/12\/Home2022-partition.jpg","contentUrl":"https:\/\/www.laurent-cuniot.com\/wp-content\/uploads\/2022\/12\/Home2022-partition.jpg","width":1600,"height":900,"caption":"Laurent Cuniot - Compositeur Chef d&#039;orchestre"},"image":{"@id":"https:\/\/www.laurent-cuniot.com\/en\/#\/schema\/logo\/image\/"},"sameAs":["https:\/\/soundcloud.com\/laurent-cuniot"]}]}},"_links":{"self":[{"href":"https:\/\/www.laurent-cuniot.com\/en\/wp-json\/wp\/v2\/pages\/917","targetHints":{"allow":["GET"]}}],"collection":[{"href":"https:\/\/www.laurent-cuniot.com\/en\/wp-json\/wp\/v2\/pages"}],"about":[{"href":"https:\/\/www.laurent-cuniot.com\/en\/wp-json\/wp\/v2\/types\/page"}],"author":[{"embeddable":true,"href":"https:\/\/www.laurent-cuniot.com\/en\/wp-json\/wp\/v2\/users\/1"}],"replies":[{"embeddable":true,"href":"https:\/\/www.laurent-cuniot.com\/en\/wp-json\/wp\/v2\/comments?post=917"}],"version-history":[{"count":8,"href":"https:\/\/www.laurent-cuniot.com\/en\/wp-json\/wp\/v2\/pages\/917\/revisions"}],"predecessor-version":[{"id":1395,"href":"https:\/\/www.laurent-cuniot.com\/en\/wp-json\/wp\/v2\/pages\/917\/revisions\/1395"}],"wp:attachment":[{"href":"https:\/\/www.laurent-cuniot.com\/en\/wp-json\/wp\/v2\/media?parent=917"}],"curies":[{"name":"wp","href":"https:\/\/api.w.org\/{rel}","templated":true}]}}