{"id":869,"date":"2022-12-14T11:34:25","date_gmt":"2022-12-14T10:34:25","guid":{"rendered":"https:\/\/www.laurent-cuniot.com\/?page_id=869"},"modified":"2023-01-07T14:30:44","modified_gmt":"2023-01-07T13:30:44","slug":"les-mains-invisibles-2","status":"publish","type":"page","link":"https:\/\/www.laurent-cuniot.com\/en\/les-mains-invisibles-2\/","title":{"rendered":"Les mains invisibles"},"content":{"rendered":"<p>[et_pb_section fb_built=&#8221;1&#8243; _builder_version=&#8221;4.18.0&#8243; _module_preset=&#8221;default&#8221; custom_padding=&#8221;20px||||false|false&#8221; animation_style=&#8221;fade&#8221; global_colors_info=&#8221;{}&#8221;][et_pb_row _builder_version=&#8221;4.18.0&#8243; _module_preset=&#8221;default&#8221; global_colors_info=&#8221;{}&#8221;][et_pb_column type=&#8221;4_4&#8243; _builder_version=&#8221;4.18.0&#8243; _module_preset=&#8221;default&#8221; global_colors_info=&#8221;{}&#8221;][et_pb_text _builder_version=&#8221;4.18.0&#8243; _module_preset=&#8221;default&#8221; global_colors_info=&#8221;{}&#8221;]<\/p>\n<div id=\"g1-content-area\">\n<div id=\"primary\">\n<div id=\"content\" role=\"main\">\n<article id=\"post-1939\" class=\"post-1939 page type-page status-publish hentry\">\n<header class=\"entry-header\">\n<hgroup>\n<h1 class=\"entry-title\">Les mains invisibles<\/h1>\n<\/hgroup>\n<\/header>\n<\/article>\n<\/div>\n<\/div>\n<\/div>\n<p>[\/et_pb_text][\/et_pb_column][\/et_pb_row][et_pb_row column_structure=&#8221;2_3,1_3&#8243; _builder_version=&#8221;4.18.0&#8243; _module_preset=&#8221;default&#8221; custom_padding=&#8221;0px||||false|false&#8221; global_colors_info=&#8221;{}&#8221;][et_pb_column type=&#8221;2_3&#8243; _builder_version=&#8221;4.18.0&#8243; _module_preset=&#8221;default&#8221; global_colors_info=&#8221;{}&#8221;][et_pb_image src=&#8221;https:\/\/www.laurent-cuniot.com\/wp-content\/uploads\/2023\/01\/mains-invisibles.jpg&#8221; _builder_version=&#8221;4.18.0&#8243; _module_preset=&#8221;default&#8221; title_text=&#8221;mains-invisibles&#8221; align=&#8221;center&#8221; hover_enabled=&#8221;0&#8243; sticky_enabled=&#8221;0&#8243;][\/et_pb_image][et_pb_audio audio=&#8221;https:\/\/www.laurent-cuniot.com\/wp-content\/uploads\/2022\/12\/Mainsinvisibles.mp3&#8243; title=&#8221;Audio Examples&#8221; _builder_version=&#8221;4.18.0&#8243; _module_preset=&#8221;default&#8221; hover_enabled=&#8221;0&#8243; global_colors_info=&#8221;{}&#8221; sticky_enabled=&#8221;0&#8243;][\/et_pb_audio][et_pb_text _builder_version=&#8221;4.18.0&#8243; _module_preset=&#8221;default&#8221; global_colors_info=&#8221;{}&#8221; theme_builder_area=&#8221;post_content&#8221;]<\/p>\n<p style=\"text-align: right;\"><a href=\"https:\/\/www.laurent-cuniot.com\/en\/works\/\">Back to works<\/a><\/p>\n<p>[\/et_pb_text][\/et_pb_column][et_pb_column type=&#8221;1_3&#8243; _builder_version=&#8221;4.18.0&#8243; _module_preset=&#8221;default&#8221; global_colors_info=&#8221;{}&#8221;][et_pb_image src=&#8221;https:\/\/www.laurent-cuniot.com\/wp-content\/uploads\/2022\/12\/mainsinvisibles.jpg&#8221; title_text=&#8221;mainsinvisibles&#8221; _builder_version=&#8221;4.18.0&#8243; _module_preset=&#8221;default&#8221; global_colors_info=&#8221;{}&#8221;][\/et_pb_image][et_pb_text _builder_version=&#8221;4.18.0&#8243; _module_preset=&#8221;default&#8221; header_line_height=&#8221;0em&#8221; header_4_line_height=&#8221;0em&#8221; custom_padding=&#8221;7px||||false|false&#8221; hover_enabled=&#8221;0&#8243; global_colors_info=&#8221;{}&#8221; sticky_enabled=&#8221;0&#8243;]<\/p>\n<h4>Instrumental Set<\/h4>\n<p>Clarinette, cor et vibraphone<\/p>\n<p>&nbsp;<\/p>\n<h4>Timing<\/h4>\n<p>12 min<\/p>\n<p>&nbsp;<\/p>\n<h4>Date of creation<\/h4>\n<p>03\/02\/2002<br \/>Maison de la musique de Nanterre<br \/>Philippe Berrod clarinette, Patrice Petitdidier cor, Florent Jodelet vibraphone<\/p>\n<p>&nbsp;<\/p>\n<h4>Sponsors<\/h4>\n<p>Radio-France pour la s\u00e9rie radiophonique Alla breve<\/p>\n<p>&nbsp;<\/p>\n<h4>Contacts<\/h4>\n<p>Editions Billaudot<br \/>14 rue de l\u2019Echiquier &#8211; 75010 Paris<br \/>Tel : +33 (0)1 45 23 22 54<br \/><a href=\"http:\/\/www.billaudot.com\/fr\/index.php\" target=\"_blank\" rel=\"noopener\">www.billaudot.com<\/a><\/p>\n<p>[\/et_pb_text][et_pb_text _builder_version=&#8221;4.18.0&#8243; _module_preset=&#8221;default&#8221; hover_enabled=&#8221;0&#8243; global_colors_info=&#8221;{}&#8221; sticky_enabled=&#8221;0&#8243;]<\/p>\n<h4>Partition<\/h4>\n<p><a href=\"https:\/\/www.laurent-cuniot.com\/wp-content\/uploads\/2022\/12\/Cinq-mouvements-page-11.pdf\" rel=\"attachment wp-att-474\">Score Sample in PDF<\/a><\/p>\n<p>[\/et_pb_text][\/et_pb_column][\/et_pb_row][\/et_pb_section]<\/p>\n","protected":false},"excerpt":{"rendered":"<p>Les mains invisibles Back to worksInstrumental Set Clarinette, cor et vibraphone &nbsp; Timing 12 min &nbsp; Date of creation 03\/02\/2002Maison de la musique de NanterrePhilippe Berrod clarinette, Patrice Petitdidier cor, Florent Jodelet vibraphone &nbsp; Sponsors Radio-France pour la s\u00e9rie radiophonique Alla breve &nbsp; Contacts Editions Billaudot14 rue de l\u2019Echiquier &#8211; 75010 ParisTel : +33 (0)1 [&hellip;]<\/p>\n","protected":false},"author":1,"featured_media":0,"parent":0,"menu_order":0,"comment_status":"closed","ping_status":"closed","template":"","meta":{"_et_pb_use_builder":"on","_et_pb_old_content":"<p>[et_pb_section fb_built=\"1\" _builder_version=\"4.18.0\" _module_preset=\"default\" custom_padding=\"20px||||false|false\" animation_style=\"fade\" global_colors_info=\"{}\" theme_builder_area=\"post_content\"][et_pb_row _builder_version=\"4.18.0\" _module_preset=\"default\" global_colors_info=\"{}\" theme_builder_area=\"post_content\"][et_pb_column type=\"4_4\" _builder_version=\"4.18.0\" _module_preset=\"default\" global_colors_info=\"{}\" theme_builder_area=\"post_content\"][et_pb_text _builder_version=\"4.18.0\" _module_preset=\"default\" hover_enabled=\"0\" global_colors_info=\"{}\" theme_builder_area=\"post_content\" sticky_enabled=\"0\"]<\/p><div id=\"g1-content-area\"><div id=\"primary\"><div id=\"content\" role=\"main\"><article id=\"post-1939\" class=\"post-1939 page type-page status-publish hentry\"><header class=\"entry-header\"><hgroup><h1 class=\"entry-title\">Les mains invisibles<\/h1><\/hgroup><\/header><\/article><\/div><\/div><\/div><p>[\/et_pb_text][\/et_pb_column][\/et_pb_row][et_pb_row column_structure=\"2_3,1_3\" _builder_version=\"4.18.0\" _module_preset=\"default\" custom_padding=\"0px||||false|false\" global_colors_info=\"{}\" theme_builder_area=\"post_content\"][et_pb_column type=\"2_3\" _builder_version=\"4.18.0\" _module_preset=\"default\" global_colors_info=\"{}\" theme_builder_area=\"post_content\"][et_pb_text _builder_version=\"4.18.0\" _module_preset=\"default\" custom_padding=\"0px|||||\" hover_enabled=\"0\" global_colors_info=\"{}\" theme_builder_area=\"post_content\" sticky_enabled=\"0\"]<\/p><h3 style=\"text-align: justify;\">NOTE D\u2019INTENTION<\/h3><p style=\"text-align: justify;\"><img class=\"wp-image-469 alignleft size-full\" src=\"https:\/\/www.laurent-cuniot.com\/wp-content\/uploads\/2022\/12\/mains-invisibles-231x300-1.jpg\" alt=\"\" width=\"231\" height=\"300\" \/>Le titre est un emprunt \u00e0 Pascal Quignard, qui \u00e9voquait ainsi la trace de l\u2019artiste laiss\u00e9e dans l\u2019\u0153uvre par l\u2019image des mains n\u00e9ga-tives pos\u00e9es sur les parois des grottes pr\u00e9historiques, mains invi-sibles qui font revenir, combien \u00e9mouvantes parce qu\u2019elles \u00e9chappent \u00e0 notre entendement du temps, celles du dessinateur perdu dans les g\u00e8nes de notre lign\u00e9e. Un emprunt, une em-preinte, celle du compositeur dans la musique qui se d\u00e9ploie, et la marque des instrumentistes qui l\u2019incarnent.<\/p><p style=\"text-align: justify;\">En cinq courtes pi\u00e8ces \u2013 cinq doigts pour servir la m\u00e9taphore \u2013 compos\u00e9es dans un alliage de timbres rares : clarinette, cor et vibraphone. Presque au creuset alchimique, entre la liquidit\u00e9 mercurielle de la clarinette, la densit\u00e9 oxyd\u00e9e du cor, et la palpi-tation vitale du vibraphone. Ou si l\u2019on pr\u00e9f\u00e8re \u2013 et cela sera moins \u00e9chevel\u00e9, plus musicien : la mobilit\u00e9 permanente de la clarinette, les espaces ouverts par le cor, les harmonies pulsatiles du vibraphone.<\/p><p style=\"text-align: justify;\">Mais on aime quand m\u00eame l\u2019image du creuset, chimique ou al-chimique, selon le degr\u00e9 de magie qu\u2019on souhaite y mettre. Parce que, dans ces <em>Mains invisibles<\/em>, sont en jeu des \u00e9quilibres pr\u00e9-cieux et des rituels au peson. Comme dans toute combinaison d\u2019\u00e9l\u00e9ments r\u00e9actifs, le moindre exc\u00e8s de dosage, le plus petit rel\u00e2chement, et l\u2019or ne le devient pas, qui reste boue au fond du ratage et sent mauvais. Or ici, tout est scintillant, iris\u00e9 et respire la joie \u2013 qui est un autre mot pour le bonheur de vivre et n\u2019inter-dit pas l\u2019int\u00e9riorit\u00e9. Tout ici est affaire d\u2019\u00e9quilibre entre une cer-taine puret\u00e9 \u2013 des timbres, des phras\u00e9s, de l\u2019articulation \u2013 et les minuscules \u00e9v\u00e9nements sonores qui dramatisent la forme du tout et des parties \u2013 autrement dit l\u2019\u00e9nergie qui les anime, les con-trastes qui les remuent, les forces qui les font tenir ensemble. Une musique qui avance entre le cristal et le bouillonnement.<\/p><p style=\"text-align: justify;\">Virtuose, chantante, miroitante, alternant le volubile et le sus-pensif, la premi\u00e8re pi\u00e8ce serait un peu le pouce de ces <em>Mains invisibles<\/em>, opposable \u00e0 chacun des autres doigts et qui leur don-nerait leur sens.<br \/>Ensuite, de r\u00e9action en opposition, de conflit en apaisement, d\u2019\u00e9tincelle en contamination, les trois instrumentistes alternent pour souffler leur poudre d\u2019ocre autour de la main invisible du compositeur. On entend la clarinette comme un index tendu montrerait la lune, on l\u2019\u00e9coute se glisser dans une zone de chant nocturne, le cor en \u00e9cho. La voile majeure du vibraphone gou-verne la houle et les balancements puis les vents progressivement se tendent avec une intense \u00e9nergie contenue. Cela peut soudain craqueter comme un feu de Saint-Elme, s\u2019agglutiner en grains avant de se fondre dans des circulations sonores annulaires.<br \/>\u00c0 la derni\u00e8re pi\u00e8ce, l\u2019auditeur attentif aura rep\u00e9r\u00e9 motifs et mou-vements issus de la premi\u00e8re ; il leur trouvera une saveur renou-vel\u00e9e parce qu\u2019elle sera pass\u00e9e au filtre de ce qu\u2019il vient d\u2019\u00e9cou-ter, en bon t\u00e9moin auriculaire, et qui n\u2019en finit pas vraiment.<br \/>Car ce n\u2019est pas rien de refermer ces <em>Mains invisibles<\/em>, non comme un poing serr\u00e9, mais comme une boucle ouverte.<\/p><p>[\/et_pb_text][et_pb_text _builder_version=\"4.18.0\" _module_preset=\"default\" global_colors_info=\"{}\" theme_builder_area=\"post_content\"]<\/p><p style=\"text-align: right;\"><a href=\"https:\/\/www.laurent-cuniot.com\/index-des-oeuvres\/\">Retour \u00e0 l\u2019index des \u0153uvres<\/a><\/p><p>[\/et_pb_text][\/et_pb_column][et_pb_column type=\"1_3\" _builder_version=\"4.18.0\" _module_preset=\"default\" global_colors_info=\"{}\" theme_builder_area=\"post_content\"][et_pb_image src=\"https:\/\/www.laurent-cuniot.com\/wp-content\/uploads\/2022\/12\/mainsinvisibles.jpg\" title_text=\"mainsinvisibles\" _builder_version=\"4.18.0\" _module_preset=\"default\" hover_enabled=\"0\" global_colors_info=\"{}\" theme_builder_area=\"post_content\" sticky_enabled=\"0\"][\/et_pb_image][et_pb_text _builder_version=\"4.18.0\" _module_preset=\"default\" header_line_height=\"0em\" header_4_line_height=\"0em\" custom_padding=\"7px||||false|false\" hover_enabled=\"0\" global_colors_info=\"{}\" theme_builder_area=\"post_content\" sticky_enabled=\"0\"]<\/p><h4>Effectif instrumental<\/h4><p>Clarinette, cor et vibraphone<\/p><p>\u00a0<\/p><h4>Dur\u00e9e<\/h4><p>12 min<\/p><p>\u00a0<\/p><h4>Cr\u00e9ation<\/h4><p>03\/02\/2002<br \/>Maison de la musique de Nanterre<br \/>Philippe Berrod clarinette, Patrice Petitdidier cor, Florent Jodelet vibraphone<\/p><p>\u00a0<\/p><h4>Commanditaire<\/h4><p>Radio-France pour la s\u00e9rie radiophonique Alla breve<\/p><p>\u00a0<\/p><h4>Contacts<\/h4><p>Editions Billaudot<br \/>14 rue de l\u2019Echiquier - 75010 Paris<br \/>Tel : +33 (0)1 45 23 22 54<br \/><a href=\"http:\/\/www.billaudot.com\/fr\/index.php\" target=\"_blank\" rel=\"noopener\">www.billaudot.com<\/a><\/p><p>[\/et_pb_text][et_pb_audio audio=\"https:\/\/www.laurent-cuniot.com\/wp-content\/uploads\/2022\/12\/Mainsinvisibles.mp3\" title=\"Extrait\" _builder_version=\"4.18.0\" _module_preset=\"default\" hover_enabled=\"0\" global_colors_info=\"{}\" theme_builder_area=\"post_content\" title_text=\"Piste 2\" sticky_enabled=\"0\"][\/et_pb_audio][et_pb_text _builder_version=\"4.18.0\" _module_preset=\"default\" hover_enabled=\"0\" global_colors_info=\"{}\" theme_builder_area=\"post_content\" sticky_enabled=\"0\"]<\/p><h4>Partition<\/h4><p><a href=\"https:\/\/www.laurent-cuniot.com\/wp-content\/uploads\/2022\/12\/Cinq-mouvements-page-11.pdf\" rel=\"attachment wp-att-474\">Voir un extrait de la partition<\/a><\/p><p>[\/et_pb_text][\/et_pb_column][\/et_pb_row][\/et_pb_section]<\/p>","_et_gb_content_width":"","footnotes":""},"class_list":["post-869","page","type-page","status-publish","hentry"],"yoast_head":"<!-- This site is optimized with the Yoast SEO plugin v27.4 - https:\/\/yoast.com\/product\/yoast-seo-wordpress\/ -->\n<title>Les mains invisibles - Laurent Cuniot - Compositeur Chef d&#039;orchestre<\/title>\n<meta name=\"robots\" content=\"index, follow, max-snippet:-1, max-image-preview:large, max-video-preview:-1\" \/>\n<link rel=\"canonical\" href=\"https:\/\/www.laurent-cuniot.com\/en\/les-mains-invisibles-2\/\" \/>\n<meta property=\"og:locale\" content=\"en_US\" \/>\n<meta property=\"og:type\" content=\"article\" \/>\n<meta property=\"og:title\" content=\"Les mains invisibles - Laurent Cuniot - Compositeur Chef d&#039;orchestre\" \/>\n<meta property=\"og:description\" content=\"Les mains invisibles Back to worksInstrumental Set Clarinette, cor et vibraphone &nbsp; Timing 12 min &nbsp; Date of creation 03\/02\/2002Maison de la musique de NanterrePhilippe Berrod clarinette, Patrice Petitdidier cor, Florent Jodelet vibraphone &nbsp; Sponsors Radio-France pour la s\u00e9rie radiophonique Alla breve &nbsp; Contacts Editions Billaudot14 rue de l\u2019Echiquier - 75010 ParisTel : +33 (0)1 [&hellip;]\" \/>\n<meta property=\"og:url\" content=\"https:\/\/www.laurent-cuniot.com\/en\/les-mains-invisibles-2\/\" \/>\n<meta property=\"og:site_name\" content=\"Laurent Cuniot - Compositeur Chef d&#039;orchestre\" \/>\n<meta property=\"article:modified_time\" content=\"2023-01-07T13:30:44+00:00\" \/>\n<meta name=\"twitter:card\" content=\"summary_large_image\" \/>\n<meta name=\"twitter:label1\" content=\"Est. reading time\" \/>\n\t<meta name=\"twitter:data1\" content=\"4 minutes\" \/>\n<script type=\"application\/ld+json\" class=\"yoast-schema-graph\">{\"@context\":\"https:\\\/\\\/schema.org\",\"@graph\":[{\"@type\":\"WebPage\",\"@id\":\"https:\\\/\\\/www.laurent-cuniot.com\\\/en\\\/les-mains-invisibles-2\\\/\",\"url\":\"https:\\\/\\\/www.laurent-cuniot.com\\\/en\\\/les-mains-invisibles-2\\\/\",\"name\":\"Les mains invisibles - Laurent Cuniot - Compositeur Chef d&#039;orchestre\",\"isPartOf\":{\"@id\":\"https:\\\/\\\/www.laurent-cuniot.com\\\/en\\\/#website\"},\"datePublished\":\"2022-12-14T10:34:25+00:00\",\"dateModified\":\"2023-01-07T13:30:44+00:00\",\"breadcrumb\":{\"@id\":\"https:\\\/\\\/www.laurent-cuniot.com\\\/en\\\/les-mains-invisibles-2\\\/#breadcrumb\"},\"inLanguage\":\"en-US\",\"potentialAction\":[{\"@type\":\"ReadAction\",\"target\":[\"https:\\\/\\\/www.laurent-cuniot.com\\\/en\\\/les-mains-invisibles-2\\\/\"]}]},{\"@type\":\"BreadcrumbList\",\"@id\":\"https:\\\/\\\/www.laurent-cuniot.com\\\/en\\\/les-mains-invisibles-2\\\/#breadcrumb\",\"itemListElement\":[{\"@type\":\"ListItem\",\"position\":1,\"name\":\"Accueil\",\"item\":\"https:\\\/\\\/www.laurent-cuniot.com\\\/en\\\/\"},{\"@type\":\"ListItem\",\"position\":2,\"name\":\"Les mains invisibles\"}]},{\"@type\":\"WebSite\",\"@id\":\"https:\\\/\\\/www.laurent-cuniot.com\\\/en\\\/#website\",\"url\":\"https:\\\/\\\/www.laurent-cuniot.com\\\/en\\\/\",\"name\":\"Laurent Cuniot - Compositeur Chef d&#039;orchestre\",\"description\":\"\",\"publisher\":{\"@id\":\"https:\\\/\\\/www.laurent-cuniot.com\\\/en\\\/#organization\"},\"potentialAction\":[{\"@type\":\"SearchAction\",\"target\":{\"@type\":\"EntryPoint\",\"urlTemplate\":\"https:\\\/\\\/www.laurent-cuniot.com\\\/en\\\/?s={search_term_string}\"},\"query-input\":{\"@type\":\"PropertyValueSpecification\",\"valueRequired\":true,\"valueName\":\"search_term_string\"}}],\"inLanguage\":\"en-US\"},{\"@type\":\"Organization\",\"@id\":\"https:\\\/\\\/www.laurent-cuniot.com\\\/en\\\/#organization\",\"name\":\"Laurent Cuniot - Compositeur Chef d&#039;orchestre\",\"url\":\"https:\\\/\\\/www.laurent-cuniot.com\\\/en\\\/\",\"logo\":{\"@type\":\"ImageObject\",\"inLanguage\":\"en-US\",\"@id\":\"https:\\\/\\\/www.laurent-cuniot.com\\\/en\\\/#\\\/schema\\\/logo\\\/image\\\/\",\"url\":\"https:\\\/\\\/www.laurent-cuniot.com\\\/wp-content\\\/uploads\\\/2022\\\/12\\\/Home2022-partition.jpg\",\"contentUrl\":\"https:\\\/\\\/www.laurent-cuniot.com\\\/wp-content\\\/uploads\\\/2022\\\/12\\\/Home2022-partition.jpg\",\"width\":1600,\"height\":900,\"caption\":\"Laurent Cuniot - Compositeur Chef d&#039;orchestre\"},\"image\":{\"@id\":\"https:\\\/\\\/www.laurent-cuniot.com\\\/en\\\/#\\\/schema\\\/logo\\\/image\\\/\"},\"sameAs\":[\"https:\\\/\\\/soundcloud.com\\\/laurent-cuniot\"]}]}<\/script>\n<!-- \/ Yoast SEO plugin. -->","yoast_head_json":{"title":"Les mains invisibles - Laurent Cuniot - Compositeur Chef d&#039;orchestre","robots":{"index":"index","follow":"follow","max-snippet":"max-snippet:-1","max-image-preview":"max-image-preview:large","max-video-preview":"max-video-preview:-1"},"canonical":"https:\/\/www.laurent-cuniot.com\/en\/les-mains-invisibles-2\/","og_locale":"en_US","og_type":"article","og_title":"Les mains invisibles - Laurent Cuniot - Compositeur Chef d&#039;orchestre","og_description":"Les mains invisibles Back to worksInstrumental Set Clarinette, cor et vibraphone &nbsp; Timing 12 min &nbsp; Date of creation 03\/02\/2002Maison de la musique de NanterrePhilippe Berrod clarinette, Patrice Petitdidier cor, Florent Jodelet vibraphone &nbsp; Sponsors Radio-France pour la s\u00e9rie radiophonique Alla breve &nbsp; Contacts Editions Billaudot14 rue de l\u2019Echiquier - 75010 ParisTel : +33 (0)1 [&hellip;]","og_url":"https:\/\/www.laurent-cuniot.com\/en\/les-mains-invisibles-2\/","og_site_name":"Laurent Cuniot - Compositeur Chef d&#039;orchestre","article_modified_time":"2023-01-07T13:30:44+00:00","twitter_card":"summary_large_image","twitter_misc":{"Est. reading time":"4 minutes"},"schema":{"@context":"https:\/\/schema.org","@graph":[{"@type":"WebPage","@id":"https:\/\/www.laurent-cuniot.com\/en\/les-mains-invisibles-2\/","url":"https:\/\/www.laurent-cuniot.com\/en\/les-mains-invisibles-2\/","name":"Les mains invisibles - Laurent Cuniot - Compositeur Chef d&#039;orchestre","isPartOf":{"@id":"https:\/\/www.laurent-cuniot.com\/en\/#website"},"datePublished":"2022-12-14T10:34:25+00:00","dateModified":"2023-01-07T13:30:44+00:00","breadcrumb":{"@id":"https:\/\/www.laurent-cuniot.com\/en\/les-mains-invisibles-2\/#breadcrumb"},"inLanguage":"en-US","potentialAction":[{"@type":"ReadAction","target":["https:\/\/www.laurent-cuniot.com\/en\/les-mains-invisibles-2\/"]}]},{"@type":"BreadcrumbList","@id":"https:\/\/www.laurent-cuniot.com\/en\/les-mains-invisibles-2\/#breadcrumb","itemListElement":[{"@type":"ListItem","position":1,"name":"Accueil","item":"https:\/\/www.laurent-cuniot.com\/en\/"},{"@type":"ListItem","position":2,"name":"Les mains invisibles"}]},{"@type":"WebSite","@id":"https:\/\/www.laurent-cuniot.com\/en\/#website","url":"https:\/\/www.laurent-cuniot.com\/en\/","name":"Laurent Cuniot - Compositeur Chef d&#039;orchestre","description":"","publisher":{"@id":"https:\/\/www.laurent-cuniot.com\/en\/#organization"},"potentialAction":[{"@type":"SearchAction","target":{"@type":"EntryPoint","urlTemplate":"https:\/\/www.laurent-cuniot.com\/en\/?s={search_term_string}"},"query-input":{"@type":"PropertyValueSpecification","valueRequired":true,"valueName":"search_term_string"}}],"inLanguage":"en-US"},{"@type":"Organization","@id":"https:\/\/www.laurent-cuniot.com\/en\/#organization","name":"Laurent Cuniot - Compositeur Chef d&#039;orchestre","url":"https:\/\/www.laurent-cuniot.com\/en\/","logo":{"@type":"ImageObject","inLanguage":"en-US","@id":"https:\/\/www.laurent-cuniot.com\/en\/#\/schema\/logo\/image\/","url":"https:\/\/www.laurent-cuniot.com\/wp-content\/uploads\/2022\/12\/Home2022-partition.jpg","contentUrl":"https:\/\/www.laurent-cuniot.com\/wp-content\/uploads\/2022\/12\/Home2022-partition.jpg","width":1600,"height":900,"caption":"Laurent Cuniot - Compositeur Chef d&#039;orchestre"},"image":{"@id":"https:\/\/www.laurent-cuniot.com\/en\/#\/schema\/logo\/image\/"},"sameAs":["https:\/\/soundcloud.com\/laurent-cuniot"]}]}},"_links":{"self":[{"href":"https:\/\/www.laurent-cuniot.com\/en\/wp-json\/wp\/v2\/pages\/869","targetHints":{"allow":["GET"]}}],"collection":[{"href":"https:\/\/www.laurent-cuniot.com\/en\/wp-json\/wp\/v2\/pages"}],"about":[{"href":"https:\/\/www.laurent-cuniot.com\/en\/wp-json\/wp\/v2\/types\/page"}],"author":[{"embeddable":true,"href":"https:\/\/www.laurent-cuniot.com\/en\/wp-json\/wp\/v2\/users\/1"}],"replies":[{"embeddable":true,"href":"https:\/\/www.laurent-cuniot.com\/en\/wp-json\/wp\/v2\/comments?post=869"}],"version-history":[{"count":3,"href":"https:\/\/www.laurent-cuniot.com\/en\/wp-json\/wp\/v2\/pages\/869\/revisions"}],"predecessor-version":[{"id":874,"href":"https:\/\/www.laurent-cuniot.com\/en\/wp-json\/wp\/v2\/pages\/869\/revisions\/874"}],"wp:attachment":[{"href":"https:\/\/www.laurent-cuniot.com\/en\/wp-json\/wp\/v2\/media?parent=869"}],"curies":[{"name":"wp","href":"https:\/\/api.w.org\/{rel}","templated":true}]}}