{"id":820,"date":"2023-01-07T14:00:20","date_gmt":"2023-01-07T13:00:20","guid":{"rendered":"https:\/\/www.laurent-cuniot.com\/?page_id=820"},"modified":"2023-01-07T14:02:09","modified_gmt":"2023-01-07T13:02:09","slug":"solaires-2","status":"publish","type":"page","link":"https:\/\/www.laurent-cuniot.com\/en\/solaires-2\/","title":{"rendered":"Solaires"},"content":{"rendered":"<p>[et_pb_section fb_built=&#8221;1&#8243; _builder_version=&#8221;4.18.0&#8243; _module_preset=&#8221;default&#8221; custom_padding=&#8221;20px||||false|false&#8221; animation_style=&#8221;fade&#8221; global_colors_info=&#8221;{}&#8221;][et_pb_row _builder_version=&#8221;4.18.0&#8243; _module_preset=&#8221;default&#8221; global_colors_info=&#8221;{}&#8221;][et_pb_column type=&#8221;4_4&#8243; _builder_version=&#8221;4.18.0&#8243; _module_preset=&#8221;default&#8221; global_colors_info=&#8221;{}&#8221;][et_pb_text _builder_version=&#8221;4.18.0&#8243; _module_preset=&#8221;default&#8221; global_colors_info=&#8221;{}&#8221;]<\/p>\n<div id=\"g1-content-area\">\n<div id=\"primary\">\n<div id=\"content\" role=\"main\">\n<article id=\"post-1939\" class=\"post-1939 page type-page status-publish hentry\">\n<header class=\"entry-header\">\n<hgroup>\n<h1 class=\"entry-title\">Solaires<\/h1>\n<\/hgroup>\n<\/header>\n<\/article>\n<\/div>\n<\/div>\n<\/div>\n<p>[\/et_pb_text][\/et_pb_column][\/et_pb_row][et_pb_row column_structure=&#8221;2_3,1_3&#8243; _builder_version=&#8221;4.18.0&#8243; _module_preset=&#8221;default&#8221; custom_padding=&#8221;0px||||false|false&#8221; global_colors_info=&#8221;{}&#8221;][et_pb_column type=&#8221;2_3&#8243; _builder_version=&#8221;4.18.0&#8243; _module_preset=&#8221;default&#8221; global_colors_info=&#8221;{}&#8221;][et_pb_audio audio=&#8221;https:\/\/www.laurent-cuniot.com\/wp-content\/uploads\/2022\/12\/Solaires.mp3&#8243; title=&#8221;Audio Examples&#8221; _builder_version=&#8221;4.18.0&#8243; _module_preset=&#8221;default&#8221; hover_enabled=&#8221;0&#8243; global_colors_info=&#8221;{}&#8221; sticky_enabled=&#8221;0&#8243;][\/et_pb_audio][et_pb_text _builder_version=&#8221;4.18.0&#8243; _module_preset=&#8221;default&#8221; global_colors_info=&#8221;{}&#8221; theme_builder_area=&#8221;post_content&#8221;]<\/p>\n<p style=\"text-align: right;\"><a href=\"https:\/\/www.laurent-cuniot.com\/en\/works\/\">Back to works<\/a><\/p>\n<p>[\/et_pb_text][\/et_pb_column][et_pb_column type=&#8221;1_3&#8243; _builder_version=&#8221;4.18.0&#8243; _module_preset=&#8221;default&#8221; global_colors_info=&#8221;{}&#8221;][et_pb_text _builder_version=&#8221;4.18.0&#8243; _module_preset=&#8221;default&#8221; header_line_height=&#8221;0em&#8221; header_4_line_height=&#8221;0em&#8221; custom_padding=&#8221;7px||||false|false&#8221; hover_enabled=&#8221;0&#8243; global_colors_info=&#8221;{}&#8221; sticky_enabled=&#8221;0&#8243;]<\/p>\n<h4>Instrumental Set<\/h4>\n<p>Fl(+flA).clar \/cor\/pno\/vibra\/vl.vlc<\/p>\n<p>&nbsp;<\/p>\n<h4>Timing<\/h4>\n<p>16 min<\/p>\n<p>&nbsp;<\/p>\n<h4>Date of creation<\/h4>\n<p>06\/11\/2001<br \/>Le Quartz, Brest<br \/>Ensemble TM+, direction Laurent Cuniot<\/p>\n<p>&nbsp;<\/p>\n<h4>Sponsors<\/h4>\n<p>Ensemble TM+<\/p>\n<p>&nbsp;<\/p>\n<h4>Contacts<\/h4>\n<p>Editions Billaudot<br \/>14 rue de l\u2019Echiquier &#8211; 75010 Paris<br \/>Tel : +33 (0)1 45 23 22 54<br \/><a href=\"http:\/\/www.billaudot.com\/fr\/index.php\" target=\"_blank\" rel=\"noopener\">www.billaudot.com<\/a><\/p>\n<p>[\/et_pb_text][\/et_pb_column][\/et_pb_row][\/et_pb_section]<\/p>\n","protected":false},"excerpt":{"rendered":"<p>Solaires Back to worksInstrumental Set Fl(+flA).clar \/cor\/pno\/vibra\/vl.vlc &nbsp; Timing 16 min &nbsp; Date of creation 06\/11\/2001Le Quartz, BrestEnsemble TM+, direction Laurent Cuniot &nbsp; Sponsors Ensemble TM+ &nbsp; Contacts Editions Billaudot14 rue de l\u2019Echiquier &#8211; 75010 ParisTel : +33 (0)1 45 23 22 54www.billaudot.com<\/p>\n","protected":false},"author":1,"featured_media":0,"parent":0,"menu_order":0,"comment_status":"closed","ping_status":"closed","template":"","meta":{"_et_pb_use_builder":"on","_et_pb_old_content":"<p>[et_pb_section fb_built=\"1\" _builder_version=\"4.18.0\" _module_preset=\"default\" custom_padding=\"20px||||false|false\" animation_style=\"fade\" global_colors_info=\"{}\" theme_builder_area=\"post_content\"][et_pb_row _builder_version=\"4.18.0\" _module_preset=\"default\" global_colors_info=\"{}\" theme_builder_area=\"post_content\"][et_pb_column type=\"4_4\" _builder_version=\"4.18.0\" _module_preset=\"default\" global_colors_info=\"{}\" theme_builder_area=\"post_content\"][et_pb_text _builder_version=\"4.18.0\" _module_preset=\"default\" hover_enabled=\"0\" global_colors_info=\"{}\" theme_builder_area=\"post_content\" sticky_enabled=\"0\"]<\/p><div id=\"g1-content-area\"><div id=\"primary\"><div id=\"content\" role=\"main\"><article id=\"post-1939\" class=\"post-1939 page type-page status-publish hentry\"><header class=\"entry-header\"><hgroup><h1 class=\"entry-title\">Solaires<\/h1><\/hgroup><\/header><\/article><\/div><\/div><\/div><p>[\/et_pb_text][\/et_pb_column][\/et_pb_row][et_pb_row column_structure=\"2_3,1_3\" _builder_version=\"4.18.0\" _module_preset=\"default\" custom_padding=\"0px||||false|false\" global_colors_info=\"{}\" theme_builder_area=\"post_content\"][et_pb_column type=\"2_3\" _builder_version=\"4.18.0\" _module_preset=\"default\" global_colors_info=\"{}\" theme_builder_area=\"post_content\"][et_pb_text _builder_version=\"4.18.0\" _module_preset=\"default\" custom_padding=\"0px|||||\" hover_enabled=\"0\" global_colors_info=\"{}\" theme_builder_area=\"post_content\" sticky_enabled=\"0\"]<\/p><h3 style=\"text-align: justify;\">A PROPOS DE SOLAIRES par Didier Lamare<\/h3><p style=\"text-align: justify;\">\u00c9videmment, on pourrait pr\u00e9senter Solaires comme une musique de lumi\u00e8re.<\/p><p style=\"text-align: justify;\">Pr\u00e9cis\u00e9ment, d\u00e9crire ses effectifs comme l\u2019affaire de sept plus un, soit une multitude\u00a0; sept instruments, dont un piano et un fort ensemble de percussions, plus un dispositif \u00e9lectroacoustique.<\/p><p style=\"text-align: justify;\">Structurellement, rep\u00e9rer les trois s\u00e9quences essentiellement instrumentales \u2013 virtuoses, ac\u00e9r\u00e9es, chambristes \u2013 autour des deux puits de lumi\u00e8re purement \u00e9lectroniques, qu\u2019on peut entendre aussi comme deux colonnes symphoniques, selon qu\u2019on privil\u00e9gie leur fonction d\u2019ossature ou d\u2019\u00e9chapp\u00e9e vive.<\/p><p style=\"text-align: justify;\">\u00c9ventuellement, dire aussi que la partition \u00e9lectronique est la poursuite de l\u2019\u00e9criture par d\u2019autres moyens. Des moyens amplifi\u00e9s \u2013 en premier lieu par l\u2019orchestre de haut-parleurs mais pas seulement \u2013 parce que, finalement, c\u2019est la m\u00eame chose, en plus\u00a0: plus haut, plus fort, plus vif, plus dense.<\/p><p style=\"text-align: justify;\">La m\u00eame exploration des hauteurs, avec ses vols suspendus tir\u00e9s vers les aigus qui s\u2019\u00e9panouissent et se fragmentent et retombent en paillettes\u00a0; la m\u00eame circulation des configurations sonores au gr\u00e9 des fraternit\u00e9s instrumentales, les m\u00eames contraintes sur l\u2019\u00e9lasticit\u00e9 du mat\u00e9riau jusqu\u2019\u00e0 la rupture qui est une r\u00e9sonance\u00a0; la m\u00eame \u00e9nergie du temps, avec ses emballements interrompus, ses scansions, ses rythmiques acc\u00e9l\u00e9r\u00e9es pour faire avancer les \u00e9v\u00e9nements, comme dans une \u00e9bauche de r\u00e9cit.<\/p><p style=\"text-align: justify;\">M\u00e9taphoriquement, on pourrait m\u00eame raconter comment \u00e7a commence, le gisement de mati\u00e8res aigu\u00ebs d\u2019o\u00f9 s\u2019extraient des grains dans une ambigu\u00eft\u00e9 totale \u2013 clarinette ou irisation \u00e9lectronique\u00a0? Relever les changements de focale et les variations d\u2019exposition, le piqu\u00e9 des gros plans instrumentaux, la profondeur de champ \u00e9lectronique, la vitesse de d\u00e9filement des tensions. Et comment \u00e7a finit bleu et loin, presque comme un choral, sur une plage sonore d\u2019une beaut\u00e9 apais\u00e9e, chantante \u2013 l\u2019a-t-on d\u00e9j\u00e0 entendue au d\u00e9but, peut-\u00eatre \u2013 comme la mer luminescente semble \u00e0 la fin restituer un peu du soleil accumul\u00e9.<\/p><p style=\"text-align: justify;\">Puis finalement, on va envoyer balader les pr\u00e9cautions adverbiales, on va laisser l\u2019\u00e9ruption solaire tout balayer, parce que nom de Dieu de Zeus ou de R\u00e2, quelle jouissance sonore\u00a0!<\/p><p style=\"text-align: justify;\">On voudrait savoir combiner les vocabulaires pour rendre le retentissement musculaire de cette musique. Approcher l\u2019infinie variation de la palette, la densit\u00e9 des rouges et le zeste des jaunes, le feuillet\u00e9 des reflets d\u00e9satur\u00e9s\u00a0; les \u00e9clats tranchants des r\u00e9verb\u00e9rations, la mati\u00e8re mate que prend la lumi\u00e8re sur l\u2019eau quand on l\u2019entend de haut\u00a0; voire l\u2019odeur de la pierre br\u00fblante, le go\u00fbt de la r\u00e9sine am\u00e8re et du sel sur la peau.<\/p><p style=\"text-align: justify;\">Et les ombres, alors\u00a0? Il y en a peu \u2013 une autre version de la pi\u00e8ce se chargera de modifier la balance. Ici, on \u00e9coute plut\u00f4t des compl\u00e9mentaires, comme on se retourne en plein soleil, le regard orange, pour d\u00e9couvrir derri\u00e8re, \u00e0 contre-jour, un panorama de couleurs \u00e9tranges \u2013 vert argent, violet marine \u2013 o\u00f9 le spectre fuse et descend tr\u00e8s bas.<\/p><p style=\"text-align: justify;\">Mais surtout, partout, tout le temps, traversant la pi\u00e8ce de haut en bas et par le travers de son solarium instrumental, il y a ce formidable bouleversement int\u00e9rieur qui nous rend le monde lumineux et gourmand \u2013 du moins le temps d\u2019une \u00e9coute, et sans doute encore un peu apr\u00e8s\u2026<\/p><p>[\/et_pb_text][et_pb_text _builder_version=\"4.18.0\" _module_preset=\"default\" global_colors_info=\"{}\" theme_builder_area=\"post_content\"]<\/p><p style=\"text-align: right;\"><a href=\"https:\/\/www.laurent-cuniot.com\/index-des-oeuvres\/\">Retour \u00e0 l\u2019index des \u0153uvres<\/a><\/p><p>[\/et_pb_text][\/et_pb_column][et_pb_column type=\"1_3\" _builder_version=\"4.18.0\" _module_preset=\"default\" global_colors_info=\"{}\" theme_builder_area=\"post_content\"][et_pb_text _builder_version=\"4.18.0\" _module_preset=\"default\" header_line_height=\"0em\" header_4_line_height=\"0em\" custom_padding=\"7px||||false|false\" hover_enabled=\"0\" global_colors_info=\"{}\" theme_builder_area=\"post_content\" sticky_enabled=\"0\"]<\/p><h4>Effectif instrumental<\/h4><p>Fl(+flA).clar \/cor\/pno\/vibra\/vl.vlc<\/p><p>\u00a0<\/p><h4>Dur\u00e9e<\/h4><p>16 min<\/p><p>\u00a0<\/p><h4>Cr\u00e9ation<\/h4><p>06\/11\/2001<br \/>Le Quartz, Brest<br \/>Ensemble TM+, direction Laurent Cuniot<\/p><p>\u00a0<\/p><h4>Commanditaire<\/h4><p>Ensemble TM+<\/p><p>\u00a0<\/p><h4>Contacts<\/h4><p>Editions Billaudot<br \/>14 rue de l\u2019Echiquier - 75010 Paris<br \/>Tel : +33 (0)1 45 23 22 54<br \/><a href=\"http:\/\/www.billaudot.com\/fr\/index.php\" target=\"_blank\" rel=\"noopener\">www.billaudot.com<\/a><\/p><p>[\/et_pb_text][et_pb_audio title=\"Extrait\" _builder_version=\"4.18.0\" _module_preset=\"default\" theme_builder_area=\"post_content\" title_text=\"Piste 6\" audio=\"https:\/\/www.laurent-cuniot.com\/wp-content\/uploads\/2022\/12\/Solaires.mp3\" hover_enabled=\"0\" sticky_enabled=\"0\"][\/et_pb_audio][\/et_pb_column][\/et_pb_row][\/et_pb_section]<\/p>","_et_gb_content_width":"","footnotes":""},"class_list":["post-820","page","type-page","status-publish","hentry"],"yoast_head":"<!-- This site is optimized with the Yoast SEO plugin v27.5 - https:\/\/yoast.com\/product\/yoast-seo-wordpress\/ -->\n<title>Solaires - Laurent Cuniot - Compositeur Chef d&#039;orchestre<\/title>\n<meta name=\"robots\" content=\"index, follow, max-snippet:-1, max-image-preview:large, max-video-preview:-1\" \/>\n<link rel=\"canonical\" href=\"https:\/\/www.laurent-cuniot.com\/en\/solaires-2\/\" \/>\n<meta property=\"og:locale\" content=\"en_US\" \/>\n<meta property=\"og:type\" content=\"article\" \/>\n<meta property=\"og:title\" content=\"Solaires - Laurent Cuniot - Compositeur Chef d&#039;orchestre\" \/>\n<meta property=\"og:description\" content=\"Solaires Back to worksInstrumental Set Fl(+flA).clar \/cor\/pno\/vibra\/vl.vlc &nbsp; Timing 16 min &nbsp; Date of creation 06\/11\/2001Le Quartz, BrestEnsemble TM+, direction Laurent Cuniot &nbsp; Sponsors Ensemble TM+ &nbsp; Contacts Editions Billaudot14 rue de l\u2019Echiquier - 75010 ParisTel : +33 (0)1 45 23 22 54www.billaudot.com\" \/>\n<meta property=\"og:url\" content=\"https:\/\/www.laurent-cuniot.com\/en\/solaires-2\/\" \/>\n<meta property=\"og:site_name\" content=\"Laurent Cuniot - Compositeur Chef d&#039;orchestre\" \/>\n<meta property=\"article:modified_time\" content=\"2023-01-07T13:02:09+00:00\" \/>\n<meta name=\"twitter:card\" content=\"summary_large_image\" \/>\n<meta name=\"twitter:label1\" content=\"Est. reading time\" \/>\n\t<meta name=\"twitter:data1\" content=\"4 minutes\" \/>\n<script type=\"application\/ld+json\" class=\"yoast-schema-graph\">{\"@context\":\"https:\\\/\\\/schema.org\",\"@graph\":[{\"@type\":\"WebPage\",\"@id\":\"https:\\\/\\\/www.laurent-cuniot.com\\\/en\\\/solaires-2\\\/\",\"url\":\"https:\\\/\\\/www.laurent-cuniot.com\\\/en\\\/solaires-2\\\/\",\"name\":\"Solaires - Laurent Cuniot - Compositeur Chef d&#039;orchestre\",\"isPartOf\":{\"@id\":\"https:\\\/\\\/www.laurent-cuniot.com\\\/en\\\/#website\"},\"datePublished\":\"2023-01-07T13:00:20+00:00\",\"dateModified\":\"2023-01-07T13:02:09+00:00\",\"breadcrumb\":{\"@id\":\"https:\\\/\\\/www.laurent-cuniot.com\\\/en\\\/solaires-2\\\/#breadcrumb\"},\"inLanguage\":\"en-US\",\"potentialAction\":[{\"@type\":\"ReadAction\",\"target\":[\"https:\\\/\\\/www.laurent-cuniot.com\\\/en\\\/solaires-2\\\/\"]}]},{\"@type\":\"BreadcrumbList\",\"@id\":\"https:\\\/\\\/www.laurent-cuniot.com\\\/en\\\/solaires-2\\\/#breadcrumb\",\"itemListElement\":[{\"@type\":\"ListItem\",\"position\":1,\"name\":\"Accueil\",\"item\":\"https:\\\/\\\/www.laurent-cuniot.com\\\/en\\\/\"},{\"@type\":\"ListItem\",\"position\":2,\"name\":\"Solaires\"}]},{\"@type\":\"WebSite\",\"@id\":\"https:\\\/\\\/www.laurent-cuniot.com\\\/en\\\/#website\",\"url\":\"https:\\\/\\\/www.laurent-cuniot.com\\\/en\\\/\",\"name\":\"Laurent Cuniot - Compositeur Chef d&#039;orchestre\",\"description\":\"\",\"publisher\":{\"@id\":\"https:\\\/\\\/www.laurent-cuniot.com\\\/en\\\/#organization\"},\"potentialAction\":[{\"@type\":\"SearchAction\",\"target\":{\"@type\":\"EntryPoint\",\"urlTemplate\":\"https:\\\/\\\/www.laurent-cuniot.com\\\/en\\\/?s={search_term_string}\"},\"query-input\":{\"@type\":\"PropertyValueSpecification\",\"valueRequired\":true,\"valueName\":\"search_term_string\"}}],\"inLanguage\":\"en-US\"},{\"@type\":\"Organization\",\"@id\":\"https:\\\/\\\/www.laurent-cuniot.com\\\/en\\\/#organization\",\"name\":\"Laurent Cuniot - Compositeur Chef d&#039;orchestre\",\"url\":\"https:\\\/\\\/www.laurent-cuniot.com\\\/en\\\/\",\"logo\":{\"@type\":\"ImageObject\",\"inLanguage\":\"en-US\",\"@id\":\"https:\\\/\\\/www.laurent-cuniot.com\\\/en\\\/#\\\/schema\\\/logo\\\/image\\\/\",\"url\":\"https:\\\/\\\/www.laurent-cuniot.com\\\/wp-content\\\/uploads\\\/2022\\\/12\\\/Home2022-partition.jpg\",\"contentUrl\":\"https:\\\/\\\/www.laurent-cuniot.com\\\/wp-content\\\/uploads\\\/2022\\\/12\\\/Home2022-partition.jpg\",\"width\":1600,\"height\":900,\"caption\":\"Laurent Cuniot - Compositeur Chef d&#039;orchestre\"},\"image\":{\"@id\":\"https:\\\/\\\/www.laurent-cuniot.com\\\/en\\\/#\\\/schema\\\/logo\\\/image\\\/\"},\"sameAs\":[\"https:\\\/\\\/soundcloud.com\\\/laurent-cuniot\"]}]}<\/script>\n<!-- \/ Yoast SEO plugin. -->","yoast_head_json":{"title":"Solaires - Laurent Cuniot - Compositeur Chef d&#039;orchestre","robots":{"index":"index","follow":"follow","max-snippet":"max-snippet:-1","max-image-preview":"max-image-preview:large","max-video-preview":"max-video-preview:-1"},"canonical":"https:\/\/www.laurent-cuniot.com\/en\/solaires-2\/","og_locale":"en_US","og_type":"article","og_title":"Solaires - Laurent Cuniot - Compositeur Chef d&#039;orchestre","og_description":"Solaires Back to worksInstrumental Set Fl(+flA).clar \/cor\/pno\/vibra\/vl.vlc &nbsp; Timing 16 min &nbsp; Date of creation 06\/11\/2001Le Quartz, BrestEnsemble TM+, direction Laurent Cuniot &nbsp; Sponsors Ensemble TM+ &nbsp; Contacts Editions Billaudot14 rue de l\u2019Echiquier - 75010 ParisTel : +33 (0)1 45 23 22 54www.billaudot.com","og_url":"https:\/\/www.laurent-cuniot.com\/en\/solaires-2\/","og_site_name":"Laurent Cuniot - Compositeur Chef d&#039;orchestre","article_modified_time":"2023-01-07T13:02:09+00:00","twitter_card":"summary_large_image","twitter_misc":{"Est. reading time":"4 minutes"},"schema":{"@context":"https:\/\/schema.org","@graph":[{"@type":"WebPage","@id":"https:\/\/www.laurent-cuniot.com\/en\/solaires-2\/","url":"https:\/\/www.laurent-cuniot.com\/en\/solaires-2\/","name":"Solaires - Laurent Cuniot - Compositeur Chef d&#039;orchestre","isPartOf":{"@id":"https:\/\/www.laurent-cuniot.com\/en\/#website"},"datePublished":"2023-01-07T13:00:20+00:00","dateModified":"2023-01-07T13:02:09+00:00","breadcrumb":{"@id":"https:\/\/www.laurent-cuniot.com\/en\/solaires-2\/#breadcrumb"},"inLanguage":"en-US","potentialAction":[{"@type":"ReadAction","target":["https:\/\/www.laurent-cuniot.com\/en\/solaires-2\/"]}]},{"@type":"BreadcrumbList","@id":"https:\/\/www.laurent-cuniot.com\/en\/solaires-2\/#breadcrumb","itemListElement":[{"@type":"ListItem","position":1,"name":"Accueil","item":"https:\/\/www.laurent-cuniot.com\/en\/"},{"@type":"ListItem","position":2,"name":"Solaires"}]},{"@type":"WebSite","@id":"https:\/\/www.laurent-cuniot.com\/en\/#website","url":"https:\/\/www.laurent-cuniot.com\/en\/","name":"Laurent Cuniot - Compositeur Chef d&#039;orchestre","description":"","publisher":{"@id":"https:\/\/www.laurent-cuniot.com\/en\/#organization"},"potentialAction":[{"@type":"SearchAction","target":{"@type":"EntryPoint","urlTemplate":"https:\/\/www.laurent-cuniot.com\/en\/?s={search_term_string}"},"query-input":{"@type":"PropertyValueSpecification","valueRequired":true,"valueName":"search_term_string"}}],"inLanguage":"en-US"},{"@type":"Organization","@id":"https:\/\/www.laurent-cuniot.com\/en\/#organization","name":"Laurent Cuniot - Compositeur Chef d&#039;orchestre","url":"https:\/\/www.laurent-cuniot.com\/en\/","logo":{"@type":"ImageObject","inLanguage":"en-US","@id":"https:\/\/www.laurent-cuniot.com\/en\/#\/schema\/logo\/image\/","url":"https:\/\/www.laurent-cuniot.com\/wp-content\/uploads\/2022\/12\/Home2022-partition.jpg","contentUrl":"https:\/\/www.laurent-cuniot.com\/wp-content\/uploads\/2022\/12\/Home2022-partition.jpg","width":1600,"height":900,"caption":"Laurent Cuniot - Compositeur Chef d&#039;orchestre"},"image":{"@id":"https:\/\/www.laurent-cuniot.com\/en\/#\/schema\/logo\/image\/"},"sameAs":["https:\/\/soundcloud.com\/laurent-cuniot"]}]}},"_links":{"self":[{"href":"https:\/\/www.laurent-cuniot.com\/en\/wp-json\/wp\/v2\/pages\/820","targetHints":{"allow":["GET"]}}],"collection":[{"href":"https:\/\/www.laurent-cuniot.com\/en\/wp-json\/wp\/v2\/pages"}],"about":[{"href":"https:\/\/www.laurent-cuniot.com\/en\/wp-json\/wp\/v2\/types\/page"}],"author":[{"embeddable":true,"href":"https:\/\/www.laurent-cuniot.com\/en\/wp-json\/wp\/v2\/users\/1"}],"replies":[{"embeddable":true,"href":"https:\/\/www.laurent-cuniot.com\/en\/wp-json\/wp\/v2\/comments?post=820"}],"version-history":[{"count":3,"href":"https:\/\/www.laurent-cuniot.com\/en\/wp-json\/wp\/v2\/pages\/820\/revisions"}],"predecessor-version":[{"id":824,"href":"https:\/\/www.laurent-cuniot.com\/en\/wp-json\/wp\/v2\/pages\/820\/revisions\/824"}],"wp:attachment":[{"href":"https:\/\/www.laurent-cuniot.com\/en\/wp-json\/wp\/v2\/media?parent=820"}],"curies":[{"name":"wp","href":"https:\/\/api.w.org\/{rel}","templated":true}]}}