{"id":790,"date":"2023-01-07T13:27:48","date_gmt":"2023-01-07T12:27:48","guid":{"rendered":"https:\/\/www.laurent-cuniot.com\/?page_id=790"},"modified":"2023-01-07T13:29:06","modified_gmt":"2023-01-07T12:29:06","slug":"meteora-2","status":"publish","type":"page","link":"https:\/\/www.laurent-cuniot.com\/en\/meteora-2\/","title":{"rendered":"Meteora"},"content":{"rendered":"<p>[et_pb_section fb_built=&#8221;1&#8243; _builder_version=&#8221;4.18.0&#8243; _module_preset=&#8221;default&#8221; custom_padding=&#8221;20px||||false|false&#8221; animation_style=&#8221;fade&#8221; global_colors_info=&#8221;{}&#8221;][et_pb_row _builder_version=&#8221;4.18.0&#8243; _module_preset=&#8221;default&#8221; global_colors_info=&#8221;{}&#8221;][et_pb_column type=&#8221;4_4&#8243; _builder_version=&#8221;4.18.0&#8243; _module_preset=&#8221;default&#8221; global_colors_info=&#8221;{}&#8221;][et_pb_text _builder_version=&#8221;4.18.0&#8243; _module_preset=&#8221;default&#8221; global_colors_info=&#8221;{}&#8221;]<\/p>\n<div id=\"g1-content-area\">\n<div id=\"primary\">\n<div id=\"content\" role=\"main\">\n<article id=\"post-1939\" class=\"post-1939 page type-page status-publish hentry\">\n<header class=\"entry-header\">\n<hgroup>\n<h1 class=\"entry-title\">Meteora<\/h1>\n<\/hgroup>\n<\/header>\n<\/article>\n<\/div>\n<\/div>\n<\/div>\n<p>[\/et_pb_text][\/et_pb_column][\/et_pb_row][et_pb_row column_structure=&#8221;2_3,1_3&#8243; _builder_version=&#8221;4.18.0&#8243; _module_preset=&#8221;default&#8221; custom_padding=&#8221;0px||||false|false&#8221; global_colors_info=&#8221;{}&#8221;][et_pb_column type=&#8221;2_3&#8243; _builder_version=&#8221;4.18.0&#8243; _module_preset=&#8221;default&#8221; global_colors_info=&#8221;{}&#8221;][et_pb_text _builder_version=&#8221;4.18.0&#8243; _module_preset=&#8221;default&#8221; hover_enabled=&#8221;0&#8243; global_colors_info=&#8221;{}&#8221; theme_builder_area=&#8221;post_content&#8221; sticky_enabled=&#8221;0&#8243;]<\/p>\n<p style=\"text-align: right;\"><a href=\"https:\/\/www.laurent-cuniot.com\/en\/works\/\">Back to works<\/a><\/p>\n<p>[\/et_pb_text][\/et_pb_column][et_pb_column type=&#8221;1_3&#8243; _builder_version=&#8221;4.18.0&#8243; _module_preset=&#8221;default&#8221; global_colors_info=&#8221;{}&#8221;][et_pb_text _builder_version=&#8221;4.18.0&#8243; _module_preset=&#8221;default&#8221; header_line_height=&#8221;0em&#8221; header_4_line_height=&#8221;0em&#8221; custom_padding=&#8221;7px||||false|false&#8221; hover_enabled=&#8221;0&#8243; global_colors_info=&#8221;{}&#8221; sticky_enabled=&#8221;0&#8243;]<\/p>\n<h4>Voices and Instrumental Set<\/h4>\n<p>Soprano, mezzo, haute-contre, t\u00e9nor, baryton, basse et 2synth\u00e9tiseurs<\/p>\n<p>&nbsp;<\/p>\n<h4>Text<\/h4>\n<p>Jocelyne B\u00e9guery<\/p>\n<p>&nbsp;<\/p>\n<h4>Timing<\/h4>\n<p>11 min<\/p>\n<p>&nbsp;<\/p>\n<h4>Date of creation<\/h4>\n<p>21 \/02\/1982<br \/>Maison de Radio-France, Paris<br \/>Atelier des ch\u0153urs de Radio-France, trio TM+, direction Guy Reibel<\/p>\n<p>&nbsp;<\/p>\n<h4>Contacts<\/h4>\n<p>Laurent Cuniot. In\u00e9dit<\/p>\n<p>[\/et_pb_text][\/et_pb_column][\/et_pb_row][\/et_pb_section]<\/p>\n","protected":false},"excerpt":{"rendered":"<p>Meteora Back to worksVoices and Instrumental Set Soprano, mezzo, haute-contre, t\u00e9nor, baryton, basse et 2synth\u00e9tiseurs &nbsp; Text Jocelyne B\u00e9guery &nbsp; Timing 11 min &nbsp; Date of creation 21 \/02\/1982Maison de Radio-France, ParisAtelier des ch\u0153urs de Radio-France, trio TM+, direction Guy Reibel &nbsp; Contacts Laurent Cuniot. In\u00e9dit<\/p>\n","protected":false},"author":1,"featured_media":0,"parent":0,"menu_order":0,"comment_status":"closed","ping_status":"closed","template":"","meta":{"_et_pb_use_builder":"on","_et_pb_old_content":"<p>[et_pb_section fb_built=\"1\" _builder_version=\"4.18.0\" _module_preset=\"default\" custom_padding=\"20px||||false|false\" animation_style=\"fade\" global_colors_info=\"{}\" theme_builder_area=\"post_content\"][et_pb_row _builder_version=\"4.18.0\" _module_preset=\"default\" global_colors_info=\"{}\" theme_builder_area=\"post_content\"][et_pb_column type=\"4_4\" _builder_version=\"4.18.0\" _module_preset=\"default\" global_colors_info=\"{}\" theme_builder_area=\"post_content\"][et_pb_text _builder_version=\"4.18.0\" _module_preset=\"default\" hover_enabled=\"0\" global_colors_info=\"{}\" theme_builder_area=\"post_content\" sticky_enabled=\"0\"]<\/p><div id=\"g1-content-area\"><div id=\"primary\"><div id=\"content\" role=\"main\"><article id=\"post-1939\" class=\"post-1939 page type-page status-publish hentry\"><header class=\"entry-header\"><hgroup><h1 class=\"entry-title\">Meteora<\/h1><\/hgroup><\/header><\/article><\/div><\/div><\/div><p>[\/et_pb_text][\/et_pb_column][\/et_pb_row][et_pb_row column_structure=\"2_3,1_3\" _builder_version=\"4.18.0\" _module_preset=\"default\" custom_padding=\"0px||||false|false\" global_colors_info=\"{}\" theme_builder_area=\"post_content\"][et_pb_column type=\"2_3\" _builder_version=\"4.18.0\" _module_preset=\"default\" global_colors_info=\"{}\" theme_builder_area=\"post_content\"][et_pb_text _builder_version=\"4.18.0\" _module_preset=\"default\" custom_padding=\"0px|||||\" global_colors_info=\"{}\" theme_builder_area=\"post_content\"]<\/p><h3 style=\"text-align: justify;\">NOTE D\u2019INTENTION<\/h3><p>A venir<\/p><p>[\/et_pb_text][et_pb_text _builder_version=\"4.18.0\" _module_preset=\"default\" global_colors_info=\"{}\" theme_builder_area=\"post_content\"]<\/p><p style=\"text-align: right;\"><a href=\"https:\/\/www.laurent-cuniot.com\/index-des-oeuvres\/\">Retour \u00e0 l\u2019index des \u0153uvres<\/a><\/p><p>[\/et_pb_text][\/et_pb_column][et_pb_column type=\"1_3\" _builder_version=\"4.18.0\" _module_preset=\"default\" global_colors_info=\"{}\" theme_builder_area=\"post_content\"][et_pb_text _builder_version=\"4.18.0\" _module_preset=\"default\" header_line_height=\"0em\" header_4_line_height=\"0em\" custom_padding=\"7px||||false|false\" hover_enabled=\"0\" global_colors_info=\"{}\" theme_builder_area=\"post_content\" sticky_enabled=\"0\"]<\/p><h4>Effectif vocal et instrumental<\/h4><p>Soprano, mezzo, haute-contre, t\u00e9nor, baryton, basse et 2synth\u00e9tiseurs<\/p><p>\u00a0<\/p><h4>Textes<\/h4><p>Jocelyne B\u00e9guery<\/p><p>\u00a0<\/p><h4>Dur\u00e9e<\/h4><p>11 min<\/p><p>\u00a0<\/p><h4>Cr\u00e9ation<\/h4><p>21 \/02\/1982<br \/>Maison de Radio-France, Paris<br \/>Atelier des ch\u0153urs de Radio-France, trio TM+, direction Guy Reibel<\/p><p>\u00a0<\/p><h4>Contacts<\/h4><p>Laurent Cuniot. In\u00e9dit<\/p><p>[\/et_pb_text][\/et_pb_column][\/et_pb_row][\/et_pb_section]<\/p>","_et_gb_content_width":"","footnotes":""},"class_list":["post-790","page","type-page","status-publish","hentry"],"yoast_head":"<!-- This site is optimized with the Yoast SEO plugin v27.4 - https:\/\/yoast.com\/product\/yoast-seo-wordpress\/ -->\n<title>Meteora - Laurent Cuniot - Compositeur Chef d&#039;orchestre<\/title>\n<meta name=\"robots\" content=\"index, follow, max-snippet:-1, max-image-preview:large, max-video-preview:-1\" \/>\n<link rel=\"canonical\" href=\"https:\/\/www.laurent-cuniot.com\/en\/meteora-2\/\" \/>\n<meta property=\"og:locale\" content=\"en_US\" \/>\n<meta property=\"og:type\" content=\"article\" \/>\n<meta property=\"og:title\" content=\"Meteora - Laurent Cuniot - Compositeur Chef d&#039;orchestre\" \/>\n<meta property=\"og:description\" content=\"Meteora Back to worksVoices and Instrumental Set Soprano, mezzo, haute-contre, t\u00e9nor, baryton, basse et 2synth\u00e9tiseurs &nbsp; Text Jocelyne B\u00e9guery &nbsp; Timing 11 min &nbsp; Date of creation 21 \/02\/1982Maison de Radio-France, ParisAtelier des ch\u0153urs de Radio-France, trio TM+, direction Guy Reibel &nbsp; Contacts Laurent Cuniot. In\u00e9dit\" \/>\n<meta property=\"og:url\" content=\"https:\/\/www.laurent-cuniot.com\/en\/meteora-2\/\" \/>\n<meta property=\"og:site_name\" content=\"Laurent Cuniot - Compositeur Chef d&#039;orchestre\" \/>\n<meta property=\"article:modified_time\" content=\"2023-01-07T12:29:06+00:00\" \/>\n<meta name=\"twitter:card\" content=\"summary_large_image\" \/>\n<meta name=\"twitter:label1\" content=\"Est. reading time\" \/>\n\t<meta name=\"twitter:data1\" content=\"1 minute\" \/>\n<script type=\"application\/ld+json\" class=\"yoast-schema-graph\">{\"@context\":\"https:\\\/\\\/schema.org\",\"@graph\":[{\"@type\":\"WebPage\",\"@id\":\"https:\\\/\\\/www.laurent-cuniot.com\\\/en\\\/meteora-2\\\/\",\"url\":\"https:\\\/\\\/www.laurent-cuniot.com\\\/en\\\/meteora-2\\\/\",\"name\":\"Meteora - Laurent Cuniot - Compositeur Chef d&#039;orchestre\",\"isPartOf\":{\"@id\":\"https:\\\/\\\/www.laurent-cuniot.com\\\/en\\\/#website\"},\"datePublished\":\"2023-01-07T12:27:48+00:00\",\"dateModified\":\"2023-01-07T12:29:06+00:00\",\"breadcrumb\":{\"@id\":\"https:\\\/\\\/www.laurent-cuniot.com\\\/en\\\/meteora-2\\\/#breadcrumb\"},\"inLanguage\":\"en-US\",\"potentialAction\":[{\"@type\":\"ReadAction\",\"target\":[\"https:\\\/\\\/www.laurent-cuniot.com\\\/en\\\/meteora-2\\\/\"]}]},{\"@type\":\"BreadcrumbList\",\"@id\":\"https:\\\/\\\/www.laurent-cuniot.com\\\/en\\\/meteora-2\\\/#breadcrumb\",\"itemListElement\":[{\"@type\":\"ListItem\",\"position\":1,\"name\":\"Accueil\",\"item\":\"https:\\\/\\\/www.laurent-cuniot.com\\\/en\\\/\"},{\"@type\":\"ListItem\",\"position\":2,\"name\":\"Meteora\"}]},{\"@type\":\"WebSite\",\"@id\":\"https:\\\/\\\/www.laurent-cuniot.com\\\/en\\\/#website\",\"url\":\"https:\\\/\\\/www.laurent-cuniot.com\\\/en\\\/\",\"name\":\"Laurent Cuniot - Compositeur Chef d&#039;orchestre\",\"description\":\"\",\"publisher\":{\"@id\":\"https:\\\/\\\/www.laurent-cuniot.com\\\/en\\\/#organization\"},\"potentialAction\":[{\"@type\":\"SearchAction\",\"target\":{\"@type\":\"EntryPoint\",\"urlTemplate\":\"https:\\\/\\\/www.laurent-cuniot.com\\\/en\\\/?s={search_term_string}\"},\"query-input\":{\"@type\":\"PropertyValueSpecification\",\"valueRequired\":true,\"valueName\":\"search_term_string\"}}],\"inLanguage\":\"en-US\"},{\"@type\":\"Organization\",\"@id\":\"https:\\\/\\\/www.laurent-cuniot.com\\\/en\\\/#organization\",\"name\":\"Laurent Cuniot - Compositeur Chef d&#039;orchestre\",\"url\":\"https:\\\/\\\/www.laurent-cuniot.com\\\/en\\\/\",\"logo\":{\"@type\":\"ImageObject\",\"inLanguage\":\"en-US\",\"@id\":\"https:\\\/\\\/www.laurent-cuniot.com\\\/en\\\/#\\\/schema\\\/logo\\\/image\\\/\",\"url\":\"https:\\\/\\\/www.laurent-cuniot.com\\\/wp-content\\\/uploads\\\/2022\\\/12\\\/Home2022-partition.jpg\",\"contentUrl\":\"https:\\\/\\\/www.laurent-cuniot.com\\\/wp-content\\\/uploads\\\/2022\\\/12\\\/Home2022-partition.jpg\",\"width\":1600,\"height\":900,\"caption\":\"Laurent Cuniot - Compositeur Chef d&#039;orchestre\"},\"image\":{\"@id\":\"https:\\\/\\\/www.laurent-cuniot.com\\\/en\\\/#\\\/schema\\\/logo\\\/image\\\/\"},\"sameAs\":[\"https:\\\/\\\/soundcloud.com\\\/laurent-cuniot\"]}]}<\/script>\n<!-- \/ Yoast SEO plugin. -->","yoast_head_json":{"title":"Meteora - Laurent Cuniot - Compositeur Chef d&#039;orchestre","robots":{"index":"index","follow":"follow","max-snippet":"max-snippet:-1","max-image-preview":"max-image-preview:large","max-video-preview":"max-video-preview:-1"},"canonical":"https:\/\/www.laurent-cuniot.com\/en\/meteora-2\/","og_locale":"en_US","og_type":"article","og_title":"Meteora - Laurent Cuniot - Compositeur Chef d&#039;orchestre","og_description":"Meteora Back to worksVoices and Instrumental Set Soprano, mezzo, haute-contre, t\u00e9nor, baryton, basse et 2synth\u00e9tiseurs &nbsp; Text Jocelyne B\u00e9guery &nbsp; Timing 11 min &nbsp; Date of creation 21 \/02\/1982Maison de Radio-France, ParisAtelier des ch\u0153urs de Radio-France, trio TM+, direction Guy Reibel &nbsp; Contacts Laurent Cuniot. In\u00e9dit","og_url":"https:\/\/www.laurent-cuniot.com\/en\/meteora-2\/","og_site_name":"Laurent Cuniot - Compositeur Chef d&#039;orchestre","article_modified_time":"2023-01-07T12:29:06+00:00","twitter_card":"summary_large_image","twitter_misc":{"Est. reading time":"1 minute"},"schema":{"@context":"https:\/\/schema.org","@graph":[{"@type":"WebPage","@id":"https:\/\/www.laurent-cuniot.com\/en\/meteora-2\/","url":"https:\/\/www.laurent-cuniot.com\/en\/meteora-2\/","name":"Meteora - Laurent Cuniot - Compositeur Chef d&#039;orchestre","isPartOf":{"@id":"https:\/\/www.laurent-cuniot.com\/en\/#website"},"datePublished":"2023-01-07T12:27:48+00:00","dateModified":"2023-01-07T12:29:06+00:00","breadcrumb":{"@id":"https:\/\/www.laurent-cuniot.com\/en\/meteora-2\/#breadcrumb"},"inLanguage":"en-US","potentialAction":[{"@type":"ReadAction","target":["https:\/\/www.laurent-cuniot.com\/en\/meteora-2\/"]}]},{"@type":"BreadcrumbList","@id":"https:\/\/www.laurent-cuniot.com\/en\/meteora-2\/#breadcrumb","itemListElement":[{"@type":"ListItem","position":1,"name":"Accueil","item":"https:\/\/www.laurent-cuniot.com\/en\/"},{"@type":"ListItem","position":2,"name":"Meteora"}]},{"@type":"WebSite","@id":"https:\/\/www.laurent-cuniot.com\/en\/#website","url":"https:\/\/www.laurent-cuniot.com\/en\/","name":"Laurent Cuniot - Compositeur Chef d&#039;orchestre","description":"","publisher":{"@id":"https:\/\/www.laurent-cuniot.com\/en\/#organization"},"potentialAction":[{"@type":"SearchAction","target":{"@type":"EntryPoint","urlTemplate":"https:\/\/www.laurent-cuniot.com\/en\/?s={search_term_string}"},"query-input":{"@type":"PropertyValueSpecification","valueRequired":true,"valueName":"search_term_string"}}],"inLanguage":"en-US"},{"@type":"Organization","@id":"https:\/\/www.laurent-cuniot.com\/en\/#organization","name":"Laurent Cuniot - Compositeur Chef d&#039;orchestre","url":"https:\/\/www.laurent-cuniot.com\/en\/","logo":{"@type":"ImageObject","inLanguage":"en-US","@id":"https:\/\/www.laurent-cuniot.com\/en\/#\/schema\/logo\/image\/","url":"https:\/\/www.laurent-cuniot.com\/wp-content\/uploads\/2022\/12\/Home2022-partition.jpg","contentUrl":"https:\/\/www.laurent-cuniot.com\/wp-content\/uploads\/2022\/12\/Home2022-partition.jpg","width":1600,"height":900,"caption":"Laurent Cuniot - Compositeur Chef d&#039;orchestre"},"image":{"@id":"https:\/\/www.laurent-cuniot.com\/en\/#\/schema\/logo\/image\/"},"sameAs":["https:\/\/soundcloud.com\/laurent-cuniot"]}]}},"_links":{"self":[{"href":"https:\/\/www.laurent-cuniot.com\/en\/wp-json\/wp\/v2\/pages\/790","targetHints":{"allow":["GET"]}}],"collection":[{"href":"https:\/\/www.laurent-cuniot.com\/en\/wp-json\/wp\/v2\/pages"}],"about":[{"href":"https:\/\/www.laurent-cuniot.com\/en\/wp-json\/wp\/v2\/types\/page"}],"author":[{"embeddable":true,"href":"https:\/\/www.laurent-cuniot.com\/en\/wp-json\/wp\/v2\/users\/1"}],"replies":[{"embeddable":true,"href":"https:\/\/www.laurent-cuniot.com\/en\/wp-json\/wp\/v2\/comments?post=790"}],"version-history":[{"count":3,"href":"https:\/\/www.laurent-cuniot.com\/en\/wp-json\/wp\/v2\/pages\/790\/revisions"}],"predecessor-version":[{"id":794,"href":"https:\/\/www.laurent-cuniot.com\/en\/wp-json\/wp\/v2\/pages\/790\/revisions\/794"}],"wp:attachment":[{"href":"https:\/\/www.laurent-cuniot.com\/en\/wp-json\/wp\/v2\/media?parent=790"}],"curies":[{"name":"wp","href":"https:\/\/api.w.org\/{rel}","templated":true}]}}