{"id":719,"date":"2022-12-03T10:17:18","date_gmt":"2022-12-03T09:17:18","guid":{"rendered":"https:\/\/www.laurent-cuniot.com\/?page_id=719"},"modified":"2023-01-07T18:18:11","modified_gmt":"2023-01-07T17:18:11","slug":"des-petales-dans-la-bouche-3","status":"publish","type":"page","link":"https:\/\/www.laurent-cuniot.com\/en\/des-petales-dans-la-bouche-3\/","title":{"rendered":"Des p\u00e9tales dans la bouche"},"content":{"rendered":"<p>[et_pb_section fb_built=&#8221;1&#8243; _builder_version=&#8221;4.18.0&#8243; _module_preset=&#8221;default&#8221; custom_padding=&#8221;20px||||false|false&#8221; animation_style=&#8221;fade&#8221; global_colors_info=&#8221;{}&#8221;][et_pb_row _builder_version=&#8221;4.18.0&#8243; _module_preset=&#8221;default&#8221; global_colors_info=&#8221;{}&#8221;][et_pb_column type=&#8221;4_4&#8243; _builder_version=&#8221;4.18.0&#8243; _module_preset=&#8221;default&#8221; global_colors_info=&#8221;{}&#8221;][et_pb_text _builder_version=&#8221;4.18.0&#8243; _module_preset=&#8221;default&#8221; global_colors_info=&#8221;{}&#8221;]<\/p>\n<h1>Des p\u00e9tales dans la bouche<\/h1>\n<p>[\/et_pb_text][\/et_pb_column][\/et_pb_row][et_pb_row column_structure=&#8221;2_3,1_3&#8243; _builder_version=&#8221;4.18.0&#8243; _module_preset=&#8221;default&#8221; custom_padding=&#8221;0px||||false|false&#8221; global_colors_info=&#8221;{}&#8221;][et_pb_column type=&#8221;2_3&#8243; _builder_version=&#8221;4.18.0&#8243; _module_preset=&#8221;default&#8221; global_colors_info=&#8221;{}&#8221;][et_pb_image src=&#8221;https:\/\/www.laurent-cuniot.com\/wp-content\/uploads\/2023\/01\/des-petales-dans-la-bouche.jpg&#8221; title_text=&#8221;des-petales-dans-la-bouche&#8221; align=&#8221;center&#8221; _builder_version=&#8221;4.18.0&#8243; _module_preset=&#8221;default&#8221; custom_padding=&#8221;38px||||false|false&#8221; global_colors_info=&#8221;{}&#8221;][\/et_pb_image][et_pb_video src=&#8221;http:\/\/www.tmplus.org\/web\/wp-content\/uploads\/2011\/12\/petales.mp4&#8243; _builder_version=&#8221;4.18.0&#8243; _module_preset=&#8221;default&#8221; global_colors_info=&#8221;{}&#8221;][\/et_pb_video][et_pb_text _builder_version=&#8221;4.18.0&#8243; _module_preset=&#8221;default&#8221; global_colors_info=&#8221;{}&#8221;]<\/p>\n<p style=\"text-align: right;\"><a href=\"https:\/\/www.laurent-cuniot.com\/en\/works\/\">Back to works<\/a><\/p>\n<p>[\/et_pb_text][\/et_pb_column][et_pb_column type=&#8221;1_3&#8243; _builder_version=&#8221;4.18.0&#8243; _module_preset=&#8221;default&#8221; global_colors_info=&#8221;{}&#8221;][et_pb_image src=&#8221;https:\/\/www.laurent-cuniot.com\/wp-content\/uploads\/2022\/12\/petales1.jpg&#8221; title_text=&#8221;petales1&#8243; _builder_version=&#8221;4.18.0&#8243; _module_preset=&#8221;default&#8221; custom_margin=&#8221;36px||||false|false&#8221; global_colors_info=&#8221;{}&#8221;][\/et_pb_image][et_pb_text _builder_version=&#8221;4.18.0&#8243; _module_preset=&#8221;default&#8221; header_4_line_height=&#8221;0em&#8221; custom_padding=&#8221;7px||||false|false&#8221; hover_enabled=&#8221;0&#8243; global_colors_info=&#8221;{}&#8221; sticky_enabled=&#8221;0&#8243;]<\/p>\n<h4>Voices and Instrumental Set<\/h4>\n<p>Mezzo-soprano et ensemble<br \/>1 fl (+picc-flA). 1 hbs (+ca). 2 clar (+mib-basse)<br \/>2 cors\/perc\/hpe\/cordes 2221<\/p>\n<p>&nbsp;<\/p>\n<h4>Libretto<\/h4>\n<p>Maryline Desbiolles<\/p>\n<p>&nbsp;<\/p>\n<h4>Timing<\/h4>\n<p>50 min<\/p>\n<p>&nbsp;<\/p>\n<h4>Date of creation<\/h4>\n<p>18\/05\/2011<br \/>Maison de la musique de Nanterre<br \/>Sylvia Vadimova mezzo, ensemble TM+,<br \/>direction Laurent Cuniot.<\/p>\n<p>&nbsp;<\/p>\n<h4>Sponsors<\/h4>\n<p>Ensemble TM+<\/p>\n<p>&nbsp;<\/p>\n<h4>Contacts<\/h4>\n<p>Editions Billaudot<br \/>14 rue de l\u2019Echiquier &#8211; 75010 Paris<br \/>Tel : +33 (0)1 45 23 22 54<br \/><a href=\"http:\/\/www.billaudot.com\">www.billaudot.com<\/a><\/p>\n<p>&nbsp;<\/p>\n<h4>Partition<\/h4>\n<p><a href=\"https:\/\/www.laurent-cuniot.com\/wp-content\/uploads\/2022\/12\/Des-petales-dans-la-bouche.pdf\" target=\"_blank\" rel=\"attachment noopener wp-att-231\">Score Sample in PDF<\/a><\/p>\n<p>[\/et_pb_text][et_pb_image src=&#8221;https:\/\/www.laurent-cuniot.com\/wp-content\/uploads\/2022\/12\/petales4.jpg&#8221; title_text=&#8221;petales4&#8243; _builder_version=&#8221;4.18.0&#8243; _module_preset=&#8221;default&#8221; global_colors_info=&#8221;{}&#8221;][\/et_pb_image][et_pb_image src=&#8221;https:\/\/www.laurent-cuniot.com\/wp-content\/uploads\/2022\/12\/petale-final.jpg&#8221; title_text=&#8221;petale-final&#8221; _builder_version=&#8221;4.18.0&#8243; _module_preset=&#8221;default&#8221; global_colors_info=&#8221;{}&#8221;][\/et_pb_image][\/et_pb_column][\/et_pb_row][\/et_pb_section]<\/p>\n","protected":false},"excerpt":{"rendered":"<p>Des p\u00e9tales dans la bouche Back to worksVoices and Instrumental Set Mezzo-soprano et ensemble1 fl (+picc-flA). 1 hbs (+ca). 2 clar (+mib-basse)2 cors\/perc\/hpe\/cordes 2221 &nbsp; Libretto Maryline Desbiolles &nbsp; Timing 50 min &nbsp; Date of creation 18\/05\/2011Maison de la musique de NanterreSylvia Vadimova mezzo, ensemble TM+,direction Laurent Cuniot. &nbsp; Sponsors Ensemble TM+ &nbsp; Contacts Editions [&hellip;]<\/p>\n","protected":false},"author":1,"featured_media":0,"parent":0,"menu_order":0,"comment_status":"closed","ping_status":"closed","template":"","meta":{"_et_pb_use_builder":"on","_et_pb_old_content":"<p>[et_pb_section fb_built=\"1\" _builder_version=\"4.18.0\" _module_preset=\"default\" custom_padding=\"20px||||false|false\" animation_style=\"fade\" global_colors_info=\"{}\"][et_pb_row _builder_version=\"4.18.0\" _module_preset=\"default\" global_colors_info=\"{}\"][et_pb_column type=\"4_4\" _builder_version=\"4.18.0\" _module_preset=\"default\" global_colors_info=\"{}\"][et_pb_text _builder_version=\"4.18.0\" _module_preset=\"default\" global_colors_info=\"{}\"]<\/p><h1>Des p\u00e9tales dans la bouche<\/h1><p>[\/et_pb_text][\/et_pb_column][\/et_pb_row][et_pb_row column_structure=\"2_3,1_3\" _builder_version=\"4.18.0\" _module_preset=\"default\" custom_padding=\"0px||||false|false\" global_colors_info=\"{}\"][et_pb_column type=\"2_3\" _builder_version=\"4.18.0\" _module_preset=\"default\" global_colors_info=\"{}\"][et_pb_text _builder_version=\"4.18.0\" _module_preset=\"default\" custom_padding=\"0px|||||\" global_colors_info=\"{}\"]<\/p><h3 style=\"text-align: justify;\">NOTE D\u2019INTENTION<\/h3><p style=\"text-align: justify;\"><img class=\"wp-image-195 alignleft size-full\" src=\"https:\/\/www.laurent-cuniot.com\/wp-content\/uploads\/2022\/12\/des-petales-dans-la-bouche-231x300-1.jpg\" alt=\"\" width=\"231\" height=\"300\" \/>J\u2019ai choisi la forme du monodrame parce qu\u2019elle permet de r\u00e9unir la musique et la po\u00e9sie au c\u0153ur m\u00eame d\u2019une dramaturgie. L\u2019absence d\u2019artifices, impos\u00e9e par la pr\u00e9sence d\u2019un personnage unique dont le spectateur va partager une parcelle de vie, comporte une certaine fragilit\u00e9 qui est aussi une force : elle est une cl\u00e9 qui peut ouvrir sur une \u00e9motion rare.<\/p><p style=\"text-align: justify;\">Des p\u00e9tales dans la bouche met en sc\u00e8ne, en un prologue et cinq tableaux encha\u00een\u00e9s, une femme aux prises avec sa voix perdue. Cette qu\u00eate, \u00e0 travers diff\u00e9rents lieux (un taxi, un caf\u00e9, sa chambre, sa campagne), la conduit en Italie sur les pas de ses beaux et grands-oncles o\u00f9 le souvenir, la langue retrouv\u00e9e et une rencontre lui rendront sa voix \u00ab charriant des mots pas encore us\u00e9s, des mots de torrent qui brillent avec l\u2019accent \u00e9tranger les soulevant d\u2019entre les eaux \u00bb.<\/p><p style=\"text-align: justify;\">Cinq gestes musicaux incarn\u00e9s dans le mouvement, la rumeur (le bruit), l\u2019angoisse du sommeil qui se refuse, la nature lumineuse et enfin l\u2019accomplissement d\u2019un trajet, cinq moments contrast\u00e9s avec en filigrane les tourments de la sexualit\u00e9 et de la mort.<\/p><p style=\"text-align: justify;\">Une chanteuse et quinze instrumentistes : ces derniers plac\u00e9s en fosse. Mais dans le prologue l\u2019altiste soliste (f\u00e9minine) est sur sc\u00e8ne, tel un double instrumental pr\u00e9figurant le personnage, comme le fl\u00fbtiste et le clarinettiste dans le troisi\u00e8me mouvement (sommeil) qui \u00ab encadrent \u00bb la chanteuse avant d\u2019\u00eatre rejoints par les deux cornistes dans le cinqui\u00e8me et dernier tableau : tous les quatre \u00e9voquent alors cette tabl\u00e9e d\u2019hommes rencontr\u00e9e au hasard d\u2019une trattoria et qui sera une sorte de d\u00e9clic dans le voyage de cette femme vers elle-m\u00eame.<\/p><p style=\"text-align: justify;\">Des p\u00e9tales dans la bouche s\u2019est \u00e9crit \u00e0 partir de la rencontre entre son interpr\u00e8te Sylvia Vadimova, son auteur Maryline Desbiolles et moi-m\u00eame; comme dans un jeu de miroirs, sorte de billard \u00e0 trois bandes o\u00f9 les sensibilit\u00e9s, les histoires de chacun se croisent pour se fondre en un personnage singulier. Mais d\u2019une singularit\u00e9 que nous avons tous en partage \u00e0 travers la parole et le chant.<\/p><p>LC<\/p><p style=\"text-align: justify;\">--------<\/p><h3>A PROPOS DES PETALES DANS LA BOUCHE par Didier Lamare<\/h3><p style=\"text-align: justify;\">Des p\u00e9tales dans la bouche est un op\u00e9ra \u00e0 une voix. De femme. D\u2019une femme, justement, \u00e0 la recherche de sa voix, perdue. Voix aux multiples r\u00e9sonances d\u2019une femme aux multiples incarnations, c\u2019est, si l\u2019on ose dire, chacune d\u2019entre nous : elle revient sur ses pas, refait le chemin pour rompre le silence et renouer avec son chant intime.<br \/>Voix perdue, voix retrouv\u00e9e : les apparences de l\u2019argument \u2013 le pitch comme on dit de nos jours pour r\u00e9duire \u00e0 rien le moindre effort de complexit\u00e9 \u2013 ne disent rien de ce qui est en jeu. Perdre sa voix ? Oh, c\u2019est bien peu de chose, c\u2019est perdre ses amours, son pouvoir de s\u00e9duction, son corps, c\u2019est vieillir loin de son enfance, se dess\u00e9cher comme un vieil arbre, mourir de silence\u2026 Le drame n\u2019est pas cosm\u00e9tique ; en une heure et l\u2019air de rien, il touche aux sujets essentiels \u2013 ils ne sont pas si nombreux : la vie, la mort, l\u2019amour, ce qui nous constitue, ce qui nous grandit, ce qui nous tue et ce qui nous sauve.<\/p><p style=\"text-align: justify;\">Mais tout cela \u00ab sans affectation \u00bb, comme on le chante chez Debussy. Parce que cette musique a une saveur rare et pr\u00e9cieuse : elle est toujours musique de lumi\u00e8re, m\u00eame dans les ombres, musique qui respire, avance et s\u2019\u00e9l\u00e8ve ; expressive et jamais d\u00e9pressive, lyrique mais jamais cynique. Avec m\u00eame, chez cette femme dont le chant ne se refuse rien puisqu\u2019elle en attend tout, une certaine qualit\u00e9 d\u2019humour, entre d\u00e9rision, politesse du d\u00e9sespoir et joie \u00e9clatante. Une ardente l\u00e9g\u00e8ret\u00e9 dont l\u2019influence tient sans doute aux p\u00e9tales du titre \u2013 ceux d\u2019un prunier \u2013 qui volent \u00e7a et l\u00e0 comme un leitmotiv po\u00e9tique : souvenir d\u2019enfance, neige virginale, blancheur de linceul, gourmandise italienne voire sensualit\u00e9 du toucher de la peau et le reste qui s\u2019ensuit\u2026<\/p><p style=\"text-align: justify;\">Dans cette \u00e9criture musicale, l\u2019art de la chanteuse \u2013 qui, elle, n\u2019a pas perdu sa voix \u2013 est d\u2019en user comme si ; c\u2019est l\u2019art de ne pas chanter beau mais de chanter vrai, comme on parle, comme on geint, comme on crie. D\u2019user de couleurs infiniment vari\u00e9es. D\u2019oser l\u2019\u00e9l\u00e9gance de la retenue. De jouer avec les timbres, incroyablement jeune ici, mutine, voix d\u2019enfance presque ; l\u00e0, cri soudain, d\u00e9ploy\u00e9 ; entre les deux, sur une ligne m\u00e9lodique pourtant tellement propice au bel canto, de parier sur le fredonnement ; ou bien encore de livrer le nu d\u2019un mot, d\u2019une phrase, en les faisant bruisser comme des pas sur le gravier.<\/p><p style=\"text-align: justify;\">Mais quand on a dit cela, on n\u2019a rien dit. Et c\u2019est tant mieux parce qu\u2019il faut \u00eatre bien pr\u00e9somptueux pour \u00e9crire sur un op\u00e9ra ; bien aventureux pour faire l\u2019\u00e9quilibriste sur les pointes d\u2019un triangle o\u00f9 gravitent le compositeur, la librettiste et la chanteuse ; bien glouton surtout pour aller en rajouter dans ce millefeuille.<\/p><p>[\/et_pb_text][et_pb_video src=\"http:\/\/www.tmplus.org\/web\/wp-content\/uploads\/2011\/12\/petales.mp4\" _builder_version=\"4.18.0\" _module_preset=\"default\" global_colors_info=\"{}\"][\/et_pb_video][et_pb_text _builder_version=\"4.18.0\" _module_preset=\"default\" global_colors_info=\"{}\"]<\/p><p style=\"text-align: right;\"><a href=\"https:\/\/www.laurent-cuniot.com\/index-des-oeuvres\/\">Retour \u00e0 l\u2019index des \u0153uvres<\/a><\/p><p>[\/et_pb_text][\/et_pb_column][et_pb_column type=\"1_3\" _builder_version=\"4.18.0\" _module_preset=\"default\" global_colors_info=\"{}\"][et_pb_image src=\"https:\/\/www.laurent-cuniot.com\/wp-content\/uploads\/2022\/12\/petales1.jpg\" title_text=\"petales1\" _builder_version=\"4.18.0\" _module_preset=\"default\" custom_margin=\"36px||||false|false\" global_colors_info=\"{}\"][\/et_pb_image][et_pb_text _builder_version=\"4.18.0\" _module_preset=\"default\" header_4_line_height=\"0em\" hover_enabled=\"0\" global_colors_info=\"{}\" sticky_enabled=\"0\" custom_padding=\"7px||||false|false\"]<\/p><h4>Effectif vocal et instrumental<\/h4><p>Mezzo-soprano et ensemble<br \/>1 fl (+picc-flA). 1 hbs (+ca). 2 clar (+mib-basse)<br \/>2 cors\/perc\/hpe\/cordes 2221<\/p><p>\u00a0<\/p><h4>Livret<\/h4><p>Maryline Desbiolles<\/p><p>\u00a0<\/p><h4>Dur\u00e9e<\/h4><p>50 min<\/p><p>\u00a0<\/p><h4>Cr\u00e9ation<\/h4><p>18\/05\/2011<br \/>Maison de la musique de Nanterre<br \/>Sylvia Vadimova mezzo, ensemble TM+,<br \/>direction Laurent Cuniot.<\/p><p>\u00a0<\/p><h4>Commanditaire<\/h4><p>Ensemble TM+<\/p><p>\u00a0<\/p><h4>Contacts<\/h4><p>Editions Billaudot<br \/>14 rue de l\u2019Echiquier - 75010 Paris<br \/>Tel : +33 (0)1 45 23 22 54<br \/><a href=\"http:\/\/www.billaudot.com\">www.billaudot.com<\/a><\/p><p>\u00a0<\/p><h4>Partition<\/h4><p><a href=\"https:\/\/www.laurent-cuniot.com\/wp-content\/uploads\/2022\/12\/Des-petales-dans-la-bouche.pdf\" target=\"_blank\" rel=\"attachment noopener wp-att-231\">Voir un extrait de la partition en PDF<\/a><\/p><p>[\/et_pb_text][et_pb_image src=\"https:\/\/www.laurent-cuniot.com\/wp-content\/uploads\/2022\/12\/petales4.jpg\" title_text=\"petales4\" _builder_version=\"4.18.0\" _module_preset=\"default\" global_colors_info=\"{}\"][\/et_pb_image][et_pb_image src=\"https:\/\/www.laurent-cuniot.com\/wp-content\/uploads\/2022\/12\/petale-final.jpg\" title_text=\"petale-final\" _builder_version=\"4.18.0\" _module_preset=\"default\" global_colors_info=\"{}\"][\/et_pb_image][\/et_pb_column][\/et_pb_row][\/et_pb_section]<\/p>","_et_gb_content_width":"","footnotes":""},"class_list":["post-719","page","type-page","status-publish","hentry"],"yoast_head":"<!-- This site is optimized with the Yoast SEO plugin v27.5 - https:\/\/yoast.com\/product\/yoast-seo-wordpress\/ -->\n<title>Des p\u00e9tales dans la bouche - Laurent Cuniot - Compositeur Chef d&#039;orchestre<\/title>\n<meta name=\"robots\" content=\"index, follow, max-snippet:-1, max-image-preview:large, max-video-preview:-1\" \/>\n<link rel=\"canonical\" href=\"https:\/\/www.laurent-cuniot.com\/en\/des-petales-dans-la-bouche-3\/\" \/>\n<meta property=\"og:locale\" content=\"en_US\" \/>\n<meta property=\"og:type\" content=\"article\" \/>\n<meta property=\"og:title\" content=\"Des p\u00e9tales dans la bouche - Laurent Cuniot - Compositeur Chef d&#039;orchestre\" \/>\n<meta property=\"og:description\" content=\"Des p\u00e9tales dans la bouche Back to worksVoices and Instrumental Set Mezzo-soprano et ensemble1 fl (+picc-flA). 1 hbs (+ca). 2 clar (+mib-basse)2 cors\/perc\/hpe\/cordes 2221 &nbsp; Libretto Maryline Desbiolles &nbsp; Timing 50 min &nbsp; Date of creation 18\/05\/2011Maison de la musique de NanterreSylvia Vadimova mezzo, ensemble TM+,direction Laurent Cuniot. &nbsp; Sponsors Ensemble TM+ &nbsp; Contacts Editions [&hellip;]\" \/>\n<meta property=\"og:url\" content=\"https:\/\/www.laurent-cuniot.com\/en\/des-petales-dans-la-bouche-3\/\" \/>\n<meta property=\"og:site_name\" content=\"Laurent Cuniot - Compositeur Chef d&#039;orchestre\" \/>\n<meta property=\"article:modified_time\" content=\"2023-01-07T17:18:11+00:00\" \/>\n<meta name=\"twitter:card\" content=\"summary_large_image\" \/>\n<meta name=\"twitter:label1\" content=\"Est. reading time\" \/>\n\t<meta name=\"twitter:data1\" content=\"6 minutes\" \/>\n<script type=\"application\/ld+json\" class=\"yoast-schema-graph\">{\"@context\":\"https:\\\/\\\/schema.org\",\"@graph\":[{\"@type\":\"WebPage\",\"@id\":\"https:\\\/\\\/www.laurent-cuniot.com\\\/en\\\/des-petales-dans-la-bouche-3\\\/\",\"url\":\"https:\\\/\\\/www.laurent-cuniot.com\\\/en\\\/des-petales-dans-la-bouche-3\\\/\",\"name\":\"Des p\u00e9tales dans la bouche - Laurent Cuniot - Compositeur Chef d&#039;orchestre\",\"isPartOf\":{\"@id\":\"https:\\\/\\\/www.laurent-cuniot.com\\\/en\\\/#website\"},\"datePublished\":\"2022-12-03T09:17:18+00:00\",\"dateModified\":\"2023-01-07T17:18:11+00:00\",\"breadcrumb\":{\"@id\":\"https:\\\/\\\/www.laurent-cuniot.com\\\/en\\\/des-petales-dans-la-bouche-3\\\/#breadcrumb\"},\"inLanguage\":\"en-US\",\"potentialAction\":[{\"@type\":\"ReadAction\",\"target\":[\"https:\\\/\\\/www.laurent-cuniot.com\\\/en\\\/des-petales-dans-la-bouche-3\\\/\"]}]},{\"@type\":\"BreadcrumbList\",\"@id\":\"https:\\\/\\\/www.laurent-cuniot.com\\\/en\\\/des-petales-dans-la-bouche-3\\\/#breadcrumb\",\"itemListElement\":[{\"@type\":\"ListItem\",\"position\":1,\"name\":\"Accueil\",\"item\":\"https:\\\/\\\/www.laurent-cuniot.com\\\/en\\\/\"},{\"@type\":\"ListItem\",\"position\":2,\"name\":\"Des p\u00e9tales dans la bouche\"}]},{\"@type\":\"WebSite\",\"@id\":\"https:\\\/\\\/www.laurent-cuniot.com\\\/en\\\/#website\",\"url\":\"https:\\\/\\\/www.laurent-cuniot.com\\\/en\\\/\",\"name\":\"Laurent Cuniot - Compositeur Chef d&#039;orchestre\",\"description\":\"\",\"publisher\":{\"@id\":\"https:\\\/\\\/www.laurent-cuniot.com\\\/en\\\/#organization\"},\"potentialAction\":[{\"@type\":\"SearchAction\",\"target\":{\"@type\":\"EntryPoint\",\"urlTemplate\":\"https:\\\/\\\/www.laurent-cuniot.com\\\/en\\\/?s={search_term_string}\"},\"query-input\":{\"@type\":\"PropertyValueSpecification\",\"valueRequired\":true,\"valueName\":\"search_term_string\"}}],\"inLanguage\":\"en-US\"},{\"@type\":\"Organization\",\"@id\":\"https:\\\/\\\/www.laurent-cuniot.com\\\/en\\\/#organization\",\"name\":\"Laurent Cuniot - Compositeur Chef d&#039;orchestre\",\"url\":\"https:\\\/\\\/www.laurent-cuniot.com\\\/en\\\/\",\"logo\":{\"@type\":\"ImageObject\",\"inLanguage\":\"en-US\",\"@id\":\"https:\\\/\\\/www.laurent-cuniot.com\\\/en\\\/#\\\/schema\\\/logo\\\/image\\\/\",\"url\":\"https:\\\/\\\/www.laurent-cuniot.com\\\/wp-content\\\/uploads\\\/2022\\\/12\\\/Home2022-partition.jpg\",\"contentUrl\":\"https:\\\/\\\/www.laurent-cuniot.com\\\/wp-content\\\/uploads\\\/2022\\\/12\\\/Home2022-partition.jpg\",\"width\":1600,\"height\":900,\"caption\":\"Laurent Cuniot - Compositeur Chef d&#039;orchestre\"},\"image\":{\"@id\":\"https:\\\/\\\/www.laurent-cuniot.com\\\/en\\\/#\\\/schema\\\/logo\\\/image\\\/\"},\"sameAs\":[\"https:\\\/\\\/soundcloud.com\\\/laurent-cuniot\"]}]}<\/script>\n<!-- \/ Yoast SEO plugin. -->","yoast_head_json":{"title":"Des p\u00e9tales dans la bouche - Laurent Cuniot - Compositeur Chef d&#039;orchestre","robots":{"index":"index","follow":"follow","max-snippet":"max-snippet:-1","max-image-preview":"max-image-preview:large","max-video-preview":"max-video-preview:-1"},"canonical":"https:\/\/www.laurent-cuniot.com\/en\/des-petales-dans-la-bouche-3\/","og_locale":"en_US","og_type":"article","og_title":"Des p\u00e9tales dans la bouche - Laurent Cuniot - Compositeur Chef d&#039;orchestre","og_description":"Des p\u00e9tales dans la bouche Back to worksVoices and Instrumental Set Mezzo-soprano et ensemble1 fl (+picc-flA). 1 hbs (+ca). 2 clar (+mib-basse)2 cors\/perc\/hpe\/cordes 2221 &nbsp; Libretto Maryline Desbiolles &nbsp; Timing 50 min &nbsp; Date of creation 18\/05\/2011Maison de la musique de NanterreSylvia Vadimova mezzo, ensemble TM+,direction Laurent Cuniot. &nbsp; Sponsors Ensemble TM+ &nbsp; Contacts Editions [&hellip;]","og_url":"https:\/\/www.laurent-cuniot.com\/en\/des-petales-dans-la-bouche-3\/","og_site_name":"Laurent Cuniot - Compositeur Chef d&#039;orchestre","article_modified_time":"2023-01-07T17:18:11+00:00","twitter_card":"summary_large_image","twitter_misc":{"Est. reading time":"6 minutes"},"schema":{"@context":"https:\/\/schema.org","@graph":[{"@type":"WebPage","@id":"https:\/\/www.laurent-cuniot.com\/en\/des-petales-dans-la-bouche-3\/","url":"https:\/\/www.laurent-cuniot.com\/en\/des-petales-dans-la-bouche-3\/","name":"Des p\u00e9tales dans la bouche - Laurent Cuniot - Compositeur Chef d&#039;orchestre","isPartOf":{"@id":"https:\/\/www.laurent-cuniot.com\/en\/#website"},"datePublished":"2022-12-03T09:17:18+00:00","dateModified":"2023-01-07T17:18:11+00:00","breadcrumb":{"@id":"https:\/\/www.laurent-cuniot.com\/en\/des-petales-dans-la-bouche-3\/#breadcrumb"},"inLanguage":"en-US","potentialAction":[{"@type":"ReadAction","target":["https:\/\/www.laurent-cuniot.com\/en\/des-petales-dans-la-bouche-3\/"]}]},{"@type":"BreadcrumbList","@id":"https:\/\/www.laurent-cuniot.com\/en\/des-petales-dans-la-bouche-3\/#breadcrumb","itemListElement":[{"@type":"ListItem","position":1,"name":"Accueil","item":"https:\/\/www.laurent-cuniot.com\/en\/"},{"@type":"ListItem","position":2,"name":"Des p\u00e9tales dans la bouche"}]},{"@type":"WebSite","@id":"https:\/\/www.laurent-cuniot.com\/en\/#website","url":"https:\/\/www.laurent-cuniot.com\/en\/","name":"Laurent Cuniot - Compositeur Chef d&#039;orchestre","description":"","publisher":{"@id":"https:\/\/www.laurent-cuniot.com\/en\/#organization"},"potentialAction":[{"@type":"SearchAction","target":{"@type":"EntryPoint","urlTemplate":"https:\/\/www.laurent-cuniot.com\/en\/?s={search_term_string}"},"query-input":{"@type":"PropertyValueSpecification","valueRequired":true,"valueName":"search_term_string"}}],"inLanguage":"en-US"},{"@type":"Organization","@id":"https:\/\/www.laurent-cuniot.com\/en\/#organization","name":"Laurent Cuniot - Compositeur Chef d&#039;orchestre","url":"https:\/\/www.laurent-cuniot.com\/en\/","logo":{"@type":"ImageObject","inLanguage":"en-US","@id":"https:\/\/www.laurent-cuniot.com\/en\/#\/schema\/logo\/image\/","url":"https:\/\/www.laurent-cuniot.com\/wp-content\/uploads\/2022\/12\/Home2022-partition.jpg","contentUrl":"https:\/\/www.laurent-cuniot.com\/wp-content\/uploads\/2022\/12\/Home2022-partition.jpg","width":1600,"height":900,"caption":"Laurent Cuniot - Compositeur Chef d&#039;orchestre"},"image":{"@id":"https:\/\/www.laurent-cuniot.com\/en\/#\/schema\/logo\/image\/"},"sameAs":["https:\/\/soundcloud.com\/laurent-cuniot"]}]}},"_links":{"self":[{"href":"https:\/\/www.laurent-cuniot.com\/en\/wp-json\/wp\/v2\/pages\/719","targetHints":{"allow":["GET"]}}],"collection":[{"href":"https:\/\/www.laurent-cuniot.com\/en\/wp-json\/wp\/v2\/pages"}],"about":[{"href":"https:\/\/www.laurent-cuniot.com\/en\/wp-json\/wp\/v2\/types\/page"}],"author":[{"embeddable":true,"href":"https:\/\/www.laurent-cuniot.com\/en\/wp-json\/wp\/v2\/users\/1"}],"replies":[{"embeddable":true,"href":"https:\/\/www.laurent-cuniot.com\/en\/wp-json\/wp\/v2\/comments?post=719"}],"version-history":[{"count":4,"href":"https:\/\/www.laurent-cuniot.com\/en\/wp-json\/wp\/v2\/pages\/719\/revisions"}],"predecessor-version":[{"id":945,"href":"https:\/\/www.laurent-cuniot.com\/en\/wp-json\/wp\/v2\/pages\/719\/revisions\/945"}],"wp:attachment":[{"href":"https:\/\/www.laurent-cuniot.com\/en\/wp-json\/wp\/v2\/media?parent=719"}],"curies":[{"name":"wp","href":"https:\/\/api.w.org\/{rel}","templated":true}]}}